{"id":1279,"date":"2022-07-10T14:29:42","date_gmt":"2022-07-10T13:29:42","guid":{"rendered":"https:\/\/www.cludem.lu\/?page_id=1279"},"modified":"2026-04-27T10:13:15","modified_gmt":"2026-04-27T09:13:15","slug":"publications","status":"publish","type":"page","link":"https:\/\/www.cludem.lu\/de\/publications\/","title":{"rendered":"Publikationen"},"content":{"rendered":"<div data-elementor-type=\"wp-page\" data-elementor-id=\"1279\" class=\"elementor elementor-1279\">\n\t\t\t\t\t\t<section class=\"elementor-section elementor-top-section elementor-element elementor-element-22c8bdef elementor-section-full_width elementor-section-height-default elementor-section-height-default\" data-id=\"22c8bdef\" data-element_type=\"section\" data-settings=\"{&quot;background_background&quot;:&quot;classic&quot;}\">\n\t\t\t\t\t\t\t<div class=\"elementor-background-overlay\"><\/div>\n\t\t\t\t\t\t\t<div class=\"elementor-container elementor-column-gap-no\">\n\t\t\t\t\t<div class=\"elementor-column elementor-col-100 elementor-top-column elementor-element elementor-element-2ada0c00\" data-id=\"2ada0c00\" data-element_type=\"column\">\n\t\t\t<div class=\"elementor-widget-wrap elementor-element-populated\">\n\t\t\t\t\t\t<div class=\"elementor-element elementor-element-fff7c8d elementor-widget-mobile__width-inherit elementor-hidden-tablet elementor-hidden-mobile elementor-widget elementor-widget-image\" data-id=\"fff7c8d\" data-element_type=\"widget\" data-widget_type=\"image.default\">\n\t\t\t\t<div class=\"elementor-widget-container\">\n\t\t\t\t\t\t\t\t\t\t\t\t\t\t\t<img fetchpriority=\"high\" decoding=\"async\" width=\"1920\" height=\"338\" src=\"https:\/\/www.cludem.lu\/wp-content\/uploads\/2022\/07\/test3.png\" class=\"attachment-full size-full wp-image-975\" alt=\"\" srcset=\"https:\/\/www.cludem.lu\/wp-content\/uploads\/2022\/07\/test3.png 1920w, https:\/\/www.cludem.lu\/wp-content\/uploads\/2022\/07\/test3-300x53.png 300w, https:\/\/www.cludem.lu\/wp-content\/uploads\/2022\/07\/test3-1024x180.png 1024w, https:\/\/www.cludem.lu\/wp-content\/uploads\/2022\/07\/test3-768x135.png 768w, https:\/\/www.cludem.lu\/wp-content\/uploads\/2022\/07\/test3-1536x270.png 1536w\" sizes=\"(max-width: 1920px) 100vw, 1920px\" \/>\t\t\t\t\t\t\t\t\t\t\t\t\t\t\t<\/div>\n\t\t\t\t<\/div>\n\t\t\t\t<div class=\"elementor-element elementor-element-371e45b9 elementor-widget-mobile__width-inherit elementor-hidden-desktop elementor-widget elementor-widget-image\" data-id=\"371e45b9\" data-element_type=\"widget\" data-widget_type=\"image.default\">\n\t\t\t\t<div class=\"elementor-widget-container\">\n\t\t\t\t\t\t\t\t\t\t\t\t\t\t\t<img decoding=\"async\" width=\"1920\" height=\"466\" src=\"https:\/\/www.cludem.lu\/wp-content\/uploads\/2022\/07\/test1.png\" class=\"attachment-full size-full wp-image-911\" alt=\"\" srcset=\"https:\/\/www.cludem.lu\/wp-content\/uploads\/2022\/07\/test1.png 1920w, https:\/\/www.cludem.lu\/wp-content\/uploads\/2022\/07\/test1-300x73.png 300w, https:\/\/www.cludem.lu\/wp-content\/uploads\/2022\/07\/test1-1024x249.png 1024w, https:\/\/www.cludem.lu\/wp-content\/uploads\/2022\/07\/test1-768x186.png 768w, https:\/\/www.cludem.lu\/wp-content\/uploads\/2022\/07\/test1-1536x373.png 1536w\" sizes=\"(max-width: 1920px) 100vw, 1920px\" \/>\t\t\t\t\t\t\t\t\t\t\t\t\t\t\t<\/div>\n\t\t\t\t<\/div>\n\t\t\t\t\t<\/div>\n\t\t<\/div>\n\t\t\t\t\t<\/div>\n\t\t<\/section>\n\t\t\t\t<section class=\"elementor-section elementor-top-section elementor-element elementor-element-4bdcca01 elementor-section-boxed elementor-section-height-default elementor-section-height-default\" data-id=\"4bdcca01\" data-element_type=\"section\" data-settings=\"{&quot;background_background&quot;:&quot;classic&quot;}\">\n\t\t\t\t\t\t\t<div class=\"elementor-background-overlay\"><\/div>\n\t\t\t\t\t\t\t<div class=\"elementor-container elementor-column-gap-default\">\n\t\t\t\t\t<div class=\"elementor-column elementor-col-100 elementor-top-column elementor-element elementor-element-6d458a20\" data-id=\"6d458a20\" data-element_type=\"column\">\n\t\t\t<div class=\"elementor-widget-wrap elementor-element-populated\">\n\t\t\t\t\t\t<div class=\"elementor-element elementor-element-6e496902 elementor-widget elementor-widget-heading\" data-id=\"6e496902\" data-element_type=\"widget\" data-widget_type=\"heading.default\">\n\t\t\t\t<div class=\"elementor-widget-container\">\n\t\t\t\t\t<h2 class=\"elementor-heading-title elementor-size-default\">Ver\u00f6ffentlichungen des CLUDEM<\/h2>\t\t\t\t<\/div>\n\t\t\t\t<\/div>\n\t\t\t\t<section class=\"elementor-section elementor-inner-section elementor-element elementor-element-4f2aae28 elementor-section-boxed elementor-section-height-default elementor-section-height-default\" data-id=\"4f2aae28\" data-element_type=\"section\">\n\t\t\t\t\t\t<div class=\"elementor-container elementor-column-gap-default\">\n\t\t\t\t\t<div class=\"elementor-column elementor-col-50 elementor-inner-column elementor-element elementor-element-51307d4a\" data-id=\"51307d4a\" data-element_type=\"column\">\n\t\t\t<div class=\"elementor-widget-wrap elementor-element-populated\">\n\t\t\t\t\t\t<div class=\"elementor-element elementor-element-07729d4 elementor-widget elementor-widget-heading\" data-id=\"07729d4\" data-element_type=\"widget\" data-widget_type=\"heading.default\">\n\t\t\t\t<div class=\"elementor-widget-container\">\n\t\t\t\t\t<h4 class=\"elementor-heading-title elementor-size-default\">Tome 1<\/h4>\t\t\t\t<\/div>\n\t\t\t\t<\/div>\n\t\t\t\t<div class=\"elementor-element elementor-element-0cb0fec elementor-widget elementor-widget-heading\" data-id=\"0cb0fec\" data-element_type=\"widget\" data-widget_type=\"heading.default\">\n\t\t\t\t<div class=\"elementor-widget-container\">\n\t\t\t\t\t<p class=\"elementor-heading-title elementor-size-default\">Schueberfouer 1340-1940. Untersuchungen zu Markt, Gewerbe und Stadt in Mittelalter und Neuzeit, hrg. v. Michel Pauly, Luxemburg 1990, 152 S.\n<br><br><br>\n<b>\u00e9puis\u00e9<\/b><br><br>ISBN 2-87963-106-8<\/p>\t\t\t\t<\/div>\n\t\t\t\t<\/div>\n\t\t\t\t\t<\/div>\n\t\t<\/div>\n\t\t\t\t<div class=\"elementor-column elementor-col-50 elementor-inner-column elementor-element elementor-element-1e9e5b44\" data-id=\"1e9e5b44\" data-element_type=\"column\">\n\t\t\t<div class=\"elementor-widget-wrap elementor-element-populated\">\n\t\t\t\t\t\t<div class=\"elementor-element elementor-element-d2528b9 elementor-widget elementor-widget-image\" data-id=\"d2528b9\" data-element_type=\"widget\" data-widget_type=\"image.default\">\n\t\t\t\t<div class=\"elementor-widget-container\">\n\t\t\t\t\t\t\t\t\t\t\t\t\t\t\t<img decoding=\"async\" width=\"363\" height=\"543\" src=\"https:\/\/www.cludem.lu\/wp-content\/uploads\/2022\/07\/37289216_488597638229258_340913716314767360_n.jpeg\" class=\"attachment-full size-full wp-image-1309\" alt=\"\" srcset=\"https:\/\/www.cludem.lu\/wp-content\/uploads\/2022\/07\/37289216_488597638229258_340913716314767360_n.jpeg 363w, https:\/\/www.cludem.lu\/wp-content\/uploads\/2022\/07\/37289216_488597638229258_340913716314767360_n-201x300.jpeg 201w\" sizes=\"(max-width: 363px) 100vw, 363px\" \/>\t\t\t\t\t\t\t\t\t\t\t\t\t\t\t<\/div>\n\t\t\t\t<\/div>\n\t\t\t\t\t<\/div>\n\t\t<\/div>\n\t\t\t\t\t<\/div>\n\t\t<\/section>\n\t\t\t\t<section class=\"elementor-section elementor-inner-section elementor-element elementor-element-1cc22fe elementor-section-boxed elementor-section-height-default elementor-section-height-default\" data-id=\"1cc22fe\" data-element_type=\"section\">\n\t\t\t\t\t\t<div class=\"elementor-container elementor-column-gap-default\">\n\t\t\t\t\t<div class=\"elementor-column elementor-col-100 elementor-inner-column elementor-element elementor-element-2de421a\" data-id=\"2de421a\" data-element_type=\"column\">\n\t\t\t<div class=\"elementor-widget-wrap elementor-element-populated\">\n\t\t\t\t\t\t<div class=\"elementor-element elementor-element-008806c elementor-widget-divider--view-line elementor-widget elementor-widget-divider\" data-id=\"008806c\" data-element_type=\"widget\" data-widget_type=\"divider.default\">\n\t\t\t\t<div class=\"elementor-widget-container\">\n\t\t\t\t\t\t\t<div class=\"elementor-divider\">\n\t\t\t<span class=\"elementor-divider-separator\">\n\t\t\t\t\t\t<\/span>\n\t\t<\/div>\n\t\t\t\t\t\t<\/div>\n\t\t\t\t<\/div>\n\t\t\t\t\t<\/div>\n\t\t<\/div>\n\t\t\t\t\t<\/div>\n\t\t<\/section>\n\t\t\t\t<section class=\"elementor-section elementor-inner-section elementor-element elementor-element-b7c01a2 elementor-section-boxed elementor-section-height-default elementor-section-height-default\" data-id=\"b7c01a2\" data-element_type=\"section\">\n\t\t\t\t\t\t<div class=\"elementor-container elementor-column-gap-default\">\n\t\t\t\t\t<div class=\"elementor-column elementor-col-50 elementor-inner-column elementor-element elementor-element-2ebebfe\" data-id=\"2ebebfe\" data-element_type=\"column\">\n\t\t\t<div class=\"elementor-widget-wrap elementor-element-populated\">\n\t\t\t\t\t\t<div class=\"elementor-element elementor-element-3f16a54 elementor-widget elementor-widget-heading\" data-id=\"3f16a54\" data-element_type=\"widget\" data-widget_type=\"heading.default\">\n\t\t\t\t<div class=\"elementor-widget-container\">\n\t\t\t\t\t<h4 class=\"elementor-heading-title elementor-size-default\">Tome 2<\/h4>\t\t\t\t<\/div>\n\t\t\t\t<\/div>\n\t\t\t\t<div class=\"elementor-element elementor-element-a489b16 elementor-widget elementor-widget-heading\" data-id=\"a489b16\" data-element_type=\"widget\" data-widget_type=\"heading.default\">\n\t\t\t\t<div class=\"elementor-widget-container\">\n\t\t\t\t\t<p class=\"elementor-heading-title elementor-size-default\">\u00c9changes religieux et intellectuels du Xe au XIIIe si\u00e8cle en Haute et en Basse-Lotharingie. Actes des 5es Journ\u00e9es Lotharingiennes (Luxembourg 1988), Luxembourg, 1991, 150 p., 1 carte.\n\n\n<br><br><br>\n<b>\u00e9puis\u00e9<\/b><br><br><\/p>\t\t\t\t<\/div>\n\t\t\t\t<\/div>\n\t\t\t\t\t<\/div>\n\t\t<\/div>\n\t\t\t\t<div class=\"elementor-column elementor-col-50 elementor-inner-column elementor-element elementor-element-fb9570c\" data-id=\"fb9570c\" data-element_type=\"column\">\n\t\t\t<div class=\"elementor-widget-wrap elementor-element-populated\">\n\t\t\t\t\t\t\t<\/div>\n\t\t<\/div>\n\t\t\t\t\t<\/div>\n\t\t<\/section>\n\t\t\t\t<section class=\"elementor-section elementor-inner-section elementor-element elementor-element-608dc73 elementor-section-boxed elementor-section-height-default elementor-section-height-default\" data-id=\"608dc73\" data-element_type=\"section\">\n\t\t\t\t\t\t<div class=\"elementor-container elementor-column-gap-default\">\n\t\t\t\t\t<div class=\"elementor-column elementor-col-100 elementor-inner-column elementor-element elementor-element-ae24818\" data-id=\"ae24818\" data-element_type=\"column\">\n\t\t\t<div class=\"elementor-widget-wrap elementor-element-populated\">\n\t\t\t\t\t\t<div class=\"elementor-element elementor-element-c82af40 elementor-widget-divider--view-line elementor-widget elementor-widget-divider\" data-id=\"c82af40\" data-element_type=\"widget\" data-widget_type=\"divider.default\">\n\t\t\t\t<div class=\"elementor-widget-container\">\n\t\t\t\t\t\t\t<div class=\"elementor-divider\">\n\t\t\t<span class=\"elementor-divider-separator\">\n\t\t\t\t\t\t<\/span>\n\t\t<\/div>\n\t\t\t\t\t\t<\/div>\n\t\t\t\t<\/div>\n\t\t\t\t\t<\/div>\n\t\t<\/div>\n\t\t\t\t\t<\/div>\n\t\t<\/section>\n\t\t\t\t<section class=\"elementor-section elementor-inner-section elementor-element elementor-element-6daf4e2 elementor-section-boxed elementor-section-height-default elementor-section-height-default\" data-id=\"6daf4e2\" data-element_type=\"section\">\n\t\t\t\t\t\t<div class=\"elementor-container elementor-column-gap-default\">\n\t\t\t\t\t<div class=\"elementor-column elementor-col-50 elementor-inner-column elementor-element elementor-element-70093b7\" data-id=\"70093b7\" data-element_type=\"column\">\n\t\t\t<div class=\"elementor-widget-wrap elementor-element-populated\">\n\t\t\t\t\t\t<div class=\"elementor-element elementor-element-f3f349d elementor-widget elementor-widget-heading\" data-id=\"f3f349d\" data-element_type=\"widget\" data-widget_type=\"heading.default\">\n\t\t\t\t<div class=\"elementor-widget-container\">\n\t\t\t\t\t<h4 class=\"elementor-heading-title elementor-size-default\">Tome 3<\/h4>\t\t\t\t<\/div>\n\t\t\t\t<\/div>\n\t\t\t\t<div class=\"elementor-element elementor-element-376e376 elementor-widget elementor-widget-heading\" data-id=\"376e376\" data-element_type=\"widget\" data-widget_type=\"heading.default\">\n\t\t\t\t<div class=\"elementor-widget-container\">\n\t\t\t\t\t<p class=\"elementor-heading-title elementor-size-default\">Michel Pauly, Luxemburg im sp\u00e4ten Mittelalter. I. Verfassung und politische F\u00fchrungsschicht der Stadt Luxemburg im 13.-15. Jahrhundert, Luxemburg 1992, 590 S., zahlr. Karten, 6 Faltkarten, PN- und ON-Register.\n\n\n\n\n<br><br><br>\n<b>\u00e9puis\u00e9<\/b><br><br>ISBN 2-919979-00-0\n\n<\/p>\t\t\t\t<\/div>\n\t\t\t\t<\/div>\n\t\t\t\t\t<\/div>\n\t\t<\/div>\n\t\t\t\t<div class=\"elementor-column elementor-col-50 elementor-inner-column elementor-element elementor-element-3262d1e\" data-id=\"3262d1e\" data-element_type=\"column\">\n\t\t\t<div class=\"elementor-widget-wrap elementor-element-populated\">\n\t\t\t\t\t\t<div class=\"elementor-element elementor-element-536f34a elementor-widget elementor-widget-image\" data-id=\"536f34a\" data-element_type=\"widget\" data-widget_type=\"image.default\">\n\t\t\t\t<div class=\"elementor-widget-container\">\n\t\t\t\t\t\t\t\t\t\t\t\t\t\t\t<img loading=\"lazy\" decoding=\"async\" width=\"1307\" height=\"2027\" src=\"https:\/\/www.cludem.lu\/wp-content\/uploads\/2022\/07\/38228778_503262120096143_5526643678883348480_n.jpeg\" class=\"attachment-full size-full wp-image-1310\" alt=\"\" srcset=\"https:\/\/www.cludem.lu\/wp-content\/uploads\/2022\/07\/38228778_503262120096143_5526643678883348480_n.jpeg 1307w, https:\/\/www.cludem.lu\/wp-content\/uploads\/2022\/07\/38228778_503262120096143_5526643678883348480_n-193x300.jpeg 193w, https:\/\/www.cludem.lu\/wp-content\/uploads\/2022\/07\/38228778_503262120096143_5526643678883348480_n-660x1024.jpeg 660w, https:\/\/www.cludem.lu\/wp-content\/uploads\/2022\/07\/38228778_503262120096143_5526643678883348480_n-768x1191.jpeg 768w, https:\/\/www.cludem.lu\/wp-content\/uploads\/2022\/07\/38228778_503262120096143_5526643678883348480_n-990x1536.jpeg 990w\" sizes=\"(max-width: 1307px) 100vw, 1307px\" \/>\t\t\t\t\t\t\t\t\t\t\t\t\t\t\t<\/div>\n\t\t\t\t<\/div>\n\t\t\t\t\t<\/div>\n\t\t<\/div>\n\t\t\t\t\t<\/div>\n\t\t<\/section>\n\t\t\t\t<section class=\"elementor-section elementor-inner-section elementor-element elementor-element-9ea96f9 elementor-section-boxed elementor-section-height-default elementor-section-height-default\" data-id=\"9ea96f9\" data-element_type=\"section\">\n\t\t\t\t\t\t<div class=\"elementor-container elementor-column-gap-default\">\n\t\t\t\t\t<div class=\"elementor-column elementor-col-100 elementor-inner-column elementor-element elementor-element-665fa8d\" data-id=\"665fa8d\" data-element_type=\"column\">\n\t\t\t<div class=\"elementor-widget-wrap elementor-element-populated\">\n\t\t\t\t\t\t<div class=\"elementor-element elementor-element-538f16f elementor-widget-divider--view-line elementor-widget elementor-widget-divider\" data-id=\"538f16f\" data-element_type=\"widget\" data-widget_type=\"divider.default\">\n\t\t\t\t<div class=\"elementor-widget-container\">\n\t\t\t\t\t\t\t<div class=\"elementor-divider\">\n\t\t\t<span class=\"elementor-divider-separator\">\n\t\t\t\t\t\t<\/span>\n\t\t<\/div>\n\t\t\t\t\t\t<\/div>\n\t\t\t\t<\/div>\n\t\t\t\t\t<\/div>\n\t\t<\/div>\n\t\t\t\t\t<\/div>\n\t\t<\/section>\n\t\t\t\t<section class=\"elementor-section elementor-inner-section elementor-element elementor-element-60306e3 elementor-section-boxed elementor-section-height-default elementor-section-height-default\" data-id=\"60306e3\" data-element_type=\"section\">\n\t\t\t\t\t\t<div class=\"elementor-container elementor-column-gap-default\">\n\t\t\t\t\t<div class=\"elementor-column elementor-col-50 elementor-inner-column elementor-element elementor-element-c5d69f1\" data-id=\"c5d69f1\" data-element_type=\"column\">\n\t\t\t<div class=\"elementor-widget-wrap elementor-element-populated\">\n\t\t\t\t\t\t<div class=\"elementor-element elementor-element-663b9b8 elementor-widget elementor-widget-heading\" data-id=\"663b9b8\" data-element_type=\"widget\" data-widget_type=\"heading.default\">\n\t\t\t\t<div class=\"elementor-widget-container\">\n\t\t\t\t\t<h4 class=\"elementor-heading-title elementor-size-default\">Tome 4<\/h4>\t\t\t\t<\/div>\n\t\t\t\t<\/div>\n\t\t\t\t<div class=\"elementor-element elementor-element-5ff9edf elementor-widget elementor-widget-heading\" data-id=\"5ff9edf\" data-element_type=\"widget\" data-widget_type=\"heading.default\">\n\t\t\t\t<div class=\"elementor-widget-container\">\n\t\t\t\t\t<p class=\"elementor-heading-title elementor-size-default\">Les petites villes en Lotharingie \/ Die kleinen St\u00e4dte in Lotharingien. Actes des 6es Journ\u00e9es Lotharingiennes, Luxembourg 1992, 612 p., cartes. \n\n\n\n\n<br><br><br>\n<b>\u00e9puis\u00e9<\/b><br><br>ISBN 2-919979-01-9\n\n\n\n<\/p>\t\t\t\t<\/div>\n\t\t\t\t<\/div>\n\t\t\t\t\t<\/div>\n\t\t<\/div>\n\t\t\t\t<div class=\"elementor-column elementor-col-50 elementor-inner-column elementor-element elementor-element-fa6c758\" data-id=\"fa6c758\" data-element_type=\"column\">\n\t\t\t<div class=\"elementor-widget-wrap elementor-element-populated\">\n\t\t\t\t\t\t<div class=\"elementor-element elementor-element-e5d6fa0 elementor-widget elementor-widget-image\" data-id=\"e5d6fa0\" data-element_type=\"widget\" data-widget_type=\"image.default\">\n\t\t\t\t<div class=\"elementor-widget-container\">\n\t\t\t\t\t\t\t\t\t\t\t\t\t\t\t<img loading=\"lazy\" decoding=\"async\" width=\"198\" height=\"300\" src=\"https:\/\/www.cludem.lu\/wp-content\/uploads\/2023\/07\/Cover_Les-petites-villes_t.4--198x300.jpg\" class=\"attachment-medium size-medium wp-image-2137\" alt=\"\" srcset=\"https:\/\/www.cludem.lu\/wp-content\/uploads\/2023\/07\/Cover_Les-petites-villes_t.4--198x300.jpg 198w, https:\/\/www.cludem.lu\/wp-content\/uploads\/2023\/07\/Cover_Les-petites-villes_t.4--676x1024.jpg 676w, https:\/\/www.cludem.lu\/wp-content\/uploads\/2023\/07\/Cover_Les-petites-villes_t.4--8x12.jpg 8w, https:\/\/www.cludem.lu\/wp-content\/uploads\/2023\/07\/Cover_Les-petites-villes_t.4-.jpg 768w\" sizes=\"(max-width: 198px) 100vw, 198px\" \/>\t\t\t\t\t\t\t\t\t\t\t\t\t\t\t<\/div>\n\t\t\t\t<\/div>\n\t\t\t\t\t<\/div>\n\t\t<\/div>\n\t\t\t\t\t<\/div>\n\t\t<\/section>\n\t\t\t\t<section class=\"elementor-section elementor-inner-section elementor-element elementor-element-0cf189b elementor-section-boxed elementor-section-height-default elementor-section-height-default\" data-id=\"0cf189b\" data-element_type=\"section\">\n\t\t\t\t\t\t<div class=\"elementor-container elementor-column-gap-default\">\n\t\t\t\t\t<div class=\"elementor-column elementor-col-100 elementor-inner-column elementor-element elementor-element-0a60f52\" data-id=\"0a60f52\" data-element_type=\"column\">\n\t\t\t<div class=\"elementor-widget-wrap elementor-element-populated\">\n\t\t\t\t\t\t<div class=\"elementor-element elementor-element-650bf2c elementor-widget-divider--view-line elementor-widget elementor-widget-divider\" data-id=\"650bf2c\" data-element_type=\"widget\" data-widget_type=\"divider.default\">\n\t\t\t\t<div class=\"elementor-widget-container\">\n\t\t\t\t\t\t\t<div class=\"elementor-divider\">\n\t\t\t<span class=\"elementor-divider-separator\">\n\t\t\t\t\t\t<\/span>\n\t\t<\/div>\n\t\t\t\t\t\t<\/div>\n\t\t\t\t<\/div>\n\t\t\t\t\t<\/div>\n\t\t<\/div>\n\t\t\t\t\t<\/div>\n\t\t<\/section>\n\t\t\t\t<section class=\"elementor-section elementor-inner-section elementor-element elementor-element-647fc3a elementor-section-boxed elementor-section-height-default elementor-section-height-default\" data-id=\"647fc3a\" data-element_type=\"section\">\n\t\t\t\t\t\t<div class=\"elementor-container elementor-column-gap-default\">\n\t\t\t\t\t<div class=\"elementor-column elementor-col-50 elementor-inner-column elementor-element elementor-element-da31a4f\" data-id=\"da31a4f\" data-element_type=\"column\">\n\t\t\t<div class=\"elementor-widget-wrap elementor-element-populated\">\n\t\t\t\t\t\t<div class=\"elementor-element elementor-element-389a530 elementor-widget elementor-widget-heading\" data-id=\"389a530\" data-element_type=\"widget\" data-widget_type=\"heading.default\">\n\t\t\t\t<div class=\"elementor-widget-container\">\n\t\t\t\t\t<h4 class=\"elementor-heading-title elementor-size-default\">Tome 5<\/h4>\t\t\t\t<\/div>\n\t\t\t\t<\/div>\n\t\t\t\t<div class=\"elementor-element elementor-element-c5fe384 elementor-widget elementor-widget-heading\" data-id=\"c5fe384\" data-element_type=\"widget\" data-widget_type=\"heading.default\">\n\t\t\t\t<div class=\"elementor-widget-container\">\n\t\t\t\t\t<p class=\"elementor-heading-title elementor-size-default\">Michel Pauly, Luxemburg im sp\u00e4ten Mittelalter. II. Weinhandel und Weinkonsum, Luxemburg 1994, 380 S., zahlr. Karten und Grafiken, PN- und ON-Register.\n\n\n\n\n\n<br><br><br>\n<b>\u00e9puis\u00e9<\/b><b>\n<\/b><br><br>ISBN 2-919979-02-7\n\n\n\n\n\n<\/p>\t\t\t\t<\/div>\n\t\t\t\t<\/div>\n\t\t\t\t\t<\/div>\n\t\t<\/div>\n\t\t\t\t<div class=\"elementor-column elementor-col-50 elementor-inner-column elementor-element elementor-element-402cf77\" data-id=\"402cf77\" data-element_type=\"column\">\n\t\t\t<div class=\"elementor-widget-wrap elementor-element-populated\">\n\t\t\t\t\t\t<div class=\"elementor-element elementor-element-be12cb8 elementor-widget elementor-widget-image\" data-id=\"be12cb8\" data-element_type=\"widget\" data-widget_type=\"image.default\">\n\t\t\t\t<div class=\"elementor-widget-container\">\n\t\t\t\t\t\t\t\t\t\t\t\t\t\t\t<img loading=\"lazy\" decoding=\"async\" width=\"187\" height=\"300\" src=\"https:\/\/www.cludem.lu\/wp-content\/uploads\/2023\/07\/T.-5-187x300.jpg\" class=\"attachment-medium size-medium wp-image-2162\" alt=\"\" srcset=\"https:\/\/www.cludem.lu\/wp-content\/uploads\/2023\/07\/T.-5-187x300.jpg 187w, https:\/\/www.cludem.lu\/wp-content\/uploads\/2023\/07\/T.-5-637x1024.jpg 637w, https:\/\/www.cludem.lu\/wp-content\/uploads\/2023\/07\/T.-5-768x1235.jpg 768w, https:\/\/www.cludem.lu\/wp-content\/uploads\/2023\/07\/T.-5-956x1536.jpg 956w, https:\/\/www.cludem.lu\/wp-content\/uploads\/2023\/07\/T.-5-7x12.jpg 7w, https:\/\/www.cludem.lu\/wp-content\/uploads\/2023\/07\/T.-5.jpg 1144w\" sizes=\"(max-width: 187px) 100vw, 187px\" \/>\t\t\t\t\t\t\t\t\t\t\t\t\t\t\t<\/div>\n\t\t\t\t<\/div>\n\t\t\t\t\t<\/div>\n\t\t<\/div>\n\t\t\t\t\t<\/div>\n\t\t<\/section>\n\t\t\t\t<section class=\"elementor-section elementor-inner-section elementor-element elementor-element-55fed18 elementor-section-boxed elementor-section-height-default elementor-section-height-default\" data-id=\"55fed18\" data-element_type=\"section\">\n\t\t\t\t\t\t<div class=\"elementor-container elementor-column-gap-default\">\n\t\t\t\t\t<div class=\"elementor-column elementor-col-100 elementor-inner-column elementor-element elementor-element-4ade1f6\" data-id=\"4ade1f6\" data-element_type=\"column\">\n\t\t\t<div class=\"elementor-widget-wrap elementor-element-populated\">\n\t\t\t\t\t\t<div class=\"elementor-element elementor-element-be5cb34 elementor-widget-divider--view-line elementor-widget elementor-widget-divider\" data-id=\"be5cb34\" data-element_type=\"widget\" data-widget_type=\"divider.default\">\n\t\t\t\t<div class=\"elementor-widget-container\">\n\t\t\t\t\t\t\t<div class=\"elementor-divider\">\n\t\t\t<span class=\"elementor-divider-separator\">\n\t\t\t\t\t\t<\/span>\n\t\t<\/div>\n\t\t\t\t\t\t<\/div>\n\t\t\t\t<\/div>\n\t\t\t\t\t<\/div>\n\t\t<\/div>\n\t\t\t\t\t<\/div>\n\t\t<\/section>\n\t\t\t\t<section class=\"elementor-section elementor-inner-section elementor-element elementor-element-7d98d91 elementor-section-boxed elementor-section-height-default elementor-section-height-default\" data-id=\"7d98d91\" data-element_type=\"section\">\n\t\t\t\t\t\t<div class=\"elementor-container elementor-column-gap-default\">\n\t\t\t\t\t<div class=\"elementor-column elementor-col-50 elementor-inner-column elementor-element elementor-element-532d1cf\" data-id=\"532d1cf\" data-element_type=\"column\">\n\t\t\t<div class=\"elementor-widget-wrap elementor-element-populated\">\n\t\t\t\t\t\t<div class=\"elementor-element elementor-element-34c48a3 elementor-widget elementor-widget-heading\" data-id=\"34c48a3\" data-element_type=\"widget\" data-widget_type=\"heading.default\">\n\t\t\t\t<div class=\"elementor-widget-container\">\n\t\t\t\t\t<h4 class=\"elementor-heading-title elementor-size-default\">Tome 6<\/h4>\t\t\t\t<\/div>\n\t\t\t\t<\/div>\n\t\t\t\t<div class=\"elementor-element elementor-element-5831ae7 elementor-widget elementor-widget-heading\" data-id=\"5831ae7\" data-element_type=\"widget\" data-widget_type=\"heading.default\">\n\t\t\t\t<div class=\"elementor-widget-container\">\n\t\t\t\t\t<p class=\"elementor-heading-title elementor-size-default\">Michele Camillo Ferrari, Codices sancti Willibrordi. Echternacher Schreiber und Schriftsteller von den Angelsachsen bis Johann Bertels, Luxemburg 1994. 175 S., 7 Farbtafeln, 32 S\/W-Abb.\n\n\n\n\n<br><br><br>\n<b>Prix : 18.00\u20ac <s>(36.00\u20ac)<\/s>\n<\/b><br><br>ISBN 2-919979-03-5\n\n\n\n\n\n<\/p>\t\t\t\t<\/div>\n\t\t\t\t<\/div>\n\t\t\t\t\t<\/div>\n\t\t<\/div>\n\t\t\t\t<div class=\"elementor-column elementor-col-50 elementor-inner-column elementor-element elementor-element-8c69fdc\" data-id=\"8c69fdc\" data-element_type=\"column\">\n\t\t\t<div class=\"elementor-widget-wrap elementor-element-populated\">\n\t\t\t\t\t\t<div class=\"elementor-element elementor-element-e7b99c5 elementor-widget elementor-widget-image\" data-id=\"e7b99c5\" data-element_type=\"widget\" data-widget_type=\"image.default\">\n\t\t\t\t<div class=\"elementor-widget-container\">\n\t\t\t\t\t\t\t\t\t\t\t\t\t\t\t<img loading=\"lazy\" decoding=\"async\" width=\"183\" height=\"275\" src=\"https:\/\/www.cludem.lu\/wp-content\/uploads\/2023\/07\/T.-6.jpg\" class=\"attachment-medium size-medium wp-image-2166\" alt=\"\" srcset=\"https:\/\/www.cludem.lu\/wp-content\/uploads\/2023\/07\/T.-6.jpg 183w, https:\/\/www.cludem.lu\/wp-content\/uploads\/2023\/07\/T.-6-8x12.jpg 8w\" sizes=\"(max-width: 183px) 100vw, 183px\" \/>\t\t\t\t\t\t\t\t\t\t\t\t\t\t\t<\/div>\n\t\t\t\t<\/div>\n\t\t\t\t\t<\/div>\n\t\t<\/div>\n\t\t\t\t\t<\/div>\n\t\t<\/section>\n\t\t\t\t<section class=\"elementor-section elementor-inner-section elementor-element elementor-element-7b8086a elementor-section-boxed elementor-section-height-default elementor-section-height-default\" data-id=\"7b8086a\" data-element_type=\"section\">\n\t\t\t\t\t\t<div class=\"elementor-container elementor-column-gap-default\">\n\t\t\t\t\t<div class=\"elementor-column elementor-col-100 elementor-inner-column elementor-element elementor-element-34d59a7\" data-id=\"34d59a7\" data-element_type=\"column\">\n\t\t\t<div class=\"elementor-widget-wrap elementor-element-populated\">\n\t\t\t\t\t\t<div class=\"elementor-element elementor-element-e908734 elementor-widget-divider--view-line elementor-widget elementor-widget-divider\" data-id=\"e908734\" data-element_type=\"widget\" data-widget_type=\"divider.default\">\n\t\t\t\t<div class=\"elementor-widget-container\">\n\t\t\t\t\t\t\t<div class=\"elementor-divider\">\n\t\t\t<span class=\"elementor-divider-separator\">\n\t\t\t\t\t\t<\/span>\n\t\t<\/div>\n\t\t\t\t\t\t<\/div>\n\t\t\t\t<\/div>\n\t\t\t\t\t<\/div>\n\t\t<\/div>\n\t\t\t\t\t<\/div>\n\t\t<\/section>\n\t\t\t\t<section class=\"elementor-section elementor-inner-section elementor-element elementor-element-f375311 elementor-section-boxed elementor-section-height-default elementor-section-height-default\" data-id=\"f375311\" data-element_type=\"section\">\n\t\t\t\t\t\t<div class=\"elementor-container elementor-column-gap-default\">\n\t\t\t\t\t<div class=\"elementor-column elementor-col-50 elementor-inner-column elementor-element elementor-element-fba2f8a\" data-id=\"fba2f8a\" data-element_type=\"column\">\n\t\t\t<div class=\"elementor-widget-wrap elementor-element-populated\">\n\t\t\t\t\t\t<div class=\"elementor-element elementor-element-196f1e2 elementor-widget elementor-widget-heading\" data-id=\"196f1e2\" data-element_type=\"widget\" data-widget_type=\"heading.default\">\n\t\t\t\t<div class=\"elementor-widget-container\">\n\t\t\t\t\t<h4 class=\"elementor-heading-title elementor-size-default\">Tome 7<\/h4>\t\t\t\t<\/div>\n\t\t\t\t<\/div>\n\t\t\t\t<div class=\"elementor-element elementor-element-2cb9a19 elementor-widget elementor-widget-heading\" data-id=\"2cb9a19\" data-element_type=\"widget\" data-widget_type=\"heading.default\">\n\t\t\t\t<div class=\"elementor-widget-container\">\n\t\t\t\t\t<p class=\"elementor-heading-title elementor-size-default\">Ermesinde et l'affranchissement de la ville de Luxembourg. \u00c9tudes sur le prince territorial et la ville dans la premi\u00e8re moiti\u00e9 du XIIIe si\u00e8cle, \u00e9d. par Michel Margue, Luxembourg 1994, 327 p., nombr. ill. \n\n\n\n\n\n<br><br><br>\n<b>Prix : 14.00\u20ac <s>(29.00\u20ac)<\/s>\n<\/b><br><br>ISBN 2-919979-04-3\n\n\n\n\n\n<\/p>\t\t\t\t<\/div>\n\t\t\t\t<\/div>\n\t\t\t\t\t<\/div>\n\t\t<\/div>\n\t\t\t\t<div class=\"elementor-column elementor-col-50 elementor-inner-column elementor-element elementor-element-a1af632\" data-id=\"a1af632\" data-element_type=\"column\">\n\t\t\t<div class=\"elementor-widget-wrap\">\n\t\t\t\t\t\t\t<\/div>\n\t\t<\/div>\n\t\t\t\t\t<\/div>\n\t\t<\/section>\n\t\t\t\t<section class=\"elementor-section elementor-inner-section elementor-element elementor-element-6d38f4f elementor-section-boxed elementor-section-height-default elementor-section-height-default\" data-id=\"6d38f4f\" data-element_type=\"section\">\n\t\t\t\t\t\t<div class=\"elementor-container elementor-column-gap-default\">\n\t\t\t\t\t<div class=\"elementor-column elementor-col-100 elementor-inner-column elementor-element elementor-element-89501c3\" data-id=\"89501c3\" data-element_type=\"column\">\n\t\t\t<div class=\"elementor-widget-wrap elementor-element-populated\">\n\t\t\t\t\t\t<div class=\"elementor-element elementor-element-385e41b elementor-widget-divider--view-line elementor-widget elementor-widget-divider\" data-id=\"385e41b\" data-element_type=\"widget\" data-widget_type=\"divider.default\">\n\t\t\t\t<div class=\"elementor-widget-container\">\n\t\t\t\t\t\t\t<div class=\"elementor-divider\">\n\t\t\t<span class=\"elementor-divider-separator\">\n\t\t\t\t\t\t<\/span>\n\t\t<\/div>\n\t\t\t\t\t\t<\/div>\n\t\t\t\t<\/div>\n\t\t\t\t\t<\/div>\n\t\t<\/div>\n\t\t\t\t\t<\/div>\n\t\t<\/section>\n\t\t\t\t<section class=\"elementor-section elementor-inner-section elementor-element elementor-element-f63840a elementor-section-boxed elementor-section-height-default elementor-section-height-default\" data-id=\"f63840a\" data-element_type=\"section\">\n\t\t\t\t\t\t<div class=\"elementor-container elementor-column-gap-default\">\n\t\t\t\t\t<div class=\"elementor-column elementor-col-50 elementor-inner-column elementor-element elementor-element-0852fa4\" data-id=\"0852fa4\" data-element_type=\"column\">\n\t\t\t<div class=\"elementor-widget-wrap elementor-element-populated\">\n\t\t\t\t\t\t<div class=\"elementor-element elementor-element-8e9630e elementor-widget elementor-widget-heading\" data-id=\"8e9630e\" data-element_type=\"widget\" data-widget_type=\"heading.default\">\n\t\t\t\t<div class=\"elementor-widget-container\">\n\t\t\t\t\t<h4 class=\"elementor-heading-title elementor-size-default\">Tome 8<\/h4>\t\t\t\t<\/div>\n\t\t\t\t<\/div>\n\t\t\t\t<div class=\"elementor-element elementor-element-1575412 elementor-widget elementor-widget-heading\" data-id=\"1575412\" data-element_type=\"widget\" data-widget_type=\"heading.default\">\n\t\t\t\t<div class=\"elementor-widget-container\">\n\t\t\t\t\t<p class=\"elementor-heading-title elementor-size-default\">Productions et \u00e9changes artistiques en Lotharingie m\u00e9di\u00e9vale. Actes des 7es Journ\u00e9es Lotharingiennes Luxembourg 1992, \u00e9d. par Jean Schroeder, Luxembourg 1994, 230 p., nombr. ill.\n\n\n<br><br><br>\n<b>Prix : 13.00\u20ac <s>(26.00\u20ac)<\/s>\n<\/b><br><br>ISBN 2-919979-05-1 \n\n\n\n\n\n<\/p>\t\t\t\t<\/div>\n\t\t\t\t<\/div>\n\t\t\t\t\t<\/div>\n\t\t<\/div>\n\t\t\t\t<div class=\"elementor-column elementor-col-50 elementor-inner-column elementor-element elementor-element-21cc657\" data-id=\"21cc657\" data-element_type=\"column\">\n\t\t\t<div class=\"elementor-widget-wrap\">\n\t\t\t\t\t\t\t<\/div>\n\t\t<\/div>\n\t\t\t\t\t<\/div>\n\t\t<\/section>\n\t\t\t\t<section class=\"elementor-section elementor-inner-section elementor-element elementor-element-0eee3af elementor-section-boxed elementor-section-height-default elementor-section-height-default\" data-id=\"0eee3af\" data-element_type=\"section\">\n\t\t\t\t\t\t<div class=\"elementor-container elementor-column-gap-default\">\n\t\t\t\t\t<div class=\"elementor-column elementor-col-100 elementor-inner-column elementor-element elementor-element-f0b3087\" data-id=\"f0b3087\" data-element_type=\"column\">\n\t\t\t<div class=\"elementor-widget-wrap elementor-element-populated\">\n\t\t\t\t\t\t<div class=\"elementor-element elementor-element-1bec0dc elementor-widget-divider--view-line elementor-widget elementor-widget-divider\" data-id=\"1bec0dc\" data-element_type=\"widget\" data-widget_type=\"divider.default\">\n\t\t\t\t<div class=\"elementor-widget-container\">\n\t\t\t\t\t\t\t<div class=\"elementor-divider\">\n\t\t\t<span class=\"elementor-divider-separator\">\n\t\t\t\t\t\t<\/span>\n\t\t<\/div>\n\t\t\t\t\t\t<\/div>\n\t\t\t\t<\/div>\n\t\t\t\t\t<\/div>\n\t\t<\/div>\n\t\t\t\t\t<\/div>\n\t\t<\/section>\n\t\t\t\t<section class=\"elementor-section elementor-inner-section elementor-element elementor-element-af5fa88 elementor-section-boxed elementor-section-height-default elementor-section-height-default\" data-id=\"af5fa88\" data-element_type=\"section\">\n\t\t\t\t\t\t<div class=\"elementor-container elementor-column-gap-default\">\n\t\t\t\t\t<div class=\"elementor-column elementor-col-50 elementor-inner-column elementor-element elementor-element-95d00d5\" data-id=\"95d00d5\" data-element_type=\"column\">\n\t\t\t<div class=\"elementor-widget-wrap elementor-element-populated\">\n\t\t\t\t\t\t<div class=\"elementor-element elementor-element-3d64080 elementor-widget elementor-widget-heading\" data-id=\"3d64080\" data-element_type=\"widget\" data-widget_type=\"heading.default\">\n\t\t\t\t<div class=\"elementor-widget-container\">\n\t\t\t\t\t<h4 class=\"elementor-heading-title elementor-size-default\">Tome 9<\/h4>\t\t\t\t<\/div>\n\t\t\t\t<\/div>\n\t\t\t\t<div class=\"elementor-element elementor-element-2974170 elementor-widget elementor-widget-heading\" data-id=\"2974170\" data-element_type=\"widget\" data-widget_type=\"heading.default\">\n\t\t\t\t<div class=\"elementor-widget-container\">\n\t\t\t\t\t<p class=\"elementor-heading-title elementor-size-default\">Jean Schroeder\/Henri Trauffler, Die Anf\u00e4nge der Abtei Echternach, Luxemburg 1996, 64 S., Abb.\n\n\n\n\n\n\n<br><br><br>\n<b>Prix : 5.00\u20ac <s>(10.00\u20ac)<\/s>\n<\/b><br><br>ISBN 2-919979-06-X\n\n\n\n\n<\/p>\t\t\t\t<\/div>\n\t\t\t\t<\/div>\n\t\t\t\t\t<\/div>\n\t\t<\/div>\n\t\t\t\t<div class=\"elementor-column elementor-col-50 elementor-inner-column elementor-element elementor-element-789062d\" data-id=\"789062d\" data-element_type=\"column\">\n\t\t\t<div class=\"elementor-widget-wrap elementor-element-populated\">\n\t\t\t\t\t\t<div class=\"elementor-element elementor-element-7e752d1 elementor-widget elementor-widget-image\" data-id=\"7e752d1\" data-element_type=\"widget\" data-widget_type=\"image.default\">\n\t\t\t\t<div class=\"elementor-widget-container\">\n\t\t\t\t\t\t\t\t\t\t\t\t\t\t\t<img loading=\"lazy\" decoding=\"async\" width=\"208\" height=\"300\" src=\"https:\/\/www.cludem.lu\/wp-content\/uploads\/2023\/07\/T.-9-208x300.jpg\" class=\"attachment-medium size-medium wp-image-2186\" alt=\"\" srcset=\"https:\/\/www.cludem.lu\/wp-content\/uploads\/2023\/07\/T.-9-208x300.jpg 208w, https:\/\/www.cludem.lu\/wp-content\/uploads\/2023\/07\/T.-9-710x1024.jpg 710w, https:\/\/www.cludem.lu\/wp-content\/uploads\/2023\/07\/T.-9-768x1108.jpg 768w, https:\/\/www.cludem.lu\/wp-content\/uploads\/2023\/07\/T.-9-1064x1536.jpg 1064w, https:\/\/www.cludem.lu\/wp-content\/uploads\/2023\/07\/T.-9-1419x2048.jpg 1419w, https:\/\/www.cludem.lu\/wp-content\/uploads\/2023\/07\/T.-9-8x12.jpg 8w, https:\/\/www.cludem.lu\/wp-content\/uploads\/2023\/07\/T.-9.jpg 1692w\" sizes=\"(max-width: 208px) 100vw, 208px\" \/>\t\t\t\t\t\t\t\t\t\t\t\t\t\t\t<\/div>\n\t\t\t\t<\/div>\n\t\t\t\t\t<\/div>\n\t\t<\/div>\n\t\t\t\t\t<\/div>\n\t\t<\/section>\n\t\t\t\t<section class=\"elementor-section elementor-inner-section elementor-element elementor-element-1c41a4b elementor-section-boxed elementor-section-height-default elementor-section-height-default\" data-id=\"1c41a4b\" data-element_type=\"section\">\n\t\t\t\t\t\t<div class=\"elementor-container elementor-column-gap-default\">\n\t\t\t\t\t<div class=\"elementor-column elementor-col-100 elementor-inner-column elementor-element elementor-element-e49ae06\" data-id=\"e49ae06\" data-element_type=\"column\">\n\t\t\t<div class=\"elementor-widget-wrap elementor-element-populated\">\n\t\t\t\t\t\t<div class=\"elementor-element elementor-element-b275529 elementor-widget-divider--view-line elementor-widget elementor-widget-divider\" data-id=\"b275529\" data-element_type=\"widget\" data-widget_type=\"divider.default\">\n\t\t\t\t<div class=\"elementor-widget-container\">\n\t\t\t\t\t\t\t<div class=\"elementor-divider\">\n\t\t\t<span class=\"elementor-divider-separator\">\n\t\t\t\t\t\t<\/span>\n\t\t<\/div>\n\t\t\t\t\t\t<\/div>\n\t\t\t\t<\/div>\n\t\t\t\t\t<\/div>\n\t\t<\/div>\n\t\t\t\t\t<\/div>\n\t\t<\/section>\n\t\t\t\t<section class=\"elementor-section elementor-inner-section elementor-element elementor-element-e39a3a3 elementor-section-boxed elementor-section-height-default elementor-section-height-default\" data-id=\"e39a3a3\" data-element_type=\"section\">\n\t\t\t\t\t\t<div class=\"elementor-container elementor-column-gap-default\">\n\t\t\t\t\t<div class=\"elementor-column elementor-col-50 elementor-inner-column elementor-element elementor-element-00f81a9\" data-id=\"00f81a9\" data-element_type=\"column\">\n\t\t\t<div class=\"elementor-widget-wrap elementor-element-populated\">\n\t\t\t\t\t\t<div class=\"elementor-element elementor-element-4614894 elementor-widget elementor-widget-heading\" data-id=\"4614894\" data-element_type=\"widget\" data-widget_type=\"heading.default\">\n\t\t\t\t<div class=\"elementor-widget-container\">\n\t\t\t\t\t<h4 class=\"elementor-heading-title elementor-size-default\">Tome 10<\/h4>\t\t\t\t<\/div>\n\t\t\t\t<\/div>\n\t\t\t\t<div class=\"elementor-element elementor-element-ec5c695 elementor-widget elementor-widget-heading\" data-id=\"ec5c695\" data-element_type=\"widget\" data-widget_type=\"heading.default\">\n\t\t\t\t<div class=\"elementor-widget-container\">\n\t\t\t\t\t<p class=\"elementor-heading-title elementor-size-default\">Le pouvoir et les libert\u00e9s en Lotharingie m\u00e9di\u00e9vale. Actes des 8es Journ\u00e9es Lotharingiennes, Luxembourg, 28-29 octobre 1994, \u00e9d. par Henri Trauffler, Luxembourg 1998, 219 p., cartes.\n\n\n\n\n\n\n<br><br><br>\n<b>Prix : 14.00\u20ac <s>(28.00\u20ac)<\/s>\n<\/b><br><br>ISBN 2-919979-08-6\n\n\n\n\n\n<\/p>\t\t\t\t<\/div>\n\t\t\t\t<\/div>\n\t\t\t\t\t<\/div>\n\t\t<\/div>\n\t\t\t\t<div class=\"elementor-column elementor-col-50 elementor-inner-column elementor-element elementor-element-7936b9a\" data-id=\"7936b9a\" data-element_type=\"column\">\n\t\t\t<div class=\"elementor-widget-wrap elementor-element-populated\">\n\t\t\t\t\t\t<div class=\"elementor-element elementor-element-da3a1a9 elementor-widget elementor-widget-image\" data-id=\"da3a1a9\" data-element_type=\"widget\" data-widget_type=\"image.default\">\n\t\t\t\t<div class=\"elementor-widget-container\">\n\t\t\t\t\t\t\t\t\t\t\t\t\t\t\t<img loading=\"lazy\" decoding=\"async\" width=\"191\" height=\"300\" src=\"https:\/\/www.cludem.lu\/wp-content\/uploads\/2023\/07\/T.-10-191x300.jpg\" class=\"attachment-medium size-medium wp-image-2170\" alt=\"\" srcset=\"https:\/\/www.cludem.lu\/wp-content\/uploads\/2023\/07\/T.-10-191x300.jpg 191w, https:\/\/www.cludem.lu\/wp-content\/uploads\/2023\/07\/T.-10-653x1024.jpg 653w, https:\/\/www.cludem.lu\/wp-content\/uploads\/2023\/07\/T.-10-768x1203.jpg 768w, https:\/\/www.cludem.lu\/wp-content\/uploads\/2023\/07\/T.-10-980x1536.jpg 980w, https:\/\/www.cludem.lu\/wp-content\/uploads\/2023\/07\/T.-10-8x12.jpg 8w, https:\/\/www.cludem.lu\/wp-content\/uploads\/2023\/07\/T.-10.jpg 1067w\" sizes=\"(max-width: 191px) 100vw, 191px\" \/>\t\t\t\t\t\t\t\t\t\t\t\t\t\t\t<\/div>\n\t\t\t\t<\/div>\n\t\t\t\t\t<\/div>\n\t\t<\/div>\n\t\t\t\t\t<\/div>\n\t\t<\/section>\n\t\t\t\t<section class=\"elementor-section elementor-inner-section elementor-element elementor-element-9ea78e1 elementor-section-boxed elementor-section-height-default elementor-section-height-default\" data-id=\"9ea78e1\" data-element_type=\"section\">\n\t\t\t\t\t\t<div class=\"elementor-container elementor-column-gap-default\">\n\t\t\t\t\t<div class=\"elementor-column elementor-col-100 elementor-inner-column elementor-element elementor-element-d4c499b\" data-id=\"d4c499b\" data-element_type=\"column\">\n\t\t\t<div class=\"elementor-widget-wrap elementor-element-populated\">\n\t\t\t\t\t\t<div class=\"elementor-element elementor-element-e3724f5 elementor-widget-divider--view-line elementor-widget elementor-widget-divider\" data-id=\"e3724f5\" data-element_type=\"widget\" data-widget_type=\"divider.default\">\n\t\t\t\t<div class=\"elementor-widget-container\">\n\t\t\t\t\t\t\t<div class=\"elementor-divider\">\n\t\t\t<span class=\"elementor-divider-separator\">\n\t\t\t\t\t\t<\/span>\n\t\t<\/div>\n\t\t\t\t\t\t<\/div>\n\t\t\t\t<\/div>\n\t\t\t\t\t<\/div>\n\t\t<\/div>\n\t\t\t\t\t<\/div>\n\t\t<\/section>\n\t\t\t\t<section class=\"elementor-section elementor-inner-section elementor-element elementor-element-129638d elementor-section-boxed elementor-section-height-default elementor-section-height-default\" data-id=\"129638d\" data-element_type=\"section\">\n\t\t\t\t\t\t<div class=\"elementor-container elementor-column-gap-default\">\n\t\t\t\t\t<div class=\"elementor-column elementor-col-50 elementor-inner-column elementor-element elementor-element-94bcabf\" data-id=\"94bcabf\" data-element_type=\"column\">\n\t\t\t<div class=\"elementor-widget-wrap elementor-element-populated\">\n\t\t\t\t\t\t<div class=\"elementor-element elementor-element-724cbbe elementor-widget elementor-widget-heading\" data-id=\"724cbbe\" data-element_type=\"widget\" data-widget_type=\"heading.default\">\n\t\t\t\t<div class=\"elementor-widget-container\">\n\t\t\t\t\t<h4 class=\"elementor-heading-title elementor-size-default\">Tome 11<\/h4>\t\t\t\t<\/div>\n\t\t\t\t<\/div>\n\t\t\t\t<div class=\"elementor-element elementor-element-a1ea14e elementor-widget elementor-widget-heading\" data-id=\"a1ea14e\" data-element_type=\"widget\" data-widget_type=\"heading.default\">\n\t\t\t\t<div class=\"elementor-widget-container\">\n\t\t\t\t\t<p class=\"elementor-heading-title elementor-size-default\">Urkunden- und Quellenbuch zur Geschichte der altluxemburgischen Territorien, begr\u00fcndet von Camille Wampach, Band XI: Die Urkunden Graf Johanns des Blinden (1310-1346), Teil 1: Die Urkunden aus Luxemburger Archivbest\u00e4nden, hrg. v. Aloyse Estgen, Michel Pauly, Jean Schroeder, Luxemburg 1997, 155 S.\n\n\n\n\n\n\n\n\n<br><br><br>\n<b>\u00e9puis\u00e9\n<\/b><br><br>ISBN 2-919979-10-8\n\n\n\n\n\n\n\n<\/p>\t\t\t\t<\/div>\n\t\t\t\t<\/div>\n\t\t\t\t\t<\/div>\n\t\t<\/div>\n\t\t\t\t<div class=\"elementor-column elementor-col-50 elementor-inner-column elementor-element elementor-element-410be73\" data-id=\"410be73\" data-element_type=\"column\">\n\t\t\t<div class=\"elementor-widget-wrap elementor-element-populated\">\n\t\t\t\t\t\t<div class=\"elementor-element elementor-element-c56d9de elementor-widget elementor-widget-image\" data-id=\"c56d9de\" data-element_type=\"widget\" data-widget_type=\"image.default\">\n\t\t\t\t<div class=\"elementor-widget-container\">\n\t\t\t\t\t\t\t\t\t\t\t\t\t\t\t<img loading=\"lazy\" decoding=\"async\" width=\"203\" height=\"300\" src=\"https:\/\/www.cludem.lu\/wp-content\/uploads\/2023\/07\/Cover_Urkunden-und-Quellenbuch-203x300.jpg\" class=\"attachment-medium size-medium wp-image-2149\" alt=\"\" srcset=\"https:\/\/www.cludem.lu\/wp-content\/uploads\/2023\/07\/Cover_Urkunden-und-Quellenbuch-203x300.jpg 203w, https:\/\/www.cludem.lu\/wp-content\/uploads\/2023\/07\/Cover_Urkunden-und-Quellenbuch-8x12.jpg 8w, https:\/\/www.cludem.lu\/wp-content\/uploads\/2023\/07\/Cover_Urkunden-und-Quellenbuch.jpg 397w\" sizes=\"(max-width: 203px) 100vw, 203px\" \/>\t\t\t\t\t\t\t\t\t\t\t\t\t\t\t<\/div>\n\t\t\t\t<\/div>\n\t\t\t\t\t<\/div>\n\t\t<\/div>\n\t\t\t\t\t<\/div>\n\t\t<\/section>\n\t\t\t\t<section class=\"elementor-section elementor-inner-section elementor-element elementor-element-bd301e3 elementor-section-boxed elementor-section-height-default elementor-section-height-default\" data-id=\"bd301e3\" data-element_type=\"section\">\n\t\t\t\t\t\t<div class=\"elementor-container elementor-column-gap-default\">\n\t\t\t\t\t<div class=\"elementor-column elementor-col-100 elementor-inner-column elementor-element elementor-element-394f058\" data-id=\"394f058\" data-element_type=\"column\">\n\t\t\t<div class=\"elementor-widget-wrap elementor-element-populated\">\n\t\t\t\t\t\t<div class=\"elementor-element elementor-element-4f3abd9 elementor-widget-divider--view-line elementor-widget elementor-widget-divider\" data-id=\"4f3abd9\" data-element_type=\"widget\" data-widget_type=\"divider.default\">\n\t\t\t\t<div class=\"elementor-widget-container\">\n\t\t\t\t\t\t\t<div class=\"elementor-divider\">\n\t\t\t<span class=\"elementor-divider-separator\">\n\t\t\t\t\t\t<\/span>\n\t\t<\/div>\n\t\t\t\t\t\t<\/div>\n\t\t\t\t<\/div>\n\t\t\t\t\t<\/div>\n\t\t<\/div>\n\t\t\t\t\t<\/div>\n\t\t<\/section>\n\t\t\t\t<section class=\"elementor-section elementor-inner-section elementor-element elementor-element-defcb36 elementor-section-boxed elementor-section-height-default elementor-section-height-default\" data-id=\"defcb36\" data-element_type=\"section\">\n\t\t\t\t\t\t<div class=\"elementor-container elementor-column-gap-default\">\n\t\t\t\t\t<div class=\"elementor-column elementor-col-50 elementor-inner-column elementor-element elementor-element-fd9c991\" data-id=\"fd9c991\" data-element_type=\"column\">\n\t\t\t<div class=\"elementor-widget-wrap elementor-element-populated\">\n\t\t\t\t\t\t<div class=\"elementor-element elementor-element-6534488 elementor-widget elementor-widget-heading\" data-id=\"6534488\" data-element_type=\"widget\" data-widget_type=\"heading.default\">\n\t\t\t\t<div class=\"elementor-widget-container\">\n\t\t\t\t\t<h4 class=\"elementor-heading-title elementor-size-default\">Tome 12<\/h4>\t\t\t\t<\/div>\n\t\t\t\t<\/div>\n\t\t\t\t<div class=\"elementor-element elementor-element-5066779 elementor-widget elementor-widget-heading\" data-id=\"5066779\" data-element_type=\"widget\" data-widget_type=\"heading.default\">\n\t\t\t\t<div class=\"elementor-widget-container\">\n\t\t\t\t\t<p class=\"elementor-heading-title elementor-size-default\">Un itin\u00e9raire europ\u00e9en: Jean l'Aveugle, comte de Luxembourg et roi de Boh\u00eame (1296-1346), \u00e9dit\u00e9 par Michel Margue, Bruxelles, 1996.\n\n\n\n\n\n\n\n\n<br><br><br>\n<b>\u00e9puis\u00e9\n<\/b><br><br>ISBN 2-87193-243-3\n\n\n\n\n\n\n\n<\/p>\t\t\t\t<\/div>\n\t\t\t\t<\/div>\n\t\t\t\t\t<\/div>\n\t\t<\/div>\n\t\t\t\t<div class=\"elementor-column elementor-col-50 elementor-inner-column elementor-element elementor-element-04d8da6\" data-id=\"04d8da6\" data-element_type=\"column\">\n\t\t\t<div class=\"elementor-widget-wrap elementor-element-populated\">\n\t\t\t\t\t\t<div class=\"elementor-element elementor-element-88f8a1b elementor-widget elementor-widget-image\" data-id=\"88f8a1b\" data-element_type=\"widget\" data-widget_type=\"image.default\">\n\t\t\t\t<div class=\"elementor-widget-container\">\n\t\t\t\t\t\t\t\t\t\t\t\t\t\t\t<img loading=\"lazy\" decoding=\"async\" width=\"251\" height=\"300\" src=\"https:\/\/www.cludem.lu\/wp-content\/uploads\/2023\/07\/Cover_Un-Itineraire-Europeen--251x300.jpg\" class=\"attachment-medium size-medium wp-image-2145\" alt=\"\" srcset=\"https:\/\/www.cludem.lu\/wp-content\/uploads\/2023\/07\/Cover_Un-Itineraire-Europeen--251x300.jpg 251w, https:\/\/www.cludem.lu\/wp-content\/uploads\/2023\/07\/Cover_Un-Itineraire-Europeen--10x12.jpg 10w, https:\/\/www.cludem.lu\/wp-content\/uploads\/2023\/07\/Cover_Un-Itineraire-Europeen-.jpg 691w\" sizes=\"(max-width: 251px) 100vw, 251px\" \/>\t\t\t\t\t\t\t\t\t\t\t\t\t\t\t<\/div>\n\t\t\t\t<\/div>\n\t\t\t\t\t<\/div>\n\t\t<\/div>\n\t\t\t\t\t<\/div>\n\t\t<\/section>\n\t\t\t\t<section class=\"elementor-section elementor-inner-section elementor-element elementor-element-992be03 elementor-section-boxed elementor-section-height-default elementor-section-height-default\" data-id=\"992be03\" data-element_type=\"section\">\n\t\t\t\t\t\t<div class=\"elementor-container elementor-column-gap-default\">\n\t\t\t\t\t<div class=\"elementor-column elementor-col-100 elementor-inner-column elementor-element elementor-element-947f5d1\" data-id=\"947f5d1\" data-element_type=\"column\">\n\t\t\t<div class=\"elementor-widget-wrap elementor-element-populated\">\n\t\t\t\t\t\t<div class=\"elementor-element elementor-element-bc31816 elementor-widget-divider--view-line elementor-widget elementor-widget-divider\" data-id=\"bc31816\" data-element_type=\"widget\" data-widget_type=\"divider.default\">\n\t\t\t\t<div class=\"elementor-widget-container\">\n\t\t\t\t\t\t\t<div class=\"elementor-divider\">\n\t\t\t<span class=\"elementor-divider-separator\">\n\t\t\t\t\t\t<\/span>\n\t\t<\/div>\n\t\t\t\t\t\t<\/div>\n\t\t\t\t<\/div>\n\t\t\t\t\t<\/div>\n\t\t<\/div>\n\t\t\t\t\t<\/div>\n\t\t<\/section>\n\t\t\t\t<section class=\"elementor-section elementor-inner-section elementor-element elementor-element-13d7e85 elementor-section-boxed elementor-section-height-default elementor-section-height-default\" data-id=\"13d7e85\" data-element_type=\"section\">\n\t\t\t\t\t\t<div class=\"elementor-container elementor-column-gap-default\">\n\t\t\t\t\t<div class=\"elementor-column elementor-col-50 elementor-inner-column elementor-element elementor-element-a997561\" data-id=\"a997561\" data-element_type=\"column\">\n\t\t\t<div class=\"elementor-widget-wrap elementor-element-populated\">\n\t\t\t\t\t\t<div class=\"elementor-element elementor-element-5478bdd elementor-widget elementor-widget-heading\" data-id=\"5478bdd\" data-element_type=\"widget\" data-widget_type=\"heading.default\">\n\t\t\t\t<div class=\"elementor-widget-container\">\n\t\t\t\t\t<h4 class=\"elementor-heading-title elementor-size-default\">Tome 13<\/h4>\t\t\t\t<\/div>\n\t\t\t\t<\/div>\n\t\t\t\t<div class=\"elementor-element elementor-element-097ff7e elementor-widget elementor-widget-heading\" data-id=\"097ff7e\" data-element_type=\"widget\" data-widget_type=\"heading.default\">\n\t\t\t\t<div class=\"elementor-widget-container\">\n\t\t\t\t\t<p class=\"elementor-heading-title elementor-size-default\">Grabm\u00e4ler der Luxemburger. Image und Memoria eines Kaiserhauses, \u00e9d. sous la direction de Michael Viktor Schwarz, Luxemburg 1997.\n\n\n\n\n\n\n\n\n<br><br><br>\n<b>Prix : 24.00\u20ac <s>(49.00\u20ac)<\/s>\n<\/b><br><br>ISBN 2-919979-09-4\n\n\n\n\n\n\n\n<\/p>\t\t\t\t<\/div>\n\t\t\t\t<\/div>\n\t\t\t\t\t<\/div>\n\t\t<\/div>\n\t\t\t\t<div class=\"elementor-column elementor-col-50 elementor-inner-column elementor-element elementor-element-c2bd0b3\" data-id=\"c2bd0b3\" data-element_type=\"column\">\n\t\t\t<div class=\"elementor-widget-wrap elementor-element-populated\">\n\t\t\t\t\t\t<div class=\"elementor-element elementor-element-4b43ae8 elementor-widget elementor-widget-image\" data-id=\"4b43ae8\" data-element_type=\"widget\" data-widget_type=\"image.default\">\n\t\t\t\t<div class=\"elementor-widget-container\">\n\t\t\t\t\t\t\t\t\t\t\t\t\t\t\t<img loading=\"lazy\" decoding=\"async\" width=\"232\" height=\"300\" src=\"https:\/\/www.cludem.lu\/wp-content\/uploads\/2023\/07\/T.-13-Grabmaler-232x300.jpg\" class=\"attachment-medium size-medium wp-image-2191\" alt=\"\" srcset=\"https:\/\/www.cludem.lu\/wp-content\/uploads\/2023\/07\/T.-13-Grabmaler-232x300.jpg 232w, https:\/\/www.cludem.lu\/wp-content\/uploads\/2023\/07\/T.-13-Grabmaler-9x12.jpg 9w, https:\/\/www.cludem.lu\/wp-content\/uploads\/2023\/07\/T.-13-Grabmaler.jpg 638w\" sizes=\"(max-width: 232px) 100vw, 232px\" \/>\t\t\t\t\t\t\t\t\t\t\t\t\t\t\t<\/div>\n\t\t\t\t<\/div>\n\t\t\t\t\t<\/div>\n\t\t<\/div>\n\t\t\t\t\t<\/div>\n\t\t<\/section>\n\t\t\t\t<section class=\"elementor-section elementor-inner-section elementor-element elementor-element-8692bf0 elementor-section-boxed elementor-section-height-default elementor-section-height-default\" data-id=\"8692bf0\" data-element_type=\"section\">\n\t\t\t\t\t\t<div class=\"elementor-container elementor-column-gap-default\">\n\t\t\t\t\t<div class=\"elementor-column elementor-col-100 elementor-inner-column elementor-element elementor-element-01e3b72\" data-id=\"01e3b72\" data-element_type=\"column\">\n\t\t\t<div class=\"elementor-widget-wrap elementor-element-populated\">\n\t\t\t\t\t\t<div class=\"elementor-element elementor-element-0058a90 elementor-widget-divider--view-line elementor-widget elementor-widget-divider\" data-id=\"0058a90\" data-element_type=\"widget\" data-widget_type=\"divider.default\">\n\t\t\t\t<div class=\"elementor-widget-container\">\n\t\t\t\t\t\t\t<div class=\"elementor-divider\">\n\t\t\t<span class=\"elementor-divider-separator\">\n\t\t\t\t\t\t<\/span>\n\t\t<\/div>\n\t\t\t\t\t\t<\/div>\n\t\t\t\t<\/div>\n\t\t\t\t\t<\/div>\n\t\t<\/div>\n\t\t\t\t\t<\/div>\n\t\t<\/section>\n\t\t\t\t<section class=\"elementor-section elementor-inner-section elementor-element elementor-element-09adaf9 elementor-section-boxed elementor-section-height-default elementor-section-height-default\" data-id=\"09adaf9\" data-element_type=\"section\">\n\t\t\t\t\t\t<div class=\"elementor-container elementor-column-gap-default\">\n\t\t\t\t\t<div class=\"elementor-column elementor-col-50 elementor-inner-column elementor-element elementor-element-9ff9b2f\" data-id=\"9ff9b2f\" data-element_type=\"column\">\n\t\t\t<div class=\"elementor-widget-wrap elementor-element-populated\">\n\t\t\t\t\t\t<div class=\"elementor-element elementor-element-a7fefa6 elementor-widget elementor-widget-heading\" data-id=\"a7fefa6\" data-element_type=\"widget\" data-widget_type=\"heading.default\">\n\t\t\t\t<div class=\"elementor-widget-container\">\n\t\t\t\t\t<h4 class=\"elementor-heading-title elementor-size-default\">Tome 14<\/h4>\t\t\t\t<\/div>\n\t\t\t\t<\/div>\n\t\t\t\t<div class=\"elementor-element elementor-element-c0cf75f elementor-widget elementor-widget-heading\" data-id=\"c0cf75f\" data-element_type=\"widget\" data-widget_type=\"heading.default\">\n\t\t\t\t<div class=\"elementor-widget-container\">\n\t\t\t\t\t<p class=\"elementor-heading-title elementor-size-default\">Johann der Blinde, Graf von Luxemburg, K\u00f6nig von B\u00f6hmen\/Jean l\u2019Aveugle, Comte de Luxembourg, Roi de Boh\u00e8me, 1296-1346. Actes des 9es Journ\u00e9es lotharingiennes, hrg. v. Michel Pauly, Luxemburg 1997, 634 S.\n\n\n\n\n\n\n\n\n\n\n<br><br><br>\n<b>Preis: 25.00\u20ac <s>(50.00\u20ac)<\/s>\n<\/b><br><br>ISBN 2-919979-11-6\n\n\n\n\n\n\n\n\n<\/p>\t\t\t\t<\/div>\n\t\t\t\t<\/div>\n\t\t\t\t\t<\/div>\n\t\t<\/div>\n\t\t\t\t<div class=\"elementor-column elementor-col-50 elementor-inner-column elementor-element elementor-element-c3d8d14\" data-id=\"c3d8d14\" data-element_type=\"column\">\n\t\t\t<div class=\"elementor-widget-wrap elementor-element-populated\">\n\t\t\t\t\t\t<div class=\"elementor-element elementor-element-2eabfb2 elementor-widget elementor-widget-image\" data-id=\"2eabfb2\" data-element_type=\"widget\" data-widget_type=\"image.default\">\n\t\t\t\t<div class=\"elementor-widget-container\">\n\t\t\t\t\t\t\t\t\t\t\t\t\t\t\t<img loading=\"lazy\" decoding=\"async\" width=\"199\" height=\"300\" src=\"https:\/\/www.cludem.lu\/wp-content\/uploads\/2023\/07\/Cover-Johann-der-Blinde_T.-13-199x300.jpg\" class=\"attachment-medium size-medium wp-image-2141\" alt=\"\" srcset=\"https:\/\/www.cludem.lu\/wp-content\/uploads\/2023\/07\/Cover-Johann-der-Blinde_T.-13-199x300.jpg 199w, https:\/\/www.cludem.lu\/wp-content\/uploads\/2023\/07\/Cover-Johann-der-Blinde_T.-13-680x1024.jpg 680w, https:\/\/www.cludem.lu\/wp-content\/uploads\/2023\/07\/Cover-Johann-der-Blinde_T.-13-8x12.jpg 8w, https:\/\/www.cludem.lu\/wp-content\/uploads\/2023\/07\/Cover-Johann-der-Blinde_T.-13.jpg 768w\" sizes=\"(max-width: 199px) 100vw, 199px\" \/>\t\t\t\t\t\t\t\t\t\t\t\t\t\t\t<\/div>\n\t\t\t\t<\/div>\n\t\t\t\t\t<\/div>\n\t\t<\/div>\n\t\t\t\t\t<\/div>\n\t\t<\/section>\n\t\t\t\t<section class=\"elementor-section elementor-inner-section elementor-element elementor-element-3083a74 elementor-section-boxed elementor-section-height-default elementor-section-height-default\" data-id=\"3083a74\" data-element_type=\"section\">\n\t\t\t\t\t\t<div class=\"elementor-container elementor-column-gap-default\">\n\t\t\t\t\t<div class=\"elementor-column elementor-col-100 elementor-inner-column elementor-element elementor-element-b7e4355\" data-id=\"b7e4355\" data-element_type=\"column\">\n\t\t\t<div class=\"elementor-widget-wrap elementor-element-populated\">\n\t\t\t\t\t\t<div class=\"elementor-element elementor-element-1136c72 elementor-widget-divider--view-line elementor-widget elementor-widget-divider\" data-id=\"1136c72\" data-element_type=\"widget\" data-widget_type=\"divider.default\">\n\t\t\t\t<div class=\"elementor-widget-container\">\n\t\t\t\t\t\t\t<div class=\"elementor-divider\">\n\t\t\t<span class=\"elementor-divider-separator\">\n\t\t\t\t\t\t<\/span>\n\t\t<\/div>\n\t\t\t\t\t\t<\/div>\n\t\t\t\t<\/div>\n\t\t\t\t\t<\/div>\n\t\t<\/div>\n\t\t\t\t\t<\/div>\n\t\t<\/section>\n\t\t\t\t<section class=\"elementor-section elementor-inner-section elementor-element elementor-element-7229032 elementor-section-boxed elementor-section-height-default elementor-section-height-default\" data-id=\"7229032\" data-element_type=\"section\">\n\t\t\t\t\t\t<div class=\"elementor-container elementor-column-gap-default\">\n\t\t\t\t\t<div class=\"elementor-column elementor-col-50 elementor-inner-column elementor-element elementor-element-dc31e7d\" data-id=\"dc31e7d\" data-element_type=\"column\">\n\t\t\t<div class=\"elementor-widget-wrap elementor-element-populated\">\n\t\t\t\t\t\t<div class=\"elementor-element elementor-element-e7c3489 elementor-widget elementor-widget-heading\" data-id=\"e7c3489\" data-element_type=\"widget\" data-widget_type=\"heading.default\">\n\t\t\t\t<div class=\"elementor-widget-container\">\n\t\t\t\t\t<h4 class=\"elementor-heading-title elementor-size-default\">Tome 15<\/h4>\t\t\t\t<\/div>\n\t\t\t\t<\/div>\n\t\t\t\t<div class=\"elementor-element elementor-element-a802cf2 elementor-widget elementor-widget-heading\" data-id=\"a802cf2\" data-element_type=\"widget\" data-widget_type=\"heading.default\">\n\t\t\t\t<div class=\"elementor-widget-container\">\n\t\t\t\t\t<p class=\"elementor-heading-title elementor-size-default\">Die Abtei Echternach 698-1998, hrg. v. M. C. Ferrari, J. Schroeder, H. Trauffler, Luxemburg 1998, 374 S., zahlr. Abb. \n\n\n\n\n\n\n\n\n\n\n<br><br><br>\n<b>Prix : 35.00\u20ac <s>(69.00\u20ac)<\/s>\n<\/b><br><br>ISBN 2-919979-12-4\n\n\n\n\n\n\n\n\n\n<\/p>\t\t\t\t<\/div>\n\t\t\t\t<\/div>\n\t\t\t\t\t<\/div>\n\t\t<\/div>\n\t\t\t\t<div class=\"elementor-column elementor-col-50 elementor-inner-column elementor-element elementor-element-2c25e0c\" data-id=\"2c25e0c\" data-element_type=\"column\">\n\t\t\t<div class=\"elementor-widget-wrap elementor-element-populated\">\n\t\t\t\t\t\t<div class=\"elementor-element elementor-element-2c03a92 elementor-widget elementor-widget-image\" data-id=\"2c03a92\" data-element_type=\"widget\" data-widget_type=\"image.default\">\n\t\t\t\t<div class=\"elementor-widget-container\">\n\t\t\t\t\t\t\t\t\t\t\t\t\t\t\t<img loading=\"lazy\" decoding=\"async\" width=\"218\" height=\"300\" src=\"https:\/\/www.cludem.lu\/wp-content\/uploads\/2023\/07\/T.-15-218x300.jpg\" class=\"attachment-medium size-medium wp-image-2174\" alt=\"\" srcset=\"https:\/\/www.cludem.lu\/wp-content\/uploads\/2023\/07\/T.-15-218x300.jpg 218w, https:\/\/www.cludem.lu\/wp-content\/uploads\/2023\/07\/T.-15-9x12.jpg 9w, https:\/\/www.cludem.lu\/wp-content\/uploads\/2023\/07\/T.-15.jpg 425w\" sizes=\"(max-width: 218px) 100vw, 218px\" \/>\t\t\t\t\t\t\t\t\t\t\t\t\t\t\t<\/div>\n\t\t\t\t<\/div>\n\t\t\t\t\t<\/div>\n\t\t<\/div>\n\t\t\t\t\t<\/div>\n\t\t<\/section>\n\t\t\t\t<section class=\"elementor-section elementor-inner-section elementor-element elementor-element-babe6ba elementor-section-boxed elementor-section-height-default elementor-section-height-default\" data-id=\"babe6ba\" data-element_type=\"section\">\n\t\t\t\t\t\t<div class=\"elementor-container elementor-column-gap-default\">\n\t\t\t\t\t<div class=\"elementor-column elementor-col-100 elementor-inner-column elementor-element elementor-element-343b007\" data-id=\"343b007\" data-element_type=\"column\">\n\t\t\t<div class=\"elementor-widget-wrap elementor-element-populated\">\n\t\t\t\t\t\t<div class=\"elementor-element elementor-element-239aa35 elementor-widget-divider--view-line elementor-widget elementor-widget-divider\" data-id=\"239aa35\" data-element_type=\"widget\" data-widget_type=\"divider.default\">\n\t\t\t\t<div class=\"elementor-widget-container\">\n\t\t\t\t\t\t\t<div class=\"elementor-divider\">\n\t\t\t<span class=\"elementor-divider-separator\">\n\t\t\t\t\t\t<\/span>\n\t\t<\/div>\n\t\t\t\t\t\t<\/div>\n\t\t\t\t<\/div>\n\t\t\t\t\t<\/div>\n\t\t<\/div>\n\t\t\t\t\t<\/div>\n\t\t<\/section>\n\t\t\t\t<section class=\"elementor-section elementor-inner-section elementor-element elementor-element-96dd7b0 elementor-section-boxed elementor-section-height-default elementor-section-height-default\" data-id=\"96dd7b0\" data-element_type=\"section\">\n\t\t\t\t\t\t<div class=\"elementor-container elementor-column-gap-default\">\n\t\t\t\t\t<div class=\"elementor-column elementor-col-50 elementor-inner-column elementor-element elementor-element-5b2a313\" data-id=\"5b2a313\" data-element_type=\"column\">\n\t\t\t<div class=\"elementor-widget-wrap elementor-element-populated\">\n\t\t\t\t\t\t<div class=\"elementor-element elementor-element-7b87a16 elementor-widget elementor-widget-heading\" data-id=\"7b87a16\" data-element_type=\"widget\" data-widget_type=\"heading.default\">\n\t\t\t\t<div class=\"elementor-widget-container\">\n\t\t\t\t\t<h4 class=\"elementor-heading-title elementor-size-default\">Tome 16<\/h4>\t\t\t\t<\/div>\n\t\t\t\t<\/div>\n\t\t\t\t<div class=\"elementor-element elementor-element-09831e5 elementor-widget elementor-widget-heading\" data-id=\"09831e5\" data-element_type=\"widget\" data-widget_type=\"heading.default\">\n\t\t\t\t<div class=\"elementor-widget-container\">\n\t\t\t\t\t<p class=\"elementor-heading-title elementor-size-default\">L\u2019\u00e9vang\u00e9lisation des r\u00e9gions entre Meuse et Moselle et la fondation de l\u2019abbaye d\u2019Echternach (Ve-IXe si\u00e8cle). Actes des 10es Journ\u00e9es Lotharingiennes, 28-30 octobre 1998, \u00e9d. par Michel Polfer, Luxembourg 2000, 573 p., ill., cartes, plans.\n\n\n<br><br><br>\n<b>Prix : 18.00\u20ac <s>(39.00\u20ac)<\/s><\/b>\n<br><br>\nISBN 2-919979-13-2<\/p>\t\t\t\t<\/div>\n\t\t\t\t<\/div>\n\t\t\t\t\t<\/div>\n\t\t<\/div>\n\t\t\t\t<div class=\"elementor-column elementor-col-50 elementor-inner-column elementor-element elementor-element-a15e79a\" data-id=\"a15e79a\" data-element_type=\"column\">\n\t\t\t<div class=\"elementor-widget-wrap elementor-element-populated\">\n\t\t\t\t\t\t<div class=\"elementor-element elementor-element-feffd9e elementor-widget elementor-widget-image\" data-id=\"feffd9e\" data-element_type=\"widget\" data-widget_type=\"image.default\">\n\t\t\t\t<div class=\"elementor-widget-container\">\n\t\t\t\t\t\t\t\t\t\t\t\t\t\t\t<img loading=\"lazy\" decoding=\"async\" width=\"300\" height=\"300\" src=\"https:\/\/www.cludem.lu\/wp-content\/uploads\/2023\/07\/T.-16-300x300.jpg\" class=\"attachment-medium size-medium wp-image-2178\" alt=\"\" srcset=\"https:\/\/www.cludem.lu\/wp-content\/uploads\/2023\/07\/T.-16-300x300.jpg 300w, https:\/\/www.cludem.lu\/wp-content\/uploads\/2023\/07\/T.-16-150x150.jpg 150w, https:\/\/www.cludem.lu\/wp-content\/uploads\/2023\/07\/T.-16-768x768.jpg 768w, https:\/\/www.cludem.lu\/wp-content\/uploads\/2023\/07\/T.-16-12x12.jpg 12w, https:\/\/www.cludem.lu\/wp-content\/uploads\/2023\/07\/T.-16.jpg 1000w\" sizes=\"(max-width: 300px) 100vw, 300px\" \/>\t\t\t\t\t\t\t\t\t\t\t\t\t\t\t<\/div>\n\t\t\t\t<\/div>\n\t\t\t\t\t<\/div>\n\t\t<\/div>\n\t\t\t\t\t<\/div>\n\t\t<\/section>\n\t\t\t\t<section class=\"elementor-section elementor-inner-section elementor-element elementor-element-1dcc0d8 elementor-section-boxed elementor-section-height-default elementor-section-height-default\" data-id=\"1dcc0d8\" data-element_type=\"section\">\n\t\t\t\t\t\t<div class=\"elementor-container elementor-column-gap-default\">\n\t\t\t\t\t<div class=\"elementor-column elementor-col-100 elementor-inner-column elementor-element elementor-element-4cd9535\" data-id=\"4cd9535\" data-element_type=\"column\">\n\t\t\t<div class=\"elementor-widget-wrap elementor-element-populated\">\n\t\t\t\t\t\t<div class=\"elementor-element elementor-element-2b01e2f elementor-widget-divider--view-line elementor-widget elementor-widget-divider\" data-id=\"2b01e2f\" data-element_type=\"widget\" data-widget_type=\"divider.default\">\n\t\t\t\t<div class=\"elementor-widget-container\">\n\t\t\t\t\t\t\t<div class=\"elementor-divider\">\n\t\t\t<span class=\"elementor-divider-separator\">\n\t\t\t\t\t\t<\/span>\n\t\t<\/div>\n\t\t\t\t\t\t<\/div>\n\t\t\t\t<\/div>\n\t\t\t\t\t<\/div>\n\t\t<\/div>\n\t\t\t\t\t<\/div>\n\t\t<\/section>\n\t\t\t\t<section class=\"elementor-section elementor-inner-section elementor-element elementor-element-1efa547 elementor-section-boxed elementor-section-height-default elementor-section-height-default\" data-id=\"1efa547\" data-element_type=\"section\">\n\t\t\t\t\t\t<div class=\"elementor-container elementor-column-gap-default\">\n\t\t\t\t\t<div class=\"elementor-column elementor-col-50 elementor-inner-column elementor-element elementor-element-d3471e5\" data-id=\"d3471e5\" data-element_type=\"column\">\n\t\t\t<div class=\"elementor-widget-wrap elementor-element-populated\">\n\t\t\t\t\t\t<div class=\"elementor-element elementor-element-f8f91c6 elementor-widget elementor-widget-heading\" data-id=\"f8f91c6\" data-element_type=\"widget\" data-widget_type=\"heading.default\">\n\t\t\t\t<div class=\"elementor-widget-container\">\n\t\t\t\t\t<h4 class=\"elementor-heading-title elementor-size-default\">Tome 17<\/h4>\t\t\t\t<\/div>\n\t\t\t\t<\/div>\n\t\t\t\t<div class=\"elementor-element elementor-element-03a4b65 elementor-widget elementor-widget-heading\" data-id=\"03a4b65\" data-element_type=\"widget\" data-widget_type=\"heading.default\">\n\t\t\t\t<div class=\"elementor-widget-container\">\n\t\t\t\t\t<p class=\"elementor-heading-title elementor-size-default\">Messen, Jahrm\u00e4rkte und Stadtentwicklung in Europa \/ Foires, march\u00e9s annuels et d\u00e9veloppement urbain en Europe, hrg. v. Franz Irsigler und\/et Michel Pauly, Trier \/ Luxemburg 2007, 314 S.\n\n\n<br><br><br>\n<b>Prix : 23.00\u20ac <s>(46.00\u20ac)<\/s><\/b>\n<br><br>\nISBN 978-3-933701-22-0<\/p>\t\t\t\t<\/div>\n\t\t\t\t<\/div>\n\t\t\t\t\t<\/div>\n\t\t<\/div>\n\t\t\t\t<div class=\"elementor-column elementor-col-50 elementor-inner-column elementor-element elementor-element-571af55\" data-id=\"571af55\" data-element_type=\"column\">\n\t\t\t<div class=\"elementor-widget-wrap elementor-element-populated\">\n\t\t\t\t\t\t<div class=\"elementor-element elementor-element-a16a657 elementor-widget elementor-widget-image\" data-id=\"a16a657\" data-element_type=\"widget\" data-widget_type=\"image.default\">\n\t\t\t\t<div class=\"elementor-widget-container\">\n\t\t\t\t\t\t\t\t\t\t\t\t\t\t\t<img loading=\"lazy\" decoding=\"async\" width=\"203\" height=\"300\" src=\"https:\/\/www.cludem.lu\/wp-content\/uploads\/2023\/07\/T.-17-203x300.jpg\" class=\"attachment-medium size-medium wp-image-2182\" alt=\"\" srcset=\"https:\/\/www.cludem.lu\/wp-content\/uploads\/2023\/07\/T.-17-203x300.jpg 203w, https:\/\/www.cludem.lu\/wp-content\/uploads\/2023\/07\/T.-17-8x12.jpg 8w, https:\/\/www.cludem.lu\/wp-content\/uploads\/2023\/07\/T.-17.jpg 406w\" sizes=\"(max-width: 203px) 100vw, 203px\" \/>\t\t\t\t\t\t\t\t\t\t\t\t\t\t\t<\/div>\n\t\t\t\t<\/div>\n\t\t\t\t\t<\/div>\n\t\t<\/div>\n\t\t\t\t\t<\/div>\n\t\t<\/section>\n\t\t\t\t<section class=\"elementor-section elementor-inner-section elementor-element elementor-element-202ad5b elementor-section-boxed elementor-section-height-default elementor-section-height-default\" data-id=\"202ad5b\" data-element_type=\"section\">\n\t\t\t\t\t\t<div class=\"elementor-container elementor-column-gap-default\">\n\t\t\t\t\t<div class=\"elementor-column elementor-col-100 elementor-inner-column elementor-element elementor-element-87056f8\" data-id=\"87056f8\" data-element_type=\"column\">\n\t\t\t<div class=\"elementor-widget-wrap elementor-element-populated\">\n\t\t\t\t\t\t<div class=\"elementor-element elementor-element-816c704 elementor-widget-divider--view-line elementor-widget elementor-widget-divider\" data-id=\"816c704\" data-element_type=\"widget\" data-widget_type=\"divider.default\">\n\t\t\t\t<div class=\"elementor-widget-container\">\n\t\t\t\t\t\t\t<div class=\"elementor-divider\">\n\t\t\t<span class=\"elementor-divider-separator\">\n\t\t\t\t\t\t<\/span>\n\t\t<\/div>\n\t\t\t\t\t\t<\/div>\n\t\t\t\t<\/div>\n\t\t\t\t\t<\/div>\n\t\t<\/div>\n\t\t\t\t\t<\/div>\n\t\t<\/section>\n\t\t\t\t<section class=\"elementor-section elementor-inner-section elementor-element elementor-element-1d49b40 elementor-section-boxed elementor-section-height-default elementor-section-height-default\" data-id=\"1d49b40\" data-element_type=\"section\">\n\t\t\t\t\t\t<div class=\"elementor-container elementor-column-gap-default\">\n\t\t\t\t\t<div class=\"elementor-column elementor-col-50 elementor-inner-column elementor-element elementor-element-7c1a6a5\" data-id=\"7c1a6a5\" data-element_type=\"column\">\n\t\t\t<div class=\"elementor-widget-wrap elementor-element-populated\">\n\t\t\t\t\t\t<div class=\"elementor-element elementor-element-b24421a elementor-widget elementor-widget-heading\" data-id=\"b24421a\" data-element_type=\"widget\" data-widget_type=\"heading.default\">\n\t\t\t\t<div class=\"elementor-widget-container\">\n\t\t\t\t\t<h4 class=\"elementor-heading-title elementor-size-default\">Tome 18<\/h4>\t\t\t\t<\/div>\n\t\t\t\t<\/div>\n\t\t\t\t<div class=\"elementor-element elementor-element-8b444a8 elementor-widget elementor-widget-heading\" data-id=\"8b444a8\" data-element_type=\"widget\" data-widget_type=\"heading.default\">\n\t\t\t\t<div class=\"elementor-widget-container\">\n\t\t\t\t\t<p class=\"elementor-heading-title elementor-size-default\">S\u00e9pulture, mort et symbolique du pouvoir au moyen \u00e2ge. Tod, Grabmal und Herrschaftsrepr\u00e4sentation im Mittelalter. Actes des 11es Journ\u00e9es Lotharingiennes, 26-29 septembre 2000, \u00e9d. p. Michel Margue, Luxembourg 2006, 805 p., ill.\n\n\n<br><br><br>\n<b>Prix : 22.00\u20ac <s>(45.00\u20ac)<\/s><\/b>\n<br><br>\nISBN 2-919979-14-0<\/p>\t\t\t\t<\/div>\n\t\t\t\t<\/div>\n\t\t\t\t\t<\/div>\n\t\t<\/div>\n\t\t\t\t<div class=\"elementor-column elementor-col-50 elementor-inner-column elementor-element elementor-element-162bb45\" data-id=\"162bb45\" data-element_type=\"column\">\n\t\t\t<div class=\"elementor-widget-wrap elementor-element-populated\">\n\t\t\t\t\t\t<div class=\"elementor-element elementor-element-d983503 elementor-widget elementor-widget-image\" data-id=\"d983503\" data-element_type=\"widget\" data-widget_type=\"image.default\">\n\t\t\t\t<div class=\"elementor-widget-container\">\n\t\t\t\t\t\t\t\t\t\t\t\t\t\t\t<img loading=\"lazy\" decoding=\"async\" width=\"1676\" height=\"2560\" src=\"https:\/\/www.cludem.lu\/wp-content\/uploads\/2022\/10\/18-scaled.jpg\" class=\"attachment-full size-full wp-image-1440\" alt=\"\" srcset=\"https:\/\/www.cludem.lu\/wp-content\/uploads\/2022\/10\/18-scaled.jpg 1676w, https:\/\/www.cludem.lu\/wp-content\/uploads\/2022\/10\/18-196x300.jpg 196w, https:\/\/www.cludem.lu\/wp-content\/uploads\/2022\/10\/18-670x1024.jpg 670w, https:\/\/www.cludem.lu\/wp-content\/uploads\/2022\/10\/18-768x1173.jpg 768w, https:\/\/www.cludem.lu\/wp-content\/uploads\/2022\/10\/18-1005x1536.jpg 1005w, https:\/\/www.cludem.lu\/wp-content\/uploads\/2022\/10\/18-1340x2048.jpg 1340w, https:\/\/www.cludem.lu\/wp-content\/uploads\/2022\/10\/18-8x12.jpg 8w\" sizes=\"(max-width: 1676px) 100vw, 1676px\" \/>\t\t\t\t\t\t\t\t\t\t\t\t\t\t\t<\/div>\n\t\t\t\t<\/div>\n\t\t\t\t\t<\/div>\n\t\t<\/div>\n\t\t\t\t\t<\/div>\n\t\t<\/section>\n\t\t\t\t<section class=\"elementor-section elementor-inner-section elementor-element elementor-element-9098545 elementor-section-boxed elementor-section-height-default elementor-section-height-default\" data-id=\"9098545\" data-element_type=\"section\">\n\t\t\t\t\t\t<div class=\"elementor-container elementor-column-gap-default\">\n\t\t\t\t\t<div class=\"elementor-column elementor-col-100 elementor-inner-column elementor-element elementor-element-d77f5d3\" data-id=\"d77f5d3\" data-element_type=\"column\">\n\t\t\t<div class=\"elementor-widget-wrap elementor-element-populated\">\n\t\t\t\t\t\t<div class=\"elementor-element elementor-element-9db2e5b elementor-widget-divider--view-line elementor-widget elementor-widget-divider\" data-id=\"9db2e5b\" data-element_type=\"widget\" data-widget_type=\"divider.default\">\n\t\t\t\t<div class=\"elementor-widget-container\">\n\t\t\t\t\t\t\t<div class=\"elementor-divider\">\n\t\t\t<span class=\"elementor-divider-separator\">\n\t\t\t\t\t\t<\/span>\n\t\t<\/div>\n\t\t\t\t\t\t<\/div>\n\t\t\t\t<\/div>\n\t\t\t\t\t<\/div>\n\t\t<\/div>\n\t\t\t\t\t<\/div>\n\t\t<\/section>\n\t\t\t\t<section class=\"elementor-section elementor-inner-section elementor-element elementor-element-072a43d elementor-section-boxed elementor-section-height-default elementor-section-height-default\" data-id=\"072a43d\" data-element_type=\"section\">\n\t\t\t\t\t\t<div class=\"elementor-container elementor-column-gap-default\">\n\t\t\t\t\t<div class=\"elementor-column elementor-col-50 elementor-inner-column elementor-element elementor-element-ae7816a\" data-id=\"ae7816a\" data-element_type=\"column\">\n\t\t\t<div class=\"elementor-widget-wrap elementor-element-populated\">\n\t\t\t\t\t\t<div class=\"elementor-element elementor-element-5cee55e elementor-widget elementor-widget-heading\" data-id=\"5cee55e\" data-element_type=\"widget\" data-widget_type=\"heading.default\">\n\t\t\t\t<div class=\"elementor-widget-container\">\n\t\t\t\t\t<h4 class=\"elementor-heading-title elementor-size-default\">Tome 19<\/h4>\t\t\t\t<\/div>\n\t\t\t\t<\/div>\n\t\t\t\t<div class=\"elementor-element elementor-element-026631e elementor-widget elementor-widget-heading\" data-id=\"026631e\" data-element_type=\"widget\" data-widget_type=\"heading.default\">\n\t\t\t\t<div class=\"elementor-widget-container\">\n\t\t\t\t\t<p class=\"elementor-heading-title elementor-size-default\">Institutions de l\u2019assistance sociale en Lotharingie m\u00e9di\u00e9vale \/ Einrichtungen der sozialen Sicherung im mittelalterlichen Lotharingien. Actes des 13es Journ\u00e9es Lotharingiennes du 12 au 15 octobre 2004, hrg. v. Michel Pauly, Luxembourg 2008. \n\n\n<br><br><br>\n<b>Prix : 49.00\u20ac<\/b>\n<br><br>\nISBN 2-919979-15-9<\/p>\t\t\t\t<\/div>\n\t\t\t\t<\/div>\n\t\t\t\t\t<\/div>\n\t\t<\/div>\n\t\t\t\t<div class=\"elementor-column elementor-col-50 elementor-inner-column elementor-element elementor-element-d5e7811\" data-id=\"d5e7811\" data-element_type=\"column\">\n\t\t\t<div class=\"elementor-widget-wrap elementor-element-populated\">\n\t\t\t\t\t\t<div class=\"elementor-element elementor-element-8aa3468 elementor-widget elementor-widget-image\" data-id=\"8aa3468\" data-element_type=\"widget\" data-widget_type=\"image.default\">\n\t\t\t\t<div class=\"elementor-widget-container\">\n\t\t\t\t\t\t\t\t\t\t\t\t\t\t\t<img loading=\"lazy\" decoding=\"async\" width=\"968\" height=\"1483\" src=\"https:\/\/www.cludem.lu\/wp-content\/uploads\/2022\/10\/19_page-0001.jpg\" class=\"attachment-full size-full wp-image-1445\" alt=\"\" srcset=\"https:\/\/www.cludem.lu\/wp-content\/uploads\/2022\/10\/19_page-0001.jpg 968w, https:\/\/www.cludem.lu\/wp-content\/uploads\/2022\/10\/19_page-0001-196x300.jpg 196w, https:\/\/www.cludem.lu\/wp-content\/uploads\/2022\/10\/19_page-0001-668x1024.jpg 668w, https:\/\/www.cludem.lu\/wp-content\/uploads\/2022\/10\/19_page-0001-768x1177.jpg 768w, https:\/\/www.cludem.lu\/wp-content\/uploads\/2022\/10\/19_page-0001-8x12.jpg 8w\" sizes=\"(max-width: 968px) 100vw, 968px\" \/>\t\t\t\t\t\t\t\t\t\t\t\t\t\t\t<\/div>\n\t\t\t\t<\/div>\n\t\t\t\t\t<\/div>\n\t\t<\/div>\n\t\t\t\t\t<\/div>\n\t\t<\/section>\n\t\t\t\t<section class=\"elementor-section elementor-inner-section elementor-element elementor-element-fbe3561 elementor-section-boxed elementor-section-height-default elementor-section-height-default\" data-id=\"fbe3561\" data-element_type=\"section\">\n\t\t\t\t\t\t<div class=\"elementor-container elementor-column-gap-default\">\n\t\t\t\t\t<div class=\"elementor-column elementor-col-100 elementor-inner-column elementor-element elementor-element-ed5dbcc\" data-id=\"ed5dbcc\" data-element_type=\"column\">\n\t\t\t<div class=\"elementor-widget-wrap elementor-element-populated\">\n\t\t\t\t\t\t<div class=\"elementor-element elementor-element-7fa308d elementor-widget-divider--view-line elementor-widget elementor-widget-divider\" data-id=\"7fa308d\" data-element_type=\"widget\" data-widget_type=\"divider.default\">\n\t\t\t\t<div class=\"elementor-widget-container\">\n\t\t\t\t\t\t\t<div class=\"elementor-divider\">\n\t\t\t<span class=\"elementor-divider-separator\">\n\t\t\t\t\t\t<\/span>\n\t\t<\/div>\n\t\t\t\t\t\t<\/div>\n\t\t\t\t<\/div>\n\t\t\t\t\t<\/div>\n\t\t<\/div>\n\t\t\t\t\t<\/div>\n\t\t<\/section>\n\t\t\t\t<section class=\"elementor-section elementor-inner-section elementor-element elementor-element-5919ccb elementor-section-boxed elementor-section-height-default elementor-section-height-default\" data-id=\"5919ccb\" data-element_type=\"section\">\n\t\t\t\t\t\t<div class=\"elementor-container elementor-column-gap-default\">\n\t\t\t\t\t<div class=\"elementor-column elementor-col-50 elementor-inner-column elementor-element elementor-element-8e8bc79\" data-id=\"8e8bc79\" data-element_type=\"column\">\n\t\t\t<div class=\"elementor-widget-wrap elementor-element-populated\">\n\t\t\t\t\t\t<div class=\"elementor-element elementor-element-1a852d9 elementor-widget elementor-widget-heading\" data-id=\"1a852d9\" data-element_type=\"widget\" data-widget_type=\"heading.default\">\n\t\t\t\t<div class=\"elementor-widget-container\">\n\t\t\t\t\t<h4 class=\"elementor-heading-title elementor-size-default\">Tome 20<\/h4>\t\t\t\t<\/div>\n\t\t\t\t<\/div>\n\t\t\t\t<div class=\"elementor-element elementor-element-be0efc5 elementor-widget elementor-widget-heading\" data-id=\"be0efc5\" data-element_type=\"widget\" data-widget_type=\"heading.default\">\n\t\t\t\t<div class=\"elementor-widget-container\">\n\t\t\t\t\t<p class=\"elementor-heading-title elementor-size-default\">Die Rechnungsb\u00fccher der Stadt Luxemburg. Erstes Heft 1388-1399, hrg. v. Claudine Moulin und Michel Pauly, Luxemburg 2007. \n\n\n<br><br><br>\n<b>Preis: 19.00\u20ac<\/b>\n<br><br>\nISBN 2-919979-16-7\n<br><br>\n<b>Vorzugspreis von 15.00\u20ac bei Abo auf der ganzen Reihe<\/b><\/p>\t\t\t\t<\/div>\n\t\t\t\t<\/div>\n\t\t\t\t\t<\/div>\n\t\t<\/div>\n\t\t\t\t<div class=\"elementor-column elementor-col-50 elementor-inner-column elementor-element elementor-element-bb33643\" data-id=\"bb33643\" data-element_type=\"column\">\n\t\t\t<div class=\"elementor-widget-wrap elementor-element-populated\">\n\t\t\t\t\t\t<div class=\"elementor-element elementor-element-722d2fc elementor-widget elementor-widget-image\" data-id=\"722d2fc\" data-element_type=\"widget\" data-widget_type=\"image.default\">\n\t\t\t\t<div class=\"elementor-widget-container\">\n\t\t\t\t\t\t\t\t\t\t\t\t\t\t\t<img loading=\"lazy\" decoding=\"async\" width=\"261\" height=\"300\" src=\"https:\/\/www.cludem.lu\/wp-content\/uploads\/2022\/12\/Kontenbuch_1-261x300.jpg\" class=\"attachment-medium size-medium wp-image-1826\" alt=\"\" srcset=\"https:\/\/www.cludem.lu\/wp-content\/uploads\/2022\/12\/Kontenbuch_1-261x300.jpg 261w, https:\/\/www.cludem.lu\/wp-content\/uploads\/2022\/12\/Kontenbuch_1-10x12.jpg 10w, https:\/\/www.cludem.lu\/wp-content\/uploads\/2022\/12\/Kontenbuch_1.jpg 709w\" sizes=\"(max-width: 261px) 100vw, 261px\" \/>\t\t\t\t\t\t\t\t\t\t\t\t\t\t\t<\/div>\n\t\t\t\t<\/div>\n\t\t\t\t\t<\/div>\n\t\t<\/div>\n\t\t\t\t\t<\/div>\n\t\t<\/section>\n\t\t\t\t<section class=\"elementor-section elementor-inner-section elementor-element elementor-element-6ce57ff elementor-section-boxed elementor-section-height-default elementor-section-height-default\" data-id=\"6ce57ff\" data-element_type=\"section\">\n\t\t\t\t\t\t<div class=\"elementor-container elementor-column-gap-default\">\n\t\t\t\t\t<div class=\"elementor-column elementor-col-100 elementor-inner-column elementor-element elementor-element-4f8dc26\" data-id=\"4f8dc26\" data-element_type=\"column\">\n\t\t\t<div class=\"elementor-widget-wrap elementor-element-populated\">\n\t\t\t\t\t\t<div class=\"elementor-element elementor-element-c70a2bc elementor-widget-divider--view-line elementor-widget elementor-widget-divider\" data-id=\"c70a2bc\" data-element_type=\"widget\" data-widget_type=\"divider.default\">\n\t\t\t\t<div class=\"elementor-widget-container\">\n\t\t\t\t\t\t\t<div class=\"elementor-divider\">\n\t\t\t<span class=\"elementor-divider-separator\">\n\t\t\t\t\t\t<\/span>\n\t\t<\/div>\n\t\t\t\t\t\t<\/div>\n\t\t\t\t<\/div>\n\t\t\t\t\t<\/div>\n\t\t<\/div>\n\t\t\t\t\t<\/div>\n\t\t<\/section>\n\t\t\t\t<section class=\"elementor-section elementor-inner-section elementor-element elementor-element-c734ffb elementor-section-boxed elementor-section-height-default elementor-section-height-default\" data-id=\"c734ffb\" data-element_type=\"section\">\n\t\t\t\t\t\t<div class=\"elementor-container elementor-column-gap-default\">\n\t\t\t\t\t<div class=\"elementor-column elementor-col-50 elementor-inner-column elementor-element elementor-element-78f8ec5\" data-id=\"78f8ec5\" data-element_type=\"column\">\n\t\t\t<div class=\"elementor-widget-wrap elementor-element-populated\">\n\t\t\t\t\t\t<div class=\"elementor-element elementor-element-09f23f6 elementor-widget elementor-widget-heading\" data-id=\"09f23f6\" data-element_type=\"widget\" data-widget_type=\"heading.default\">\n\t\t\t\t<div class=\"elementor-widget-container\">\n\t\t\t\t\t<h4 class=\"elementor-heading-title elementor-size-default\">Tome 21<\/h4>\t\t\t\t<\/div>\n\t\t\t\t<\/div>\n\t\t\t\t<div class=\"elementor-element elementor-element-6fa49c3 elementor-widget elementor-widget-heading\" data-id=\"6fa49c3\" data-element_type=\"widget\" data-widget_type=\"heading.default\">\n\t\t\t\t<div class=\"elementor-widget-container\">\n\t\t\t\t\t<p class=\"elementor-heading-title elementor-size-default\">Die Rechnungsb\u00fccher der Stadt Luxemburg. Zweites Heft 1400-1430, hrg. v. Claudine Moulin und Michel Pauly, Luxemburg 2008.\n\n\n<br><br><br>\n<b>Preis: 19.00\u20ac<\/b>\n<br><br>\nISBN 2-919979-18-3\n<br><br>\n<b>Vorzugspreis von 15.00\u20ac bei Abo auf der ganzen Reihe<\/b><\/p>\t\t\t\t<\/div>\n\t\t\t\t<\/div>\n\t\t\t\t\t<\/div>\n\t\t<\/div>\n\t\t\t\t<div class=\"elementor-column elementor-col-50 elementor-inner-column elementor-element elementor-element-dd365f7\" data-id=\"dd365f7\" data-element_type=\"column\">\n\t\t\t<div class=\"elementor-widget-wrap elementor-element-populated\">\n\t\t\t\t\t\t<div class=\"elementor-element elementor-element-36d2c66 elementor-widget elementor-widget-image\" data-id=\"36d2c66\" data-element_type=\"widget\" data-widget_type=\"image.default\">\n\t\t\t\t<div class=\"elementor-widget-container\">\n\t\t\t\t\t\t\t\t\t\t\t\t\t\t\t<img loading=\"lazy\" decoding=\"async\" width=\"1275\" height=\"1453\" src=\"https:\/\/www.cludem.lu\/wp-content\/uploads\/2022\/10\/21_page-0001.jpg\" class=\"attachment-full size-full wp-image-1444\" alt=\"\" srcset=\"https:\/\/www.cludem.lu\/wp-content\/uploads\/2022\/10\/21_page-0001.jpg 1275w, https:\/\/www.cludem.lu\/wp-content\/uploads\/2022\/10\/21_page-0001-263x300.jpg 263w, https:\/\/www.cludem.lu\/wp-content\/uploads\/2022\/10\/21_page-0001-899x1024.jpg 899w, https:\/\/www.cludem.lu\/wp-content\/uploads\/2022\/10\/21_page-0001-768x875.jpg 768w, https:\/\/www.cludem.lu\/wp-content\/uploads\/2022\/10\/21_page-0001-11x12.jpg 11w\" sizes=\"(max-width: 1275px) 100vw, 1275px\" \/>\t\t\t\t\t\t\t\t\t\t\t\t\t\t\t<\/div>\n\t\t\t\t<\/div>\n\t\t\t\t\t<\/div>\n\t\t<\/div>\n\t\t\t\t\t<\/div>\n\t\t<\/section>\n\t\t\t\t<section class=\"elementor-section elementor-inner-section elementor-element elementor-element-e860682 elementor-section-boxed elementor-section-height-default elementor-section-height-default\" data-id=\"e860682\" data-element_type=\"section\">\n\t\t\t\t\t\t<div class=\"elementor-container elementor-column-gap-default\">\n\t\t\t\t\t<div class=\"elementor-column elementor-col-100 elementor-inner-column elementor-element elementor-element-a730e27\" data-id=\"a730e27\" data-element_type=\"column\">\n\t\t\t<div class=\"elementor-widget-wrap elementor-element-populated\">\n\t\t\t\t\t\t<div class=\"elementor-element elementor-element-811e459 elementor-widget-divider--view-line elementor-widget elementor-widget-divider\" data-id=\"811e459\" data-element_type=\"widget\" data-widget_type=\"divider.default\">\n\t\t\t\t<div class=\"elementor-widget-container\">\n\t\t\t\t\t\t\t<div class=\"elementor-divider\">\n\t\t\t<span class=\"elementor-divider-separator\">\n\t\t\t\t\t\t<\/span>\n\t\t<\/div>\n\t\t\t\t\t\t<\/div>\n\t\t\t\t<\/div>\n\t\t\t\t\t<\/div>\n\t\t<\/div>\n\t\t\t\t\t<\/div>\n\t\t<\/section>\n\t\t\t\t<section class=\"elementor-section elementor-inner-section elementor-element elementor-element-bd468b4 elementor-section-boxed elementor-section-height-default elementor-section-height-default\" data-id=\"bd468b4\" data-element_type=\"section\">\n\t\t\t\t\t\t<div class=\"elementor-container elementor-column-gap-default\">\n\t\t\t\t\t<div class=\"elementor-column elementor-col-50 elementor-inner-column elementor-element elementor-element-5fa8448\" data-id=\"5fa8448\" data-element_type=\"column\">\n\t\t\t<div class=\"elementor-widget-wrap elementor-element-populated\">\n\t\t\t\t\t\t<div class=\"elementor-element elementor-element-0c19bfd elementor-widget elementor-widget-heading\" data-id=\"0c19bfd\" data-element_type=\"widget\" data-widget_type=\"heading.default\">\n\t\t\t\t<div class=\"elementor-widget-container\">\n\t\t\t\t\t<h4 class=\"elementor-heading-title elementor-size-default\">Tome 22<\/h4>\t\t\t\t<\/div>\n\t\t\t\t<\/div>\n\t\t\t\t<div class=\"elementor-element elementor-element-298d3ef elementor-widget elementor-widget-heading\" data-id=\"298d3ef\" data-element_type=\"widget\" data-widget_type=\"heading.default\">\n\t\t\t\t<div class=\"elementor-widget-container\">\n\t\t\t\t\t<p class=\"elementor-heading-title elementor-size-default\">Urkunden- und Quellenbuch zur Geschichte der altluxemburgischen Territorien, begr\u00fcndet von Camille Wampach, Band XI: Die Urkunden Graf Johanns des Blinden (1310-1346), Teil 2: Die Urkunden aus den Archives g\u00e9n\u00e9rales du Royaume in Br\u00fcssel, hrg. v. Aloyse Estgen, Michel Pauly, H\u00e9rold Pettiau und Jean Schroeder, Luxemburg 2009. \n\n<br><br><br>\n<b>Prix : 18.00\u20ac <s>(36.00\u20ac)<\/s><\/b>\n<br><br>\nISBN 2-919979-17-5<\/p>\t\t\t\t<\/div>\n\t\t\t\t<\/div>\n\t\t\t\t\t<\/div>\n\t\t<\/div>\n\t\t\t\t<div class=\"elementor-column elementor-col-50 elementor-inner-column elementor-element elementor-element-89cb635\" data-id=\"89cb635\" data-element_type=\"column\">\n\t\t\t<div class=\"elementor-widget-wrap\">\n\t\t\t\t\t\t\t<\/div>\n\t\t<\/div>\n\t\t\t\t\t<\/div>\n\t\t<\/section>\n\t\t\t\t<section class=\"elementor-section elementor-inner-section elementor-element elementor-element-054f928 elementor-section-boxed elementor-section-height-default elementor-section-height-default\" data-id=\"054f928\" data-element_type=\"section\">\n\t\t\t\t\t\t<div class=\"elementor-container elementor-column-gap-default\">\n\t\t\t\t\t<div class=\"elementor-column elementor-col-100 elementor-inner-column elementor-element elementor-element-c53658b\" data-id=\"c53658b\" data-element_type=\"column\">\n\t\t\t<div class=\"elementor-widget-wrap elementor-element-populated\">\n\t\t\t\t\t\t<div class=\"elementor-element elementor-element-faaad67 elementor-widget-divider--view-line elementor-widget elementor-widget-divider\" data-id=\"faaad67\" data-element_type=\"widget\" data-widget_type=\"divider.default\">\n\t\t\t\t<div class=\"elementor-widget-container\">\n\t\t\t\t\t\t\t<div class=\"elementor-divider\">\n\t\t\t<span class=\"elementor-divider-separator\">\n\t\t\t\t\t\t<\/span>\n\t\t<\/div>\n\t\t\t\t\t\t<\/div>\n\t\t\t\t<\/div>\n\t\t\t\t\t<\/div>\n\t\t<\/div>\n\t\t\t\t\t<\/div>\n\t\t<\/section>\n\t\t\t\t<section class=\"elementor-section elementor-inner-section elementor-element elementor-element-0aaa8c3 elementor-section-boxed elementor-section-height-default elementor-section-height-default\" data-id=\"0aaa8c3\" data-element_type=\"section\">\n\t\t\t\t\t\t<div class=\"elementor-container elementor-column-gap-default\">\n\t\t\t\t\t<div class=\"elementor-column elementor-col-50 elementor-inner-column elementor-element elementor-element-8c85828\" data-id=\"8c85828\" data-element_type=\"column\">\n\t\t\t<div class=\"elementor-widget-wrap elementor-element-populated\">\n\t\t\t\t\t\t<div class=\"elementor-element elementor-element-a600b04 elementor-widget elementor-widget-heading\" data-id=\"a600b04\" data-element_type=\"widget\" data-widget_type=\"heading.default\">\n\t\t\t\t<div class=\"elementor-widget-container\">\n\t\t\t\t\t<h4 class=\"elementor-heading-title elementor-size-default\">Tome 23<\/h4>\t\t\t\t<\/div>\n\t\t\t\t<\/div>\n\t\t\t\t<div class=\"elementor-element elementor-element-1951a46 elementor-widget elementor-widget-heading\" data-id=\"1951a46\" data-element_type=\"widget\" data-widget_type=\"heading.default\">\n\t\t\t\t<div class=\"elementor-widget-container\">\n\t\t\t\t\t<p class=\"elementor-heading-title elementor-size-default\">Vom luxemburgischen Grafen zum europ\u00e4ischen Herrscher. Neue Forschungen zu Heinrich VII., hrg. v. Ellen Widder unter Mitarbeit von Wolfgang Krauth, Luxemburg 2008, 424 S. \n\n\n\n<br><br><br>\n<b>Prix : 49.00\u20ac<\/b>\n<br><br>\nISBN 2-919979-19-1<\/p>\t\t\t\t<\/div>\n\t\t\t\t<\/div>\n\t\t\t\t\t<\/div>\n\t\t<\/div>\n\t\t\t\t<div class=\"elementor-column elementor-col-50 elementor-inner-column elementor-element elementor-element-1af8634\" data-id=\"1af8634\" data-element_type=\"column\">\n\t\t\t<div class=\"elementor-widget-wrap elementor-element-populated\">\n\t\t\t\t\t\t<div class=\"elementor-element elementor-element-5777dd0 elementor-widget elementor-widget-image\" data-id=\"5777dd0\" data-element_type=\"widget\" data-widget_type=\"image.default\">\n\t\t\t\t<div class=\"elementor-widget-container\">\n\t\t\t\t\t\t\t\t\t\t\t\t\t\t\t<img loading=\"lazy\" decoding=\"async\" width=\"934\" height=\"1453\" src=\"https:\/\/www.cludem.lu\/wp-content\/uploads\/2022\/10\/23_page-0001.jpg\" class=\"attachment-full size-full wp-image-1446\" alt=\"\" srcset=\"https:\/\/www.cludem.lu\/wp-content\/uploads\/2022\/10\/23_page-0001.jpg 934w, https:\/\/www.cludem.lu\/wp-content\/uploads\/2022\/10\/23_page-0001-193x300.jpg 193w, https:\/\/www.cludem.lu\/wp-content\/uploads\/2022\/10\/23_page-0001-658x1024.jpg 658w, https:\/\/www.cludem.lu\/wp-content\/uploads\/2022\/10\/23_page-0001-768x1195.jpg 768w, https:\/\/www.cludem.lu\/wp-content\/uploads\/2022\/10\/23_page-0001-8x12.jpg 8w\" sizes=\"(max-width: 934px) 100vw, 934px\" \/>\t\t\t\t\t\t\t\t\t\t\t\t\t\t\t<\/div>\n\t\t\t\t<\/div>\n\t\t\t\t\t<\/div>\n\t\t<\/div>\n\t\t\t\t\t<\/div>\n\t\t<\/section>\n\t\t\t\t<section class=\"elementor-section elementor-inner-section elementor-element elementor-element-685d3d9 elementor-section-boxed elementor-section-height-default elementor-section-height-default\" data-id=\"685d3d9\" data-element_type=\"section\">\n\t\t\t\t\t\t<div class=\"elementor-container elementor-column-gap-default\">\n\t\t\t\t\t<div class=\"elementor-column elementor-col-100 elementor-inner-column elementor-element elementor-element-7e34063\" data-id=\"7e34063\" data-element_type=\"column\">\n\t\t\t<div class=\"elementor-widget-wrap elementor-element-populated\">\n\t\t\t\t\t\t<div class=\"elementor-element elementor-element-d90e6b9 elementor-widget-divider--view-line elementor-widget elementor-widget-divider\" data-id=\"d90e6b9\" data-element_type=\"widget\" data-widget_type=\"divider.default\">\n\t\t\t\t<div class=\"elementor-widget-container\">\n\t\t\t\t\t\t\t<div class=\"elementor-divider\">\n\t\t\t<span class=\"elementor-divider-separator\">\n\t\t\t\t\t\t<\/span>\n\t\t<\/div>\n\t\t\t\t\t\t<\/div>\n\t\t\t\t<\/div>\n\t\t\t\t\t<\/div>\n\t\t<\/div>\n\t\t\t\t\t<\/div>\n\t\t<\/section>\n\t\t\t\t<section class=\"elementor-section elementor-inner-section elementor-element elementor-element-f3a3871 elementor-section-boxed elementor-section-height-default elementor-section-height-default\" data-id=\"f3a3871\" data-element_type=\"section\">\n\t\t\t\t\t\t<div class=\"elementor-container elementor-column-gap-default\">\n\t\t\t\t\t<div class=\"elementor-column elementor-col-50 elementor-inner-column elementor-element elementor-element-885a32a\" data-id=\"885a32a\" data-element_type=\"column\">\n\t\t\t<div class=\"elementor-widget-wrap elementor-element-populated\">\n\t\t\t\t\t\t<div class=\"elementor-element elementor-element-e8c4ccd elementor-widget elementor-widget-heading\" data-id=\"e8c4ccd\" data-element_type=\"widget\" data-widget_type=\"heading.default\">\n\t\t\t\t<div class=\"elementor-widget-container\">\n\t\t\t\t\t<h4 class=\"elementor-heading-title elementor-size-default\">Tome 24<\/h4>\t\t\t\t<\/div>\n\t\t\t\t<\/div>\n\t\t\t\t<div class=\"elementor-element elementor-element-00b678c elementor-widget elementor-widget-heading\" data-id=\"00b678c\" data-element_type=\"widget\" data-widget_type=\"heading.default\">\n\t\t\t\t<div class=\"elementor-widget-container\">\n\t\t\t\t\t<p class=\"elementor-heading-title elementor-size-default\">Michel Margue, Michel Pauly, Wolfgang Schmid (Hrsg.), Der Weg zur Kaiserkrone. Der Romzug Heinrichs VII. in der Darstellung Erzbischof Balduins von Trier, Kliomedia Verlag, Trier 2008, 200 S., zahlr. Abb. \n\n\n\n<br><br><br>\n<b>Prix : 15.00\u20ac <s>(45.00\u20ac)<\/s><\/b>\n<br><br>\nISBN 978-3-89890-129-15<\/p>\t\t\t\t<\/div>\n\t\t\t\t<\/div>\n\t\t\t\t\t<\/div>\n\t\t<\/div>\n\t\t\t\t<div class=\"elementor-column elementor-col-50 elementor-inner-column elementor-element elementor-element-580a556\" data-id=\"580a556\" data-element_type=\"column\">\n\t\t\t<div class=\"elementor-widget-wrap elementor-element-populated\">\n\t\t\t\t\t\t<div class=\"elementor-element elementor-element-cb6b0e0 elementor-widget elementor-widget-image\" data-id=\"cb6b0e0\" data-element_type=\"widget\" data-widget_type=\"image.default\">\n\t\t\t\t<div class=\"elementor-widget-container\">\n\t\t\t\t\t\t\t\t\t\t\t\t\t\t\t<img loading=\"lazy\" decoding=\"async\" width=\"1000\" height=\"1000\" src=\"https:\/\/www.cludem.lu\/wp-content\/uploads\/2022\/10\/24.png\" class=\"attachment-full size-full wp-image-1447\" alt=\"\" srcset=\"https:\/\/www.cludem.lu\/wp-content\/uploads\/2022\/10\/24.png 1000w, https:\/\/www.cludem.lu\/wp-content\/uploads\/2022\/10\/24-300x300.png 300w, https:\/\/www.cludem.lu\/wp-content\/uploads\/2022\/10\/24-150x150.png 150w, https:\/\/www.cludem.lu\/wp-content\/uploads\/2022\/10\/24-768x768.png 768w, https:\/\/www.cludem.lu\/wp-content\/uploads\/2022\/10\/24-12x12.png 12w\" sizes=\"(max-width: 1000px) 100vw, 1000px\" \/>\t\t\t\t\t\t\t\t\t\t\t\t\t\t\t<\/div>\n\t\t\t\t<\/div>\n\t\t\t\t\t<\/div>\n\t\t<\/div>\n\t\t\t\t\t<\/div>\n\t\t<\/section>\n\t\t\t\t<section class=\"elementor-section elementor-inner-section elementor-element elementor-element-ffe1e33 elementor-section-boxed elementor-section-height-default elementor-section-height-default\" data-id=\"ffe1e33\" data-element_type=\"section\">\n\t\t\t\t\t\t<div class=\"elementor-container elementor-column-gap-default\">\n\t\t\t\t\t<div class=\"elementor-column elementor-col-100 elementor-inner-column elementor-element elementor-element-6d2ed85\" data-id=\"6d2ed85\" data-element_type=\"column\">\n\t\t\t<div class=\"elementor-widget-wrap elementor-element-populated\">\n\t\t\t\t\t\t<div class=\"elementor-element elementor-element-df2c8c9 elementor-widget-divider--view-line elementor-widget elementor-widget-divider\" data-id=\"df2c8c9\" data-element_type=\"widget\" data-widget_type=\"divider.default\">\n\t\t\t\t<div class=\"elementor-widget-container\">\n\t\t\t\t\t\t\t<div class=\"elementor-divider\">\n\t\t\t<span class=\"elementor-divider-separator\">\n\t\t\t\t\t\t<\/span>\n\t\t<\/div>\n\t\t\t\t\t\t<\/div>\n\t\t\t\t<\/div>\n\t\t\t\t\t<\/div>\n\t\t<\/div>\n\t\t\t\t\t<\/div>\n\t\t<\/section>\n\t\t\t\t<section class=\"elementor-section elementor-inner-section elementor-element elementor-element-1f6522d elementor-section-boxed elementor-section-height-default elementor-section-height-default\" data-id=\"1f6522d\" data-element_type=\"section\">\n\t\t\t\t\t\t<div class=\"elementor-container elementor-column-gap-default\">\n\t\t\t\t\t<div class=\"elementor-column elementor-col-50 elementor-inner-column elementor-element elementor-element-c27e01e\" data-id=\"c27e01e\" data-element_type=\"column\">\n\t\t\t<div class=\"elementor-widget-wrap elementor-element-populated\">\n\t\t\t\t\t\t<div class=\"elementor-element elementor-element-a62958f elementor-widget elementor-widget-heading\" data-id=\"a62958f\" data-element_type=\"widget\" data-widget_type=\"heading.default\">\n\t\t\t\t<div class=\"elementor-widget-container\">\n\t\t\t\t\t<h4 class=\"elementor-heading-title elementor-size-default\">Tome 25<\/h4>\t\t\t\t<\/div>\n\t\t\t\t<\/div>\n\t\t\t\t<div class=\"elementor-element elementor-element-2607b88 elementor-widget elementor-widget-heading\" data-id=\"2607b88\" data-element_type=\"widget\" data-widget_type=\"heading.default\">\n\t\t\t\t<div class=\"elementor-widget-container\">\n\t\t\t\t\t<p class=\"elementor-heading-title elementor-size-default\">Mich\u00e8le Gaillard, Michel Margue, Alain Dierkens et H\u00e9rold Pettiau (\u00e9d.) : De la mer du Nord \u00e0 la M\u00e9diterrann\u00e9e. Francia Media. Une r\u00e9gion au c\u0153ur de l\u2019Europe (c.840-c.1050), Luxembourg 2011, VIII + 600 pages.\n\n\n\n\n<br><br><br>\n<b>Prix : 55.00\u20ac<\/b>\n<br><br>\nISBN 2-919979-20-5<\/p>\t\t\t\t<\/div>\n\t\t\t\t<\/div>\n\t\t\t\t\t<\/div>\n\t\t<\/div>\n\t\t\t\t<div class=\"elementor-column elementor-col-50 elementor-inner-column elementor-element elementor-element-cd4e0a9\" data-id=\"cd4e0a9\" data-element_type=\"column\">\n\t\t\t<div class=\"elementor-widget-wrap elementor-element-populated\">\n\t\t\t\t\t\t<div class=\"elementor-element elementor-element-06c5e71 elementor-widget elementor-widget-image\" data-id=\"06c5e71\" data-element_type=\"widget\" data-widget_type=\"image.default\">\n\t\t\t\t<div class=\"elementor-widget-container\">\n\t\t\t\t\t\t\t\t\t\t\t\t\t\t\t<img loading=\"lazy\" decoding=\"async\" width=\"201\" height=\"300\" src=\"https:\/\/www.cludem.lu\/wp-content\/uploads\/2022\/11\/Couverture_160_245_30mm_beige-copy-1-201x300.jpg\" class=\"attachment-medium size-medium wp-image-1694\" alt=\"\" srcset=\"https:\/\/www.cludem.lu\/wp-content\/uploads\/2022\/11\/Couverture_160_245_30mm_beige-copy-1-201x300.jpg 201w, https:\/\/www.cludem.lu\/wp-content\/uploads\/2022\/11\/Couverture_160_245_30mm_beige-copy-1-8x12.jpg 8w, https:\/\/www.cludem.lu\/wp-content\/uploads\/2022\/11\/Couverture_160_245_30mm_beige-copy-1.jpg 653w\" sizes=\"(max-width: 201px) 100vw, 201px\" \/>\t\t\t\t\t\t\t\t\t\t\t\t\t\t\t<\/div>\n\t\t\t\t<\/div>\n\t\t\t\t\t<\/div>\n\t\t<\/div>\n\t\t\t\t\t<\/div>\n\t\t<\/section>\n\t\t\t\t<section class=\"elementor-section elementor-inner-section elementor-element elementor-element-31c703f elementor-section-boxed elementor-section-height-default elementor-section-height-default\" data-id=\"31c703f\" data-element_type=\"section\">\n\t\t\t\t\t\t<div class=\"elementor-container elementor-column-gap-default\">\n\t\t\t\t\t<div class=\"elementor-column elementor-col-100 elementor-inner-column elementor-element elementor-element-975621d\" data-id=\"975621d\" data-element_type=\"column\">\n\t\t\t<div class=\"elementor-widget-wrap elementor-element-populated\">\n\t\t\t\t\t\t<div class=\"elementor-element elementor-element-1bc4ad7 elementor-widget-divider--view-line elementor-widget elementor-widget-divider\" data-id=\"1bc4ad7\" data-element_type=\"widget\" data-widget_type=\"divider.default\">\n\t\t\t\t<div class=\"elementor-widget-container\">\n\t\t\t\t\t\t\t<div class=\"elementor-divider\">\n\t\t\t<span class=\"elementor-divider-separator\">\n\t\t\t\t\t\t<\/span>\n\t\t<\/div>\n\t\t\t\t\t\t<\/div>\n\t\t\t\t<\/div>\n\t\t\t\t\t<\/div>\n\t\t<\/div>\n\t\t\t\t\t<\/div>\n\t\t<\/section>\n\t\t\t\t<section class=\"elementor-section elementor-inner-section elementor-element elementor-element-8958709 elementor-section-boxed elementor-section-height-default elementor-section-height-default\" data-id=\"8958709\" data-element_type=\"section\">\n\t\t\t\t\t\t<div class=\"elementor-container elementor-column-gap-default\">\n\t\t\t\t\t<div class=\"elementor-column elementor-col-50 elementor-inner-column elementor-element elementor-element-fc47a8f\" data-id=\"fc47a8f\" data-element_type=\"column\">\n\t\t\t<div class=\"elementor-widget-wrap elementor-element-populated\">\n\t\t\t\t\t\t<div class=\"elementor-element elementor-element-e976e33 elementor-widget elementor-widget-heading\" data-id=\"e976e33\" data-element_type=\"widget\" data-widget_type=\"heading.default\">\n\t\t\t\t<div class=\"elementor-widget-container\">\n\t\t\t\t\t<h4 class=\"elementor-heading-title elementor-size-default\">Tome 26<\/h4>\t\t\t\t<\/div>\n\t\t\t\t<\/div>\n\t\t\t\t<div class=\"elementor-element elementor-element-f4c481c elementor-widget elementor-widget-heading\" data-id=\"f4c481c\" data-element_type=\"widget\" data-widget_type=\"heading.default\">\n\t\t\t\t<div class=\"elementor-widget-container\">\n\t\t\t\t\t<p class=\"elementor-heading-title elementor-size-default\">La Lotharingie en question. Identit\u00e9s, oppositions, int\u00e9gration \/ Lotharingische Identit\u00e4ten im Spannungsfeld zwischen integrativen und partikularen Kr\u00e4ften. Actes des 14es Journ\u00e9es lotharingiennes, 10-13 octobre 2006, \u00e9d. par Michel Margue et H\u00e9rold Pettiau (Publications de la Section Historique de l'Institut Grand-Ducal CXXVI), Luxembourg 2018\n\n\n\n\n\n<br><br><br>\n<b>Prix : 39.00\u20ac<\/b>\n<br><br>\nISBN 2-919979-21-3<\/p>\t\t\t\t<\/div>\n\t\t\t\t<\/div>\n\t\t\t\t\t<\/div>\n\t\t<\/div>\n\t\t\t\t<div class=\"elementor-column elementor-col-50 elementor-inner-column elementor-element elementor-element-4c2a7aa\" data-id=\"4c2a7aa\" data-element_type=\"column\">\n\t\t\t<div class=\"elementor-widget-wrap elementor-element-populated\">\n\t\t\t\t\t\t<div class=\"elementor-element elementor-element-3d23a6a elementor-widget elementor-widget-image\" data-id=\"3d23a6a\" data-element_type=\"widget\" data-widget_type=\"image.default\">\n\t\t\t\t<div class=\"elementor-widget-container\">\n\t\t\t\t\t\t\t\t\t\t\t\t\t\t\t<img loading=\"lazy\" decoding=\"async\" width=\"1732\" height=\"2479\" src=\"https:\/\/www.cludem.lu\/wp-content\/uploads\/2022\/10\/26.jpg\" class=\"attachment-full size-full wp-image-1448\" alt=\"\" srcset=\"https:\/\/www.cludem.lu\/wp-content\/uploads\/2022\/10\/26.jpg 1732w, https:\/\/www.cludem.lu\/wp-content\/uploads\/2022\/10\/26-210x300.jpg 210w, https:\/\/www.cludem.lu\/wp-content\/uploads\/2022\/10\/26-715x1024.jpg 715w, https:\/\/www.cludem.lu\/wp-content\/uploads\/2022\/10\/26-768x1099.jpg 768w, https:\/\/www.cludem.lu\/wp-content\/uploads\/2022\/10\/26-1073x1536.jpg 1073w, https:\/\/www.cludem.lu\/wp-content\/uploads\/2022\/10\/26-1431x2048.jpg 1431w, https:\/\/www.cludem.lu\/wp-content\/uploads\/2022\/10\/26-8x12.jpg 8w\" sizes=\"(max-width: 1732px) 100vw, 1732px\" \/>\t\t\t\t\t\t\t\t\t\t\t\t\t\t\t<\/div>\n\t\t\t\t<\/div>\n\t\t\t\t\t<\/div>\n\t\t<\/div>\n\t\t\t\t\t<\/div>\n\t\t<\/section>\n\t\t\t\t<section class=\"elementor-section elementor-inner-section elementor-element elementor-element-2cd0d3c elementor-section-boxed elementor-section-height-default elementor-section-height-default\" data-id=\"2cd0d3c\" data-element_type=\"section\">\n\t\t\t\t\t\t<div class=\"elementor-container elementor-column-gap-default\">\n\t\t\t\t\t<div class=\"elementor-column elementor-col-100 elementor-inner-column elementor-element elementor-element-4302334\" data-id=\"4302334\" data-element_type=\"column\">\n\t\t\t<div class=\"elementor-widget-wrap elementor-element-populated\">\n\t\t\t\t\t\t<div class=\"elementor-element elementor-element-820ff1d elementor-widget-divider--view-line elementor-widget elementor-widget-divider\" data-id=\"820ff1d\" data-element_type=\"widget\" data-widget_type=\"divider.default\">\n\t\t\t\t<div class=\"elementor-widget-container\">\n\t\t\t\t\t\t\t<div class=\"elementor-divider\">\n\t\t\t<span class=\"elementor-divider-separator\">\n\t\t\t\t\t\t<\/span>\n\t\t<\/div>\n\t\t\t\t\t\t<\/div>\n\t\t\t\t<\/div>\n\t\t\t\t\t<\/div>\n\t\t<\/div>\n\t\t\t\t\t<\/div>\n\t\t<\/section>\n\t\t\t\t<section class=\"elementor-section elementor-inner-section elementor-element elementor-element-192ed6d elementor-section-boxed elementor-section-height-default elementor-section-height-default\" data-id=\"192ed6d\" data-element_type=\"section\">\n\t\t\t\t\t\t<div class=\"elementor-container elementor-column-gap-default\">\n\t\t\t\t\t<div class=\"elementor-column elementor-col-50 elementor-inner-column elementor-element elementor-element-087f467\" data-id=\"087f467\" data-element_type=\"column\">\n\t\t\t<div class=\"elementor-widget-wrap elementor-element-populated\">\n\t\t\t\t\t\t<div class=\"elementor-element elementor-element-023ffc2 elementor-widget elementor-widget-heading\" data-id=\"023ffc2\" data-element_type=\"widget\" data-widget_type=\"heading.default\">\n\t\t\t\t<div class=\"elementor-widget-container\">\n\t\t\t\t\t<h4 class=\"elementor-heading-title elementor-size-default\">Tome 27<\/h4>\t\t\t\t<\/div>\n\t\t\t\t<\/div>\n\t\t\t\t<div class=\"elementor-element elementor-element-5d3cb6a elementor-widget elementor-widget-heading\" data-id=\"5d3cb6a\" data-element_type=\"widget\" data-widget_type=\"heading.default\">\n\t\t\t\t<div class=\"elementor-widget-container\">\n\t\t\t\t\t<p class=\"elementor-heading-title elementor-size-default\">Europ\u00e4ische Governance im Sp\u00e4tmittelalter. Heinrich VII. von Luxemburg und die gro\u00dfen Dynastien Europas \/ Gouvernance europ\u00e9enne au bas moyen \u00e2ge. Henri VII de Luxembourg et l\u2019Europe des grandes dynasties. Tagungsband der 15. Journ\u00e9es lotharingiennes, 14.-17. Oktober 2008 , hrg. v. Michel Pauly, Luxembourg 2010. \n\n\n\n\n\n<br><br><br>\n<b>Prix : 52.00\u20ac<\/b>\n<br><br>\nISBN 2-919979-22-1<\/p>\t\t\t\t<\/div>\n\t\t\t\t<\/div>\n\t\t\t\t\t<\/div>\n\t\t<\/div>\n\t\t\t\t<div class=\"elementor-column elementor-col-50 elementor-inner-column elementor-element elementor-element-9acad98\" data-id=\"9acad98\" data-element_type=\"column\">\n\t\t\t<div class=\"elementor-widget-wrap elementor-element-populated\">\n\t\t\t\t\t\t<div class=\"elementor-element elementor-element-c13a9da elementor-widget elementor-widget-image\" data-id=\"c13a9da\" data-element_type=\"widget\" data-widget_type=\"image.default\">\n\t\t\t\t<div class=\"elementor-widget-container\">\n\t\t\t\t\t\t\t\t\t\t\t\t\t\t\t<img loading=\"lazy\" decoding=\"async\" width=\"1608\" height=\"2560\" src=\"https:\/\/www.cludem.lu\/wp-content\/uploads\/2022\/10\/27-1-scaled.jpg\" class=\"attachment-full size-full wp-image-1449\" alt=\"\" srcset=\"https:\/\/www.cludem.lu\/wp-content\/uploads\/2022\/10\/27-1-scaled.jpg 1608w, https:\/\/www.cludem.lu\/wp-content\/uploads\/2022\/10\/27-1-188x300.jpg 188w, https:\/\/www.cludem.lu\/wp-content\/uploads\/2022\/10\/27-1-643x1024.jpg 643w, https:\/\/www.cludem.lu\/wp-content\/uploads\/2022\/10\/27-1-768x1223.jpg 768w, https:\/\/www.cludem.lu\/wp-content\/uploads\/2022\/10\/27-1-965x1536.jpg 965w, https:\/\/www.cludem.lu\/wp-content\/uploads\/2022\/10\/27-1-1286x2048.jpg 1286w, https:\/\/www.cludem.lu\/wp-content\/uploads\/2022\/10\/27-1-8x12.jpg 8w\" sizes=\"(max-width: 1608px) 100vw, 1608px\" \/>\t\t\t\t\t\t\t\t\t\t\t\t\t\t\t<\/div>\n\t\t\t\t<\/div>\n\t\t\t\t\t<\/div>\n\t\t<\/div>\n\t\t\t\t\t<\/div>\n\t\t<\/section>\n\t\t\t\t<section class=\"elementor-section elementor-inner-section elementor-element elementor-element-4d4fb71 elementor-section-boxed elementor-section-height-default elementor-section-height-default\" data-id=\"4d4fb71\" data-element_type=\"section\">\n\t\t\t\t\t\t<div class=\"elementor-container elementor-column-gap-default\">\n\t\t\t\t\t<div class=\"elementor-column elementor-col-100 elementor-inner-column elementor-element elementor-element-930e780\" data-id=\"930e780\" data-element_type=\"column\">\n\t\t\t<div class=\"elementor-widget-wrap elementor-element-populated\">\n\t\t\t\t\t\t<div class=\"elementor-element elementor-element-ee62946 elementor-widget-divider--view-line elementor-widget elementor-widget-divider\" data-id=\"ee62946\" data-element_type=\"widget\" data-widget_type=\"divider.default\">\n\t\t\t\t<div class=\"elementor-widget-container\">\n\t\t\t\t\t\t\t<div class=\"elementor-divider\">\n\t\t\t<span class=\"elementor-divider-separator\">\n\t\t\t\t\t\t<\/span>\n\t\t<\/div>\n\t\t\t\t\t\t<\/div>\n\t\t\t\t<\/div>\n\t\t\t\t\t<\/div>\n\t\t<\/div>\n\t\t\t\t\t<\/div>\n\t\t<\/section>\n\t\t\t\t<section class=\"elementor-section elementor-inner-section elementor-element elementor-element-a827fdd elementor-section-boxed elementor-section-height-default elementor-section-height-default\" data-id=\"a827fdd\" data-element_type=\"section\">\n\t\t\t\t\t\t<div class=\"elementor-container elementor-column-gap-default\">\n\t\t\t\t\t<div class=\"elementor-column elementor-col-50 elementor-inner-column elementor-element elementor-element-190e497\" data-id=\"190e497\" data-element_type=\"column\">\n\t\t\t<div class=\"elementor-widget-wrap elementor-element-populated\">\n\t\t\t\t\t\t<div class=\"elementor-element elementor-element-dc2aaad elementor-widget elementor-widget-heading\" data-id=\"dc2aaad\" data-element_type=\"widget\" data-widget_type=\"heading.default\">\n\t\t\t\t<div class=\"elementor-widget-container\">\n\t\t\t\t\t<h4 class=\"elementor-heading-title elementor-size-default\">Tome 29<\/h4>\t\t\t\t<\/div>\n\t\t\t\t<\/div>\n\t\t\t\t<div class=\"elementor-element elementor-element-c5be0a0 elementor-widget elementor-widget-heading\" data-id=\"c5be0a0\" data-element_type=\"widget\" data-widget_type=\"heading.default\">\n\t\t\t\t<div class=\"elementor-widget-container\">\n\t\t\t\t\t<p class=\"elementor-heading-title elementor-size-default\">Die Rechnungsb\u00fccher der Stadt Luxemburg. Drittes Heft 1444-1453, hrg. v. Claudine Moulin und Michel Pauly, Luxemburg 2009.\n\n\n\n\n\n<br><br><br>\n<b>Preis: 19.00\u20ac<\/b>\n<br><br>\nISBN 2-919979-24-8\n<br><br>\n<b>Vorzugspreis von 15.00\u20ac bei Abo auf der ganzen Reihe<\/b>\n<\/p>\t\t\t\t<\/div>\n\t\t\t\t<\/div>\n\t\t\t\t\t<\/div>\n\t\t<\/div>\n\t\t\t\t<div class=\"elementor-column elementor-col-50 elementor-inner-column elementor-element elementor-element-599a288\" data-id=\"599a288\" data-element_type=\"column\">\n\t\t\t<div class=\"elementor-widget-wrap elementor-element-populated\">\n\t\t\t\t\t\t<div class=\"elementor-element elementor-element-12d3484 elementor-widget elementor-widget-image\" data-id=\"12d3484\" data-element_type=\"widget\" data-widget_type=\"image.default\">\n\t\t\t\t<div class=\"elementor-widget-container\">\n\t\t\t\t\t\t\t\t\t\t\t\t\t\t\t<img loading=\"lazy\" decoding=\"async\" width=\"1394\" height=\"1587\" src=\"https:\/\/www.cludem.lu\/wp-content\/uploads\/2022\/10\/29-1.jpg\" class=\"attachment-full size-full wp-image-1450\" alt=\"\" srcset=\"https:\/\/www.cludem.lu\/wp-content\/uploads\/2022\/10\/29-1.jpg 1394w, https:\/\/www.cludem.lu\/wp-content\/uploads\/2022\/10\/29-1-264x300.jpg 264w, https:\/\/www.cludem.lu\/wp-content\/uploads\/2022\/10\/29-1-899x1024.jpg 899w, https:\/\/www.cludem.lu\/wp-content\/uploads\/2022\/10\/29-1-768x874.jpg 768w, https:\/\/www.cludem.lu\/wp-content\/uploads\/2022\/10\/29-1-1349x1536.jpg 1349w, https:\/\/www.cludem.lu\/wp-content\/uploads\/2022\/10\/29-1-11x12.jpg 11w\" sizes=\"(max-width: 1394px) 100vw, 1394px\" \/>\t\t\t\t\t\t\t\t\t\t\t\t\t\t\t<\/div>\n\t\t\t\t<\/div>\n\t\t\t\t\t<\/div>\n\t\t<\/div>\n\t\t\t\t\t<\/div>\n\t\t<\/section>\n\t\t\t\t<section class=\"elementor-section elementor-inner-section elementor-element elementor-element-ebee512 elementor-section-boxed elementor-section-height-default elementor-section-height-default\" data-id=\"ebee512\" data-element_type=\"section\">\n\t\t\t\t\t\t<div class=\"elementor-container elementor-column-gap-default\">\n\t\t\t\t\t<div class=\"elementor-column elementor-col-100 elementor-inner-column elementor-element elementor-element-26c123a\" data-id=\"26c123a\" data-element_type=\"column\">\n\t\t\t<div class=\"elementor-widget-wrap elementor-element-populated\">\n\t\t\t\t\t\t<div class=\"elementor-element elementor-element-23cbd1d elementor-widget-divider--view-line elementor-widget elementor-widget-divider\" data-id=\"23cbd1d\" data-element_type=\"widget\" data-widget_type=\"divider.default\">\n\t\t\t\t<div class=\"elementor-widget-container\">\n\t\t\t\t\t\t\t<div class=\"elementor-divider\">\n\t\t\t<span class=\"elementor-divider-separator\">\n\t\t\t\t\t\t<\/span>\n\t\t<\/div>\n\t\t\t\t\t\t<\/div>\n\t\t\t\t<\/div>\n\t\t\t\t\t<\/div>\n\t\t<\/div>\n\t\t\t\t\t<\/div>\n\t\t<\/section>\n\t\t\t\t<section class=\"elementor-section elementor-inner-section elementor-element elementor-element-215ff84 elementor-section-boxed elementor-section-height-default elementor-section-height-default\" data-id=\"215ff84\" data-element_type=\"section\">\n\t\t\t\t\t\t<div class=\"elementor-container elementor-column-gap-default\">\n\t\t\t\t\t<div class=\"elementor-column elementor-col-50 elementor-inner-column elementor-element elementor-element-a88fe22\" data-id=\"a88fe22\" data-element_type=\"column\">\n\t\t\t<div class=\"elementor-widget-wrap elementor-element-populated\">\n\t\t\t\t\t\t<div class=\"elementor-element elementor-element-08fe2d0 elementor-widget elementor-widget-heading\" data-id=\"08fe2d0\" data-element_type=\"widget\" data-widget_type=\"heading.default\">\n\t\t\t\t<div class=\"elementor-widget-container\">\n\t\t\t\t\t<h4 class=\"elementor-heading-title elementor-size-default\">Tome 30<\/h4>\t\t\t\t<\/div>\n\t\t\t\t<\/div>\n\t\t\t\t<div class=\"elementor-element elementor-element-7043f5a elementor-widget elementor-widget-heading\" data-id=\"7043f5a\" data-element_type=\"widget\" data-widget_type=\"heading.default\">\n\t\t\t\t<div class=\"elementor-widget-container\">\n\t\t\t\t\t<p class=\"elementor-heading-title elementor-size-default\">Jens Schneider, Auf der Suche nach dem verlorenen Reich. Lotharingien im 9. und 10. Jahrhundert, B\u00f6hlau Verlag, K\u00f6ln\/Weimar\/Wien 2009. \n\n\n\n\n\n\n<br><br><br>\n<b>Prix : 69.00\u20ac<\/b>\n<br><br>\nISBN 978-3-412-20401-3\n<\/p>\t\t\t\t<\/div>\n\t\t\t\t<\/div>\n\t\t\t\t\t<\/div>\n\t\t<\/div>\n\t\t\t\t<div class=\"elementor-column elementor-col-50 elementor-inner-column elementor-element elementor-element-c0aebb7\" data-id=\"c0aebb7\" data-element_type=\"column\">\n\t\t\t<div class=\"elementor-widget-wrap elementor-element-populated\">\n\t\t\t\t\t\t<div class=\"elementor-element elementor-element-3005db9 elementor-widget elementor-widget-image\" data-id=\"3005db9\" data-element_type=\"widget\" data-widget_type=\"image.default\">\n\t\t\t\t<div class=\"elementor-widget-container\">\n\t\t\t\t\t\t\t\t\t\t\t\t\t\t\t<img loading=\"lazy\" decoding=\"async\" width=\"413\" height=\"610\" src=\"https:\/\/www.cludem.lu\/wp-content\/uploads\/2022\/10\/30-1.jpg\" class=\"attachment-full size-full wp-image-1451\" alt=\"\" srcset=\"https:\/\/www.cludem.lu\/wp-content\/uploads\/2022\/10\/30-1.jpg 413w, https:\/\/www.cludem.lu\/wp-content\/uploads\/2022\/10\/30-1-203x300.jpg 203w, https:\/\/www.cludem.lu\/wp-content\/uploads\/2022\/10\/30-1-8x12.jpg 8w\" sizes=\"(max-width: 413px) 100vw, 413px\" \/>\t\t\t\t\t\t\t\t\t\t\t\t\t\t\t<\/div>\n\t\t\t\t<\/div>\n\t\t\t\t\t<\/div>\n\t\t<\/div>\n\t\t\t\t\t<\/div>\n\t\t<\/section>\n\t\t\t\t<section class=\"elementor-section elementor-inner-section elementor-element elementor-element-2ec9652 elementor-section-boxed elementor-section-height-default elementor-section-height-default\" data-id=\"2ec9652\" data-element_type=\"section\">\n\t\t\t\t\t\t<div class=\"elementor-container elementor-column-gap-default\">\n\t\t\t\t\t<div class=\"elementor-column elementor-col-100 elementor-inner-column elementor-element elementor-element-5cd9a93\" data-id=\"5cd9a93\" data-element_type=\"column\">\n\t\t\t<div class=\"elementor-widget-wrap elementor-element-populated\">\n\t\t\t\t\t\t<div class=\"elementor-element elementor-element-02c420e elementor-widget-divider--view-line elementor-widget elementor-widget-divider\" data-id=\"02c420e\" data-element_type=\"widget\" data-widget_type=\"divider.default\">\n\t\t\t\t<div class=\"elementor-widget-container\">\n\t\t\t\t\t\t\t<div class=\"elementor-divider\">\n\t\t\t<span class=\"elementor-divider-separator\">\n\t\t\t\t\t\t<\/span>\n\t\t<\/div>\n\t\t\t\t\t\t<\/div>\n\t\t\t\t<\/div>\n\t\t\t\t\t<\/div>\n\t\t<\/div>\n\t\t\t\t\t<\/div>\n\t\t<\/section>\n\t\t\t\t<section class=\"elementor-section elementor-inner-section elementor-element elementor-element-fa63c18 elementor-section-boxed elementor-section-height-default elementor-section-height-default\" data-id=\"fa63c18\" data-element_type=\"section\">\n\t\t\t\t\t\t<div class=\"elementor-container elementor-column-gap-default\">\n\t\t\t\t\t<div class=\"elementor-column elementor-col-50 elementor-inner-column elementor-element elementor-element-d1d6342\" data-id=\"d1d6342\" data-element_type=\"column\">\n\t\t\t<div class=\"elementor-widget-wrap elementor-element-populated\">\n\t\t\t\t\t\t<div class=\"elementor-element elementor-element-c8d0edc elementor-widget elementor-widget-heading\" data-id=\"c8d0edc\" data-element_type=\"widget\" data-widget_type=\"heading.default\">\n\t\t\t\t<div class=\"elementor-widget-container\">\n\t\t\t\t\t<h4 class=\"elementor-heading-title elementor-size-default\">Tome 31<\/h4>\t\t\t\t<\/div>\n\t\t\t\t<\/div>\n\t\t\t\t<div class=\"elementor-element elementor-element-1a3fda0 elementor-widget elementor-widget-heading\" data-id=\"1a3fda0\" data-element_type=\"widget\" data-widget_type=\"heading.default\">\n\t\t\t\t<div class=\"elementor-widget-container\">\n\t\t\t\t\t<p class=\"elementor-heading-title elementor-size-default\">Die Rechnungsb\u00fccher der Stadt Luxemburg. Viertes Heft 1453-1460, hrg. v. Claudine Moulin und Michel Pauly, Luxemburg 2010.\n\n\n\n\n\n\n\n<br><br><br>\n<b>Preis: 19.00\u20ac<\/b>\n<br><br>\nISBN 2-919979-25-6\n<br><br>\n<b>Vorzugspreis von 15.00\u20ac bei Abo auf der ganzen Reihe<\/b>\n\n<\/p>\t\t\t\t<\/div>\n\t\t\t\t<\/div>\n\t\t\t\t\t<\/div>\n\t\t<\/div>\n\t\t\t\t<div class=\"elementor-column elementor-col-50 elementor-inner-column elementor-element elementor-element-754e8b4\" data-id=\"754e8b4\" data-element_type=\"column\">\n\t\t\t<div class=\"elementor-widget-wrap elementor-element-populated\">\n\t\t\t\t\t\t<div class=\"elementor-element elementor-element-ed138a4 elementor-widget elementor-widget-image\" data-id=\"ed138a4\" data-element_type=\"widget\" data-widget_type=\"image.default\">\n\t\t\t\t<div class=\"elementor-widget-container\">\n\t\t\t\t\t\t\t\t\t\t\t\t\t\t\t<img loading=\"lazy\" decoding=\"async\" width=\"264\" height=\"300\" src=\"https:\/\/www.cludem.lu\/wp-content\/uploads\/2022\/10\/31-1-264x300.jpg\" class=\"attachment-medium size-medium wp-image-1453\" alt=\"\" srcset=\"https:\/\/www.cludem.lu\/wp-content\/uploads\/2022\/10\/31-1-264x300.jpg 264w, https:\/\/www.cludem.lu\/wp-content\/uploads\/2022\/10\/31-1-11x12.jpg 11w, https:\/\/www.cludem.lu\/wp-content\/uploads\/2022\/10\/31-1.jpg 626w\" sizes=\"(max-width: 264px) 100vw, 264px\" \/>\t\t\t\t\t\t\t\t\t\t\t\t\t\t\t<\/div>\n\t\t\t\t<\/div>\n\t\t\t\t\t<\/div>\n\t\t<\/div>\n\t\t\t\t\t<\/div>\n\t\t<\/section>\n\t\t\t\t<section class=\"elementor-section elementor-inner-section elementor-element elementor-element-d354fb7 elementor-section-boxed elementor-section-height-default elementor-section-height-default\" data-id=\"d354fb7\" data-element_type=\"section\">\n\t\t\t\t\t\t<div class=\"elementor-container elementor-column-gap-default\">\n\t\t\t\t\t<div class=\"elementor-column elementor-col-100 elementor-inner-column elementor-element elementor-element-29228bc\" data-id=\"29228bc\" data-element_type=\"column\">\n\t\t\t<div class=\"elementor-widget-wrap elementor-element-populated\">\n\t\t\t\t\t\t<div class=\"elementor-element elementor-element-66be833 elementor-widget-divider--view-line elementor-widget elementor-widget-divider\" data-id=\"66be833\" data-element_type=\"widget\" data-widget_type=\"divider.default\">\n\t\t\t\t<div class=\"elementor-widget-container\">\n\t\t\t\t\t\t\t<div class=\"elementor-divider\">\n\t\t\t<span class=\"elementor-divider-separator\">\n\t\t\t\t\t\t<\/span>\n\t\t<\/div>\n\t\t\t\t\t\t<\/div>\n\t\t\t\t<\/div>\n\t\t\t\t\t<\/div>\n\t\t<\/div>\n\t\t\t\t\t<\/div>\n\t\t<\/section>\n\t\t\t\t<section class=\"elementor-section elementor-inner-section elementor-element elementor-element-370645a elementor-section-boxed elementor-section-height-default elementor-section-height-default\" data-id=\"370645a\" data-element_type=\"section\">\n\t\t\t\t\t\t<div class=\"elementor-container elementor-column-gap-default\">\n\t\t\t\t\t<div class=\"elementor-column elementor-col-50 elementor-inner-column elementor-element elementor-element-3a42314\" data-id=\"3a42314\" data-element_type=\"column\">\n\t\t\t<div class=\"elementor-widget-wrap elementor-element-populated\">\n\t\t\t\t\t\t<div class=\"elementor-element elementor-element-358e087 elementor-widget elementor-widget-heading\" data-id=\"358e087\" data-element_type=\"widget\" data-widget_type=\"heading.default\">\n\t\t\t\t<div class=\"elementor-widget-container\">\n\t\t\t\t\t<h4 class=\"elementor-heading-title elementor-size-default\">Tome 32<\/h4>\t\t\t\t<\/div>\n\t\t\t\t<\/div>\n\t\t\t\t<div class=\"elementor-element elementor-element-8565c51 elementor-widget elementor-widget-heading\" data-id=\"8565c51\" data-element_type=\"widget\" data-widget_type=\"heading.default\">\n\t\t\t\t<div class=\"elementor-widget-container\">\n\t\t\t\t\t<p class=\"elementor-heading-title elementor-size-default\">Die Rechnungsb\u00fccher der Stadt Luxemburg. F\u00fcnftes Heft 1460-1466, hrg. v. Claudine Moulin und Michel Pauly, Luxemburg 2010.\n\n\n\n\n\n\n\n\n<br><br><br>\n<b>Preis: 19.00\u20ac<\/b>\n<br><br>\nISBN 2-919979-26-4\n<br><br>\n<b>Vorzugspreis von 15.00\u20ac bei Abo auf der ganzen Reihe<\/b>\n\n<\/p>\t\t\t\t<\/div>\n\t\t\t\t<\/div>\n\t\t\t\t\t<\/div>\n\t\t<\/div>\n\t\t\t\t<div class=\"elementor-column elementor-col-50 elementor-inner-column elementor-element elementor-element-8fe3e07\" data-id=\"8fe3e07\" data-element_type=\"column\">\n\t\t\t<div class=\"elementor-widget-wrap elementor-element-populated\">\n\t\t\t\t\t\t<div class=\"elementor-element elementor-element-5ffa0d3 elementor-widget elementor-widget-image\" data-id=\"5ffa0d3\" data-element_type=\"widget\" data-widget_type=\"image.default\">\n\t\t\t\t<div class=\"elementor-widget-container\">\n\t\t\t\t\t\t\t\t\t\t\t\t\t\t\t<img loading=\"lazy\" decoding=\"async\" width=\"264\" height=\"300\" src=\"https:\/\/www.cludem.lu\/wp-content\/uploads\/2022\/12\/Kontenbuch_5-264x300.jpg\" class=\"attachment-medium size-medium wp-image-1815\" alt=\"\" srcset=\"https:\/\/www.cludem.lu\/wp-content\/uploads\/2022\/12\/Kontenbuch_5-264x300.jpg 264w, https:\/\/www.cludem.lu\/wp-content\/uploads\/2022\/12\/Kontenbuch_5-11x12.jpg 11w, https:\/\/www.cludem.lu\/wp-content\/uploads\/2022\/12\/Kontenbuch_5.jpg 591w\" sizes=\"(max-width: 264px) 100vw, 264px\" \/>\t\t\t\t\t\t\t\t\t\t\t\t\t\t\t<\/div>\n\t\t\t\t<\/div>\n\t\t\t\t\t<\/div>\n\t\t<\/div>\n\t\t\t\t\t<\/div>\n\t\t<\/section>\n\t\t\t\t<section class=\"elementor-section elementor-inner-section elementor-element elementor-element-41ed1be elementor-section-boxed elementor-section-height-default elementor-section-height-default\" data-id=\"41ed1be\" data-element_type=\"section\">\n\t\t\t\t\t\t<div class=\"elementor-container elementor-column-gap-default\">\n\t\t\t\t\t<div class=\"elementor-column elementor-col-100 elementor-inner-column elementor-element elementor-element-315c076\" data-id=\"315c076\" data-element_type=\"column\">\n\t\t\t<div class=\"elementor-widget-wrap elementor-element-populated\">\n\t\t\t\t\t\t<div class=\"elementor-element elementor-element-37a0c48 elementor-widget-divider--view-line elementor-widget elementor-widget-divider\" data-id=\"37a0c48\" data-element_type=\"widget\" data-widget_type=\"divider.default\">\n\t\t\t\t<div class=\"elementor-widget-container\">\n\t\t\t\t\t\t\t<div class=\"elementor-divider\">\n\t\t\t<span class=\"elementor-divider-separator\">\n\t\t\t\t\t\t<\/span>\n\t\t<\/div>\n\t\t\t\t\t\t<\/div>\n\t\t\t\t<\/div>\n\t\t\t\t\t<\/div>\n\t\t<\/div>\n\t\t\t\t\t<\/div>\n\t\t<\/section>\n\t\t\t\t<section class=\"elementor-section elementor-inner-section elementor-element elementor-element-e11fa4a elementor-section-boxed elementor-section-height-default elementor-section-height-default\" data-id=\"e11fa4a\" data-element_type=\"section\">\n\t\t\t\t\t\t<div class=\"elementor-container elementor-column-gap-default\">\n\t\t\t\t\t<div class=\"elementor-column elementor-col-50 elementor-inner-column elementor-element elementor-element-705fb55\" data-id=\"705fb55\" data-element_type=\"column\">\n\t\t\t<div class=\"elementor-widget-wrap elementor-element-populated\">\n\t\t\t\t\t\t<div class=\"elementor-element elementor-element-3e05dd5 elementor-widget elementor-widget-heading\" data-id=\"3e05dd5\" data-element_type=\"widget\" data-widget_type=\"heading.default\">\n\t\t\t\t<div class=\"elementor-widget-container\">\n\t\t\t\t\t<h4 class=\"elementor-heading-title elementor-size-default\">Tome 33<\/h4>\t\t\t\t<\/div>\n\t\t\t\t<\/div>\n\t\t\t\t<div class=\"elementor-element elementor-element-4149d61 elementor-widget elementor-widget-heading\" data-id=\"4149d61\" data-element_type=\"widget\" data-widget_type=\"heading.default\">\n\t\t\t\t<div class=\"elementor-widget-container\">\n\t\t\t\t\t<p class=\"elementor-heading-title elementor-size-default\">Die Rechnungsb\u00fccher der Stadt Luxemburg. Sechstes Heft 1467-1473, hrg. v. Claudine Moulin und Michel Pauly, Luxemburg 2012. \n\n<br><br><br>\n<b>Preis: 19.00\u20ac<\/b>\n<br><br>\nISBN 2-919979-27-2\n\n<br><br>\n<b>Vorzugspreis von 15.00\u20ac bei Abo auf der ganzen Reihe<\/b>\n\n<\/p>\t\t\t\t<\/div>\n\t\t\t\t<\/div>\n\t\t\t\t\t<\/div>\n\t\t<\/div>\n\t\t\t\t<div class=\"elementor-column elementor-col-50 elementor-inner-column elementor-element elementor-element-2e31eea\" data-id=\"2e31eea\" data-element_type=\"column\">\n\t\t\t<div class=\"elementor-widget-wrap elementor-element-populated\">\n\t\t\t\t\t\t<div class=\"elementor-element elementor-element-f45fe40 elementor-widget elementor-widget-image\" data-id=\"f45fe40\" data-element_type=\"widget\" data-widget_type=\"image.default\">\n\t\t\t\t<div class=\"elementor-widget-container\">\n\t\t\t\t\t\t\t\t\t\t\t\t\t\t\t<img loading=\"lazy\" decoding=\"async\" width=\"264\" height=\"300\" src=\"https:\/\/www.cludem.lu\/wp-content\/uploads\/2022\/12\/Kontenbuch_6-264x300.jpg\" class=\"attachment-medium size-medium wp-image-1819\" alt=\"\" srcset=\"https:\/\/www.cludem.lu\/wp-content\/uploads\/2022\/12\/Kontenbuch_6-264x300.jpg 264w, https:\/\/www.cludem.lu\/wp-content\/uploads\/2022\/12\/Kontenbuch_6-11x12.jpg 11w, https:\/\/www.cludem.lu\/wp-content\/uploads\/2022\/12\/Kontenbuch_6.jpg 709w\" sizes=\"(max-width: 264px) 100vw, 264px\" \/>\t\t\t\t\t\t\t\t\t\t\t\t\t\t\t<\/div>\n\t\t\t\t<\/div>\n\t\t\t\t\t<\/div>\n\t\t<\/div>\n\t\t\t\t\t<\/div>\n\t\t<\/section>\n\t\t\t\t<section class=\"elementor-section elementor-inner-section elementor-element elementor-element-85aae93 elementor-section-boxed elementor-section-height-default elementor-section-height-default\" data-id=\"85aae93\" data-element_type=\"section\">\n\t\t\t\t\t\t<div class=\"elementor-container elementor-column-gap-default\">\n\t\t\t\t\t<div class=\"elementor-column elementor-col-100 elementor-inner-column elementor-element elementor-element-b815a98\" data-id=\"b815a98\" data-element_type=\"column\">\n\t\t\t<div class=\"elementor-widget-wrap elementor-element-populated\">\n\t\t\t\t\t\t<div class=\"elementor-element elementor-element-744bca9 elementor-widget-divider--view-line elementor-widget elementor-widget-divider\" data-id=\"744bca9\" data-element_type=\"widget\" data-widget_type=\"divider.default\">\n\t\t\t\t<div class=\"elementor-widget-container\">\n\t\t\t\t\t\t\t<div class=\"elementor-divider\">\n\t\t\t<span class=\"elementor-divider-separator\">\n\t\t\t\t\t\t<\/span>\n\t\t<\/div>\n\t\t\t\t\t\t<\/div>\n\t\t\t\t<\/div>\n\t\t\t\t\t<\/div>\n\t\t<\/div>\n\t\t\t\t\t<\/div>\n\t\t<\/section>\n\t\t\t\t<section class=\"elementor-section elementor-inner-section elementor-element elementor-element-dfda3d9 elementor-section-boxed elementor-section-height-default elementor-section-height-default\" data-id=\"dfda3d9\" data-element_type=\"section\">\n\t\t\t\t\t\t<div class=\"elementor-container elementor-column-gap-default\">\n\t\t\t\t\t<div class=\"elementor-column elementor-col-50 elementor-inner-column elementor-element elementor-element-3a04eb0\" data-id=\"3a04eb0\" data-element_type=\"column\">\n\t\t\t<div class=\"elementor-widget-wrap elementor-element-populated\">\n\t\t\t\t\t\t<div class=\"elementor-element elementor-element-1026d3e elementor-widget elementor-widget-heading\" data-id=\"1026d3e\" data-element_type=\"widget\" data-widget_type=\"heading.default\">\n\t\t\t\t<div class=\"elementor-widget-container\">\n\t\t\t\t\t<h4 class=\"elementor-heading-title elementor-size-default\">Tome 34<\/h4>\t\t\t\t<\/div>\n\t\t\t\t<\/div>\n\t\t\t\t<div class=\"elementor-element elementor-element-2361221 elementor-widget elementor-widget-heading\" data-id=\"2361221\" data-element_type=\"widget\" data-widget_type=\"heading.default\">\n\t\t\t\t<div class=\"elementor-widget-container\">\n\t\t\t\t\t<p class=\"elementor-heading-title elementor-size-default\">Pit P\u00e9port\u00e9 : Constructing the Middle Ages. Historiography, Collective Memory and Nation-Building in Luxembourg, Leiden: Brill, 2011 (National cultivation of culture; Vol. 3), 336 pages.\n\n\n<br><br><br>\n<b>\u00e9puis\u00e9\n<\/b><br><br>ISBN  978-90-04-21067-7<\/p>\t\t\t\t<\/div>\n\t\t\t\t<\/div>\n\t\t\t\t\t<\/div>\n\t\t<\/div>\n\t\t\t\t<div class=\"elementor-column elementor-col-50 elementor-inner-column elementor-element elementor-element-4b1060f\" data-id=\"4b1060f\" data-element_type=\"column\">\n\t\t\t<div class=\"elementor-widget-wrap elementor-element-populated\">\n\t\t\t\t\t\t<div class=\"elementor-element elementor-element-ccecdb2 elementor-widget elementor-widget-image\" data-id=\"ccecdb2\" data-element_type=\"widget\" data-widget_type=\"image.default\">\n\t\t\t\t<div class=\"elementor-widget-container\">\n\t\t\t\t\t\t\t\t\t\t\t\t\t\t\t<img loading=\"lazy\" decoding=\"async\" width=\"199\" height=\"300\" src=\"https:\/\/www.cludem.lu\/wp-content\/uploads\/2022\/12\/Constructing-199x300.jpg\" class=\"attachment-medium size-medium wp-image-1811\" alt=\"\" srcset=\"https:\/\/www.cludem.lu\/wp-content\/uploads\/2022\/12\/Constructing-199x300.jpg 199w, https:\/\/www.cludem.lu\/wp-content\/uploads\/2022\/12\/Constructing-8x12.jpg 8w, https:\/\/www.cludem.lu\/wp-content\/uploads\/2022\/12\/Constructing.jpg 300w\" sizes=\"(max-width: 199px) 100vw, 199px\" \/>\t\t\t\t\t\t\t\t\t\t\t\t\t\t\t<\/div>\n\t\t\t\t<\/div>\n\t\t\t\t\t<\/div>\n\t\t<\/div>\n\t\t\t\t\t<\/div>\n\t\t<\/section>\n\t\t\t\t<section class=\"elementor-section elementor-inner-section elementor-element elementor-element-aa79791 elementor-section-boxed elementor-section-height-default elementor-section-height-default\" data-id=\"aa79791\" data-element_type=\"section\">\n\t\t\t\t\t\t<div class=\"elementor-container elementor-column-gap-default\">\n\t\t\t\t\t<div class=\"elementor-column elementor-col-100 elementor-inner-column elementor-element elementor-element-a60134d\" data-id=\"a60134d\" data-element_type=\"column\">\n\t\t\t<div class=\"elementor-widget-wrap elementor-element-populated\">\n\t\t\t\t\t\t<div class=\"elementor-element elementor-element-cd3c538 elementor-widget-divider--view-line elementor-widget elementor-widget-divider\" data-id=\"cd3c538\" data-element_type=\"widget\" data-widget_type=\"divider.default\">\n\t\t\t\t<div class=\"elementor-widget-container\">\n\t\t\t\t\t\t\t<div class=\"elementor-divider\">\n\t\t\t<span class=\"elementor-divider-separator\">\n\t\t\t\t\t\t<\/span>\n\t\t<\/div>\n\t\t\t\t\t\t<\/div>\n\t\t\t\t<\/div>\n\t\t\t\t\t<\/div>\n\t\t<\/div>\n\t\t\t\t\t<\/div>\n\t\t<\/section>\n\t\t\t\t<section class=\"elementor-section elementor-inner-section elementor-element elementor-element-af62b96 elementor-section-boxed elementor-section-height-default elementor-section-height-default\" data-id=\"af62b96\" data-element_type=\"section\">\n\t\t\t\t\t\t<div class=\"elementor-container elementor-column-gap-default\">\n\t\t\t\t\t<div class=\"elementor-column elementor-col-50 elementor-inner-column elementor-element elementor-element-7c4b981\" data-id=\"7c4b981\" data-element_type=\"column\">\n\t\t\t<div class=\"elementor-widget-wrap elementor-element-populated\">\n\t\t\t\t\t\t<div class=\"elementor-element elementor-element-9900880 elementor-widget elementor-widget-heading\" data-id=\"9900880\" data-element_type=\"widget\" data-widget_type=\"heading.default\">\n\t\t\t\t<div class=\"elementor-widget-container\">\n\t\t\t\t\t<h4 class=\"elementor-heading-title elementor-size-default\">Tome 35<\/h4>\t\t\t\t<\/div>\n\t\t\t\t<\/div>\n\t\t\t\t<div class=\"elementor-element elementor-element-c227e22 elementor-widget elementor-widget-heading\" data-id=\"c227e22\" data-element_type=\"widget\" data-widget_type=\"heading.default\">\n\t\t\t\t<div class=\"elementor-widget-container\">\n\t\t\t\t\t<p class=\"elementor-heading-title elementor-size-default\">Rudolf Holbach, Michel Pauly (Hg.): St\u00e4dtische Wirtschaft im Mittelalter. Festschrift f\u00fcr Franz Irsigler zum 70. Geburtstag, K\u00f6ln\/Weimar\/Wien: B\u00f6hlau 2011, 374 Seiten, 34 s\/w-Abb. u. Karten.\n\n\n\n<br><br><br>\n<b>Prix : 52.90\u20ac<\/b>\n<br><br>\nISBN 978-3-412-20779-3<\/p>\t\t\t\t<\/div>\n\t\t\t\t<\/div>\n\t\t\t\t\t<\/div>\n\t\t<\/div>\n\t\t\t\t<div class=\"elementor-column elementor-col-50 elementor-inner-column elementor-element elementor-element-abcaffe\" data-id=\"abcaffe\" data-element_type=\"column\">\n\t\t\t<div class=\"elementor-widget-wrap elementor-element-populated\">\n\t\t\t\t\t\t<div class=\"elementor-element elementor-element-3347e8b elementor-widget elementor-widget-image\" data-id=\"3347e8b\" data-element_type=\"widget\" data-widget_type=\"image.default\">\n\t\t\t\t<div class=\"elementor-widget-container\">\n\t\t\t\t\t\t\t\t\t\t\t\t\t\t\t<img loading=\"lazy\" decoding=\"async\" width=\"200\" height=\"300\" src=\"https:\/\/www.cludem.lu\/wp-content\/uploads\/2022\/12\/Holbach_Pauly_Wirtschaft-200x300.jpg\" class=\"attachment-medium size-medium wp-image-1807\" alt=\"\" srcset=\"https:\/\/www.cludem.lu\/wp-content\/uploads\/2022\/12\/Holbach_Pauly_Wirtschaft-200x300.jpg 200w, https:\/\/www.cludem.lu\/wp-content\/uploads\/2022\/12\/Holbach_Pauly_Wirtschaft-8x12.jpg 8w, https:\/\/www.cludem.lu\/wp-content\/uploads\/2022\/12\/Holbach_Pauly_Wirtschaft.jpg 300w\" sizes=\"(max-width: 200px) 100vw, 200px\" \/>\t\t\t\t\t\t\t\t\t\t\t\t\t\t\t<\/div>\n\t\t\t\t<\/div>\n\t\t\t\t\t<\/div>\n\t\t<\/div>\n\t\t\t\t\t<\/div>\n\t\t<\/section>\n\t\t\t\t<section class=\"elementor-section elementor-inner-section elementor-element elementor-element-dfc375c elementor-section-boxed elementor-section-height-default elementor-section-height-default\" data-id=\"dfc375c\" data-element_type=\"section\">\n\t\t\t\t\t\t<div class=\"elementor-container elementor-column-gap-default\">\n\t\t\t\t\t<div class=\"elementor-column elementor-col-100 elementor-inner-column elementor-element elementor-element-24a65be\" data-id=\"24a65be\" data-element_type=\"column\">\n\t\t\t<div class=\"elementor-widget-wrap elementor-element-populated\">\n\t\t\t\t\t\t<div class=\"elementor-element elementor-element-416ac97 elementor-widget-divider--view-line elementor-widget elementor-widget-divider\" data-id=\"416ac97\" data-element_type=\"widget\" data-widget_type=\"divider.default\">\n\t\t\t\t<div class=\"elementor-widget-container\">\n\t\t\t\t\t\t\t<div class=\"elementor-divider\">\n\t\t\t<span class=\"elementor-divider-separator\">\n\t\t\t\t\t\t<\/span>\n\t\t<\/div>\n\t\t\t\t\t\t<\/div>\n\t\t\t\t<\/div>\n\t\t\t\t\t<\/div>\n\t\t<\/div>\n\t\t\t\t\t<\/div>\n\t\t<\/section>\n\t\t\t\t<section class=\"elementor-section elementor-inner-section elementor-element elementor-element-045ce61 elementor-section-boxed elementor-section-height-default elementor-section-height-default\" data-id=\"045ce61\" data-element_type=\"section\">\n\t\t\t\t\t\t<div class=\"elementor-container elementor-column-gap-default\">\n\t\t\t\t\t<div class=\"elementor-column elementor-col-50 elementor-inner-column elementor-element elementor-element-41a421c\" data-id=\"41a421c\" data-element_type=\"column\">\n\t\t\t<div class=\"elementor-widget-wrap elementor-element-populated\">\n\t\t\t\t\t\t<div class=\"elementor-element elementor-element-3db226f elementor-widget elementor-widget-heading\" data-id=\"3db226f\" data-element_type=\"widget\" data-widget_type=\"heading.default\">\n\t\t\t\t<div class=\"elementor-widget-container\">\n\t\t\t\t\t<h4 class=\"elementor-heading-title elementor-size-default\">Tome 36<\/h4>\t\t\t\t<\/div>\n\t\t\t\t<\/div>\n\t\t\t\t<div class=\"elementor-element elementor-element-be0e798 elementor-widget elementor-widget-heading\" data-id=\"be0e798\" data-element_type=\"widget\" data-widget_type=\"heading.default\">\n\t\t\t\t<div class=\"elementor-widget-container\">\n\t\t\t\t\t<p class=\"elementor-heading-title elementor-size-default\">Martin Uhrmacher : Lepra und Leprosorien im rheinischen Raum vom 12. bis zum 18. Jahrhundert, Trier: Porta Alba, 2011 (Beitr\u00e4ge zur Landes- und Kulturgeschichte; Vol. 8), 378 Seiten, 5 Karten.\n\n\n<br><br><br>\n<b>Prix : 58.00\u20ac<\/b>\n<br><br>\nISBN 978-3-933701-42-8<\/p>\t\t\t\t<\/div>\n\t\t\t\t<\/div>\n\t\t\t\t\t<\/div>\n\t\t<\/div>\n\t\t\t\t<div class=\"elementor-column elementor-col-50 elementor-inner-column elementor-element elementor-element-41a0738\" data-id=\"41a0738\" data-element_type=\"column\">\n\t\t\t<div class=\"elementor-widget-wrap elementor-element-populated\">\n\t\t\t\t\t\t<div class=\"elementor-element elementor-element-0e0b2be elementor-widget elementor-widget-image\" data-id=\"0e0b2be\" data-element_type=\"widget\" data-widget_type=\"image.default\">\n\t\t\t\t<div class=\"elementor-widget-container\">\n\t\t\t\t\t\t\t\t\t\t\t\t\t\t\t<img loading=\"lazy\" decoding=\"async\" width=\"212\" height=\"300\" src=\"https:\/\/www.cludem.lu\/wp-content\/uploads\/2022\/12\/Cover_Uhrmacher_web-212x300.jpg\" class=\"attachment-medium size-medium wp-image-1803\" alt=\"\" srcset=\"https:\/\/www.cludem.lu\/wp-content\/uploads\/2022\/12\/Cover_Uhrmacher_web-212x300.jpg 212w, https:\/\/www.cludem.lu\/wp-content\/uploads\/2022\/12\/Cover_Uhrmacher_web-8x12.jpg 8w, https:\/\/www.cludem.lu\/wp-content\/uploads\/2022\/12\/Cover_Uhrmacher_web.jpg 709w\" sizes=\"(max-width: 212px) 100vw, 212px\" \/>\t\t\t\t\t\t\t\t\t\t\t\t\t\t\t<\/div>\n\t\t\t\t<\/div>\n\t\t\t\t\t<\/div>\n\t\t<\/div>\n\t\t\t\t\t<\/div>\n\t\t<\/section>\n\t\t\t\t<section class=\"elementor-section elementor-inner-section elementor-element elementor-element-47a8348 elementor-section-boxed elementor-section-height-default elementor-section-height-default\" data-id=\"47a8348\" data-element_type=\"section\">\n\t\t\t\t\t\t<div class=\"elementor-container elementor-column-gap-default\">\n\t\t\t\t\t<div class=\"elementor-column elementor-col-100 elementor-inner-column elementor-element elementor-element-0fbfb8b\" data-id=\"0fbfb8b\" data-element_type=\"column\">\n\t\t\t<div class=\"elementor-widget-wrap elementor-element-populated\">\n\t\t\t\t\t\t<div class=\"elementor-element elementor-element-3c37a6e elementor-widget-divider--view-line elementor-widget elementor-widget-divider\" data-id=\"3c37a6e\" data-element_type=\"widget\" data-widget_type=\"divider.default\">\n\t\t\t\t<div class=\"elementor-widget-container\">\n\t\t\t\t\t\t\t<div class=\"elementor-divider\">\n\t\t\t<span class=\"elementor-divider-separator\">\n\t\t\t\t\t\t<\/span>\n\t\t<\/div>\n\t\t\t\t\t\t<\/div>\n\t\t\t\t<\/div>\n\t\t\t\t\t<\/div>\n\t\t<\/div>\n\t\t\t\t\t<\/div>\n\t\t<\/section>\n\t\t\t\t<section class=\"elementor-section elementor-inner-section elementor-element elementor-element-646cd46 elementor-section-boxed elementor-section-height-default elementor-section-height-default\" data-id=\"646cd46\" data-element_type=\"section\">\n\t\t\t\t\t\t<div class=\"elementor-container elementor-column-gap-default\">\n\t\t\t\t\t<div class=\"elementor-column elementor-col-50 elementor-inner-column elementor-element elementor-element-aa1987b\" data-id=\"aa1987b\" data-element_type=\"column\">\n\t\t\t<div class=\"elementor-widget-wrap elementor-element-populated\">\n\t\t\t\t\t\t<div class=\"elementor-element elementor-element-5c79932 elementor-widget elementor-widget-heading\" data-id=\"5c79932\" data-element_type=\"widget\" data-widget_type=\"heading.default\">\n\t\t\t\t<div class=\"elementor-widget-container\">\n\t\t\t\t\t<h4 class=\"elementor-heading-title elementor-size-default\">Tome 37<\/h4>\t\t\t\t<\/div>\n\t\t\t\t<\/div>\n\t\t\t\t<div class=\"elementor-element elementor-element-02921be elementor-widget elementor-widget-heading\" data-id=\"02921be\" data-element_type=\"widget\" data-widget_type=\"heading.default\">\n\t\t\t\t<div class=\"elementor-widget-container\">\n\t\t\t\t\t<p class=\"elementor-heading-title elementor-size-default\">Richard Nemec : Architektur - Herrschaft - Land. Die Residenzen Karls IV. in Prag und den L\u00e4ndern der B\u00f6hmischen Krone, Petersberg: Michael Imhof Verlag, 2015 (Studien zur internationalen Architektur- und Kunstgeschichte, 125), 384 Seiten, 69 Farb- und 278 S\/W-Abbildungen, Hardcover. \n\n\n<br><br><br>\n<b>Non disponible\/zur Zeit nicht lieferbar<\/b>\n<br><br>\nISBN 978-3-86568-874-3<\/p>\t\t\t\t<\/div>\n\t\t\t\t<\/div>\n\t\t\t\t\t<\/div>\n\t\t<\/div>\n\t\t\t\t<div class=\"elementor-column elementor-col-50 elementor-inner-column elementor-element elementor-element-f18ed95\" data-id=\"f18ed95\" data-element_type=\"column\">\n\t\t\t<div class=\"elementor-widget-wrap elementor-element-populated\">\n\t\t\t\t\t\t<div class=\"elementor-element elementor-element-1d931ab elementor-widget elementor-widget-image\" data-id=\"1d931ab\" data-element_type=\"widget\" data-widget_type=\"image.default\">\n\t\t\t\t<div class=\"elementor-widget-container\">\n\t\t\t\t\t\t\t\t\t\t\t\t\t\t\t<img loading=\"lazy\" decoding=\"async\" width=\"927\" height=\"1271\" src=\"https:\/\/www.cludem.lu\/wp-content\/uploads\/2022\/10\/37-1.png\" class=\"attachment-full size-full wp-image-1454\" alt=\"\" srcset=\"https:\/\/www.cludem.lu\/wp-content\/uploads\/2022\/10\/37-1.png 927w, https:\/\/www.cludem.lu\/wp-content\/uploads\/2022\/10\/37-1-219x300.png 219w, https:\/\/www.cludem.lu\/wp-content\/uploads\/2022\/10\/37-1-747x1024.png 747w, https:\/\/www.cludem.lu\/wp-content\/uploads\/2022\/10\/37-1-768x1053.png 768w, https:\/\/www.cludem.lu\/wp-content\/uploads\/2022\/10\/37-1-9x12.png 9w\" sizes=\"(max-width: 927px) 100vw, 927px\" \/>\t\t\t\t\t\t\t\t\t\t\t\t\t\t\t<\/div>\n\t\t\t\t<\/div>\n\t\t\t\t\t<\/div>\n\t\t<\/div>\n\t\t\t\t\t<\/div>\n\t\t<\/section>\n\t\t\t\t<section class=\"elementor-section elementor-inner-section elementor-element elementor-element-56ee26c elementor-section-boxed elementor-section-height-default elementor-section-height-default\" data-id=\"56ee26c\" data-element_type=\"section\">\n\t\t\t\t\t\t<div class=\"elementor-container elementor-column-gap-default\">\n\t\t\t\t\t<div class=\"elementor-column elementor-col-100 elementor-inner-column elementor-element elementor-element-f3dae3c\" data-id=\"f3dae3c\" data-element_type=\"column\">\n\t\t\t<div class=\"elementor-widget-wrap elementor-element-populated\">\n\t\t\t\t\t\t<div class=\"elementor-element elementor-element-133ee76 elementor-widget-divider--view-line elementor-widget elementor-widget-divider\" data-id=\"133ee76\" data-element_type=\"widget\" data-widget_type=\"divider.default\">\n\t\t\t\t<div class=\"elementor-widget-container\">\n\t\t\t\t\t\t\t<div class=\"elementor-divider\">\n\t\t\t<span class=\"elementor-divider-separator\">\n\t\t\t\t\t\t<\/span>\n\t\t<\/div>\n\t\t\t\t\t\t<\/div>\n\t\t\t\t<\/div>\n\t\t\t\t\t<\/div>\n\t\t<\/div>\n\t\t\t\t\t<\/div>\n\t\t<\/section>\n\t\t\t\t<section class=\"elementor-section elementor-inner-section elementor-element elementor-element-34ad2fb elementor-section-boxed elementor-section-height-default elementor-section-height-default\" data-id=\"34ad2fb\" data-element_type=\"section\">\n\t\t\t\t\t\t<div class=\"elementor-container elementor-column-gap-default\">\n\t\t\t\t\t<div class=\"elementor-column elementor-col-50 elementor-inner-column elementor-element elementor-element-cf0c43c\" data-id=\"cf0c43c\" data-element_type=\"column\">\n\t\t\t<div class=\"elementor-widget-wrap elementor-element-populated\">\n\t\t\t\t\t\t<div class=\"elementor-element elementor-element-c085c67 elementor-widget elementor-widget-heading\" data-id=\"c085c67\" data-element_type=\"widget\" data-widget_type=\"heading.default\">\n\t\t\t\t<div class=\"elementor-widget-container\">\n\t\t\t\t\t<h4 class=\"elementor-heading-title elementor-size-default\">Tome 38<\/h4>\t\t\t\t<\/div>\n\t\t\t\t<\/div>\n\t\t\t\t<div class=\"elementor-element elementor-element-fb3fede elementor-widget elementor-widget-heading\" data-id=\"fb3fede\" data-element_type=\"widget\" data-widget_type=\"heading.default\">\n\t\t\t\t<div class=\"elementor-widget-container\">\n\t\t\t\t\t<p class=\"elementor-heading-title elementor-size-default\">Michel Pauly (Hg.) : Die Erbtochter, der fremde F\u00fcrst und das Land. Die Ehe Johanns des Blinden und Elisabeths von B\u00f6hmen in vergleichender europ\u00e4ischer Perspektive \/ L'h\u00e9riti\u00e8re, le prince \u00e9tranger et le pays. Le marriage de Jean l'Aveugle et d'Elisabeth de Boh\u00eame dans une perspective comparative europ\u00e9enne. Colloque international organis\u00e9 par le Mus\u00e9e d'Histoire de la Ville de Luxembourg et l'Universit\u00e9 du Luxembourg les 30 septembre et 1er octobre 2010 \u00e0 Luxembourg, Luxembourg 2013, 285 Seiten. \n\n\n<br><br><br>\n<b>Prix : 35.00\u20ac<\/b>\n<br><br>\nISBN 2-919979-28-0<\/p>\t\t\t\t<\/div>\n\t\t\t\t<\/div>\n\t\t\t\t\t<\/div>\n\t\t<\/div>\n\t\t\t\t<div class=\"elementor-column elementor-col-50 elementor-inner-column elementor-element elementor-element-67242cb\" data-id=\"67242cb\" data-element_type=\"column\">\n\t\t\t<div class=\"elementor-widget-wrap elementor-element-populated\">\n\t\t\t\t\t\t<div class=\"elementor-element elementor-element-7905df1 elementor-widget elementor-widget-image\" data-id=\"7905df1\" data-element_type=\"widget\" data-widget_type=\"image.default\">\n\t\t\t\t<div class=\"elementor-widget-container\">\n\t\t\t\t\t\t\t\t\t\t\t\t\t\t\t<img loading=\"lazy\" decoding=\"async\" width=\"1746\" height=\"2560\" src=\"https:\/\/www.cludem.lu\/wp-content\/uploads\/2022\/10\/38-scaled.jpg\" class=\"attachment-full size-full wp-image-1455\" alt=\"\" srcset=\"https:\/\/www.cludem.lu\/wp-content\/uploads\/2022\/10\/38-scaled.jpg 1746w, https:\/\/www.cludem.lu\/wp-content\/uploads\/2022\/10\/38-205x300.jpg 205w, https:\/\/www.cludem.lu\/wp-content\/uploads\/2022\/10\/38-698x1024.jpg 698w, https:\/\/www.cludem.lu\/wp-content\/uploads\/2022\/10\/38-768x1126.jpg 768w, https:\/\/www.cludem.lu\/wp-content\/uploads\/2022\/10\/38-1047x1536.jpg 1047w, https:\/\/www.cludem.lu\/wp-content\/uploads\/2022\/10\/38-1397x2048.jpg 1397w, https:\/\/www.cludem.lu\/wp-content\/uploads\/2022\/10\/38-8x12.jpg 8w\" sizes=\"(max-width: 1746px) 100vw, 1746px\" \/>\t\t\t\t\t\t\t\t\t\t\t\t\t\t\t<\/div>\n\t\t\t\t<\/div>\n\t\t\t\t\t<\/div>\n\t\t<\/div>\n\t\t\t\t\t<\/div>\n\t\t<\/section>\n\t\t\t\t<section class=\"elementor-section elementor-inner-section elementor-element elementor-element-14a13e0 elementor-section-boxed elementor-section-height-default elementor-section-height-default\" data-id=\"14a13e0\" data-element_type=\"section\">\n\t\t\t\t\t\t<div class=\"elementor-container elementor-column-gap-default\">\n\t\t\t\t\t<div class=\"elementor-column elementor-col-100 elementor-inner-column elementor-element elementor-element-d5cf374\" data-id=\"d5cf374\" data-element_type=\"column\">\n\t\t\t<div class=\"elementor-widget-wrap elementor-element-populated\">\n\t\t\t\t\t\t<div class=\"elementor-element elementor-element-1a67fdb elementor-widget-divider--view-line elementor-widget elementor-widget-divider\" data-id=\"1a67fdb\" data-element_type=\"widget\" data-widget_type=\"divider.default\">\n\t\t\t\t<div class=\"elementor-widget-container\">\n\t\t\t\t\t\t\t<div class=\"elementor-divider\">\n\t\t\t<span class=\"elementor-divider-separator\">\n\t\t\t\t\t\t<\/span>\n\t\t<\/div>\n\t\t\t\t\t\t<\/div>\n\t\t\t\t<\/div>\n\t\t\t\t\t<\/div>\n\t\t<\/div>\n\t\t\t\t\t<\/div>\n\t\t<\/section>\n\t\t\t\t<section class=\"elementor-section elementor-inner-section elementor-element elementor-element-f16fceb elementor-section-boxed elementor-section-height-default elementor-section-height-default\" data-id=\"f16fceb\" data-element_type=\"section\">\n\t\t\t\t\t\t<div class=\"elementor-container elementor-column-gap-default\">\n\t\t\t\t\t<div class=\"elementor-column elementor-col-50 elementor-inner-column elementor-element elementor-element-c56481f\" data-id=\"c56481f\" data-element_type=\"column\">\n\t\t\t<div class=\"elementor-widget-wrap elementor-element-populated\">\n\t\t\t\t\t\t<div class=\"elementor-element elementor-element-aa67ff3 elementor-widget elementor-widget-heading\" data-id=\"aa67ff3\" data-element_type=\"widget\" data-widget_type=\"heading.default\">\n\t\t\t\t<div class=\"elementor-widget-container\">\n\t\t\t\t\t<h4 class=\"elementor-heading-title elementor-size-default\">Tome 39<\/h4>\t\t\t\t<\/div>\n\t\t\t\t<\/div>\n\t\t\t\t<div class=\"elementor-element elementor-element-40b73a5 elementor-widget elementor-widget-heading\" data-id=\"40b73a5\" data-element_type=\"widget\" data-widget_type=\"heading.default\">\n\t\t\t\t<div class=\"elementor-widget-container\">\n\t\t\t\t\t<p class=\"elementor-heading-title elementor-size-default\">Die Rechnungsb\u00fccher der Stadt Luxemburg. Siebtes Heft 1475-1478, hrg. v. Claudine Moulin und Michel Pauly, Luxemburg 2013. \n\n\n<br><br><br>\n<b>Preis: 19.00\u20ac<\/b>\n<br><br>\nISBN 2-919979-29-9\n<br><br>\n<b>Vorzugspreis von 15.00\u20ac bei Abo auf der ganzen Reihe<\/b>\n\n<\/p>\t\t\t\t<\/div>\n\t\t\t\t<\/div>\n\t\t\t\t\t<\/div>\n\t\t<\/div>\n\t\t\t\t<div class=\"elementor-column elementor-col-50 elementor-inner-column elementor-element elementor-element-869e08d\" data-id=\"869e08d\" data-element_type=\"column\">\n\t\t\t<div class=\"elementor-widget-wrap elementor-element-populated\">\n\t\t\t\t\t\t<div class=\"elementor-element elementor-element-bd3575b elementor-widget elementor-widget-image\" data-id=\"bd3575b\" data-element_type=\"widget\" data-widget_type=\"image.default\">\n\t\t\t\t<div class=\"elementor-widget-container\">\n\t\t\t\t\t\t\t\t\t\t\t\t\t\t\t<img loading=\"lazy\" decoding=\"async\" width=\"264\" height=\"300\" src=\"https:\/\/www.cludem.lu\/wp-content\/uploads\/2022\/12\/Kontenbuch_7-264x300.jpg\" class=\"attachment-medium size-medium wp-image-1799\" alt=\"\" srcset=\"https:\/\/www.cludem.lu\/wp-content\/uploads\/2022\/12\/Kontenbuch_7-264x300.jpg 264w, https:\/\/www.cludem.lu\/wp-content\/uploads\/2022\/12\/Kontenbuch_7-11x12.jpg 11w, https:\/\/www.cludem.lu\/wp-content\/uploads\/2022\/12\/Kontenbuch_7.jpg 709w\" sizes=\"(max-width: 264px) 100vw, 264px\" \/>\t\t\t\t\t\t\t\t\t\t\t\t\t\t\t<\/div>\n\t\t\t\t<\/div>\n\t\t\t\t\t<\/div>\n\t\t<\/div>\n\t\t\t\t\t<\/div>\n\t\t<\/section>\n\t\t\t\t<section class=\"elementor-section elementor-inner-section elementor-element elementor-element-9ab17a2 elementor-section-boxed elementor-section-height-default elementor-section-height-default\" data-id=\"9ab17a2\" data-element_type=\"section\">\n\t\t\t\t\t\t<div class=\"elementor-container elementor-column-gap-default\">\n\t\t\t\t\t<div class=\"elementor-column elementor-col-100 elementor-inner-column elementor-element elementor-element-1b6b440\" data-id=\"1b6b440\" data-element_type=\"column\">\n\t\t\t<div class=\"elementor-widget-wrap elementor-element-populated\">\n\t\t\t\t\t\t<div class=\"elementor-element elementor-element-7322c5e elementor-widget-divider--view-line elementor-widget elementor-widget-divider\" data-id=\"7322c5e\" data-element_type=\"widget\" data-widget_type=\"divider.default\">\n\t\t\t\t<div class=\"elementor-widget-container\">\n\t\t\t\t\t\t\t<div class=\"elementor-divider\">\n\t\t\t<span class=\"elementor-divider-separator\">\n\t\t\t\t\t\t<\/span>\n\t\t<\/div>\n\t\t\t\t\t\t<\/div>\n\t\t\t\t<\/div>\n\t\t\t\t\t<\/div>\n\t\t<\/div>\n\t\t\t\t\t<\/div>\n\t\t<\/section>\n\t\t\t\t<section class=\"elementor-section elementor-inner-section elementor-element elementor-element-0f7382f elementor-section-boxed elementor-section-height-default elementor-section-height-default\" data-id=\"0f7382f\" data-element_type=\"section\">\n\t\t\t\t\t\t<div class=\"elementor-container elementor-column-gap-default\">\n\t\t\t\t\t<div class=\"elementor-column elementor-col-50 elementor-inner-column elementor-element elementor-element-0e40a61\" data-id=\"0e40a61\" data-element_type=\"column\">\n\t\t\t<div class=\"elementor-widget-wrap elementor-element-populated\">\n\t\t\t\t\t\t<div class=\"elementor-element elementor-element-d156a7a elementor-widget elementor-widget-heading\" data-id=\"d156a7a\" data-element_type=\"widget\" data-widget_type=\"heading.default\">\n\t\t\t\t<div class=\"elementor-widget-container\">\n\t\t\t\t\t<h4 class=\"elementor-heading-title elementor-size-default\">Tome 40<\/h4>\t\t\t\t<\/div>\n\t\t\t\t<\/div>\n\t\t\t\t<div class=\"elementor-element elementor-element-11dfb19 elementor-widget elementor-widget-heading\" data-id=\"11dfb19\" data-element_type=\"widget\" data-widget_type=\"heading.default\">\n\t\t\t\t<div class=\"elementor-widget-container\">\n\t\t\t\t\t<p class=\"elementor-heading-title elementor-size-default\">Die Rechnungsb\u00fccher der Stadt Luxemburg. Achtes Heft 1478-1480, hrg. v. Claudine Moulin und Michel Pauly, Luxemburg 2014. \n\n<br><br><br>\n<b>Preis: 19.00\u20ac<\/b>\n<br><br>\nISBN 978-2-919979-30-1<br><br>\n<b>Vorzugspreis von 15.00\u20ac bei Abo auf der ganzen Reihe<\/b>\n\n<\/p>\t\t\t\t<\/div>\n\t\t\t\t<\/div>\n\t\t\t\t\t<\/div>\n\t\t<\/div>\n\t\t\t\t<div class=\"elementor-column elementor-col-50 elementor-inner-column elementor-element elementor-element-7503436\" data-id=\"7503436\" data-element_type=\"column\">\n\t\t\t<div class=\"elementor-widget-wrap elementor-element-populated\">\n\t\t\t\t\t\t<div class=\"elementor-element elementor-element-82be692 elementor-widget elementor-widget-image\" data-id=\"82be692\" data-element_type=\"widget\" data-widget_type=\"image.default\">\n\t\t\t\t<div class=\"elementor-widget-container\">\n\t\t\t\t\t\t\t\t\t\t\t\t\t\t\t<img loading=\"lazy\" decoding=\"async\" width=\"264\" height=\"300\" src=\"https:\/\/www.cludem.lu\/wp-content\/uploads\/2022\/12\/Kontenbuch_8-264x300.jpg\" class=\"attachment-medium size-medium wp-image-1795\" alt=\"\" srcset=\"https:\/\/www.cludem.lu\/wp-content\/uploads\/2022\/12\/Kontenbuch_8-264x300.jpg 264w, https:\/\/www.cludem.lu\/wp-content\/uploads\/2022\/12\/Kontenbuch_8-11x12.jpg 11w, https:\/\/www.cludem.lu\/wp-content\/uploads\/2022\/12\/Kontenbuch_8.jpg 709w\" sizes=\"(max-width: 264px) 100vw, 264px\" \/>\t\t\t\t\t\t\t\t\t\t\t\t\t\t\t<\/div>\n\t\t\t\t<\/div>\n\t\t\t\t\t<\/div>\n\t\t<\/div>\n\t\t\t\t\t<\/div>\n\t\t<\/section>\n\t\t\t\t<section class=\"elementor-section elementor-inner-section elementor-element elementor-element-117d1e8 elementor-section-boxed elementor-section-height-default elementor-section-height-default\" data-id=\"117d1e8\" data-element_type=\"section\">\n\t\t\t\t\t\t<div class=\"elementor-container elementor-column-gap-default\">\n\t\t\t\t\t<div class=\"elementor-column elementor-col-100 elementor-inner-column elementor-element elementor-element-c118670\" data-id=\"c118670\" data-element_type=\"column\">\n\t\t\t<div class=\"elementor-widget-wrap elementor-element-populated\">\n\t\t\t\t\t\t<div class=\"elementor-element elementor-element-0c426db elementor-widget-divider--view-line elementor-widget elementor-widget-divider\" data-id=\"0c426db\" data-element_type=\"widget\" data-widget_type=\"divider.default\">\n\t\t\t\t<div class=\"elementor-widget-container\">\n\t\t\t\t\t\t\t<div class=\"elementor-divider\">\n\t\t\t<span class=\"elementor-divider-separator\">\n\t\t\t\t\t\t<\/span>\n\t\t<\/div>\n\t\t\t\t\t\t<\/div>\n\t\t\t\t<\/div>\n\t\t\t\t\t<\/div>\n\t\t<\/div>\n\t\t\t\t\t<\/div>\n\t\t<\/section>\n\t\t\t\t<section class=\"elementor-section elementor-inner-section elementor-element elementor-element-d1443a0 elementor-section-boxed elementor-section-height-default elementor-section-height-default\" data-id=\"d1443a0\" data-element_type=\"section\">\n\t\t\t\t\t\t<div class=\"elementor-container elementor-column-gap-default\">\n\t\t\t\t\t<div class=\"elementor-column elementor-col-50 elementor-inner-column elementor-element elementor-element-c0d091e\" data-id=\"c0d091e\" data-element_type=\"column\">\n\t\t\t<div class=\"elementor-widget-wrap elementor-element-populated\">\n\t\t\t\t\t\t<div class=\"elementor-element elementor-element-af74217 elementor-widget elementor-widget-heading\" data-id=\"af74217\" data-element_type=\"widget\" data-widget_type=\"heading.default\">\n\t\t\t\t<div class=\"elementor-widget-container\">\n\t\t\t\t\t<h4 class=\"elementor-heading-title elementor-size-default\">Tome 41<\/h4>\t\t\t\t<\/div>\n\t\t\t\t<\/div>\n\t\t\t\t<div class=\"elementor-element elementor-element-fddd372 elementor-widget elementor-widget-heading\" data-id=\"fddd372\" data-element_type=\"widget\" data-widget_type=\"heading.default\">\n\t\t\t\t<div class=\"elementor-widget-container\">\n\t\t\t\t\t<p class=\"elementor-heading-title elementor-size-default\">Urban Liberties and Citizenship from the Middle Ages up to now \/ Libert\u00e9s et citoyennet\u00e9 urbaines du moyen \u00e2ge \u00e0 nos jours \/ St\u00e4dtische Freiheiten und b\u00fcrgerliche Partizipation vom Mittelalter bis heute. Actes du Colloque 2009 de la Commission internationale pour l\u2019Histoire des villes \u00e9dit\u00e9s sous la direction de Michel Pauly et Alexander Lee (zugleich: Beitr\u00e4ge zur Landes- und Kulturgeschichte, 9), Trier \/ Luxemburg 2015,  284 Seiten. \n\n\n\n\n<br><br><br>\n<b>Prix : 42.00\u20ac<\/b>\n<br><br>\nISBN 978-3-933701-50-3\n<br><br>\n\n\n<\/p>\t\t\t\t<\/div>\n\t\t\t\t<\/div>\n\t\t\t\t\t<\/div>\n\t\t<\/div>\n\t\t\t\t<div class=\"elementor-column elementor-col-50 elementor-inner-column elementor-element elementor-element-f38e274\" data-id=\"f38e274\" data-element_type=\"column\">\n\t\t\t<div class=\"elementor-widget-wrap elementor-element-populated\">\n\t\t\t\t\t\t<div class=\"elementor-element elementor-element-7f58fc1 elementor-widget elementor-widget-image\" data-id=\"7f58fc1\" data-element_type=\"widget\" data-widget_type=\"image.default\">\n\t\t\t\t<div class=\"elementor-widget-container\">\n\t\t\t\t\t\t\t\t\t\t\t\t\t\t\t<img loading=\"lazy\" decoding=\"async\" width=\"188\" height=\"300\" src=\"https:\/\/www.cludem.lu\/wp-content\/uploads\/2022\/12\/Urban-liberties_webseite-188x300.jpeg\" class=\"attachment-medium size-medium wp-image-1791\" alt=\"\" srcset=\"https:\/\/www.cludem.lu\/wp-content\/uploads\/2022\/12\/Urban-liberties_webseite-188x300.jpeg 188w, https:\/\/www.cludem.lu\/wp-content\/uploads\/2022\/12\/Urban-liberties_webseite-8x12.jpeg 8w, https:\/\/www.cludem.lu\/wp-content\/uploads\/2022\/12\/Urban-liberties_webseite.jpeg 350w\" sizes=\"(max-width: 188px) 100vw, 188px\" \/>\t\t\t\t\t\t\t\t\t\t\t\t\t\t\t<\/div>\n\t\t\t\t<\/div>\n\t\t\t\t\t<\/div>\n\t\t<\/div>\n\t\t\t\t\t<\/div>\n\t\t<\/section>\n\t\t\t\t<section class=\"elementor-section elementor-inner-section elementor-element elementor-element-8584d36 elementor-section-boxed elementor-section-height-default elementor-section-height-default\" data-id=\"8584d36\" data-element_type=\"section\">\n\t\t\t\t\t\t<div class=\"elementor-container elementor-column-gap-default\">\n\t\t\t\t\t<div class=\"elementor-column elementor-col-100 elementor-inner-column elementor-element elementor-element-f6c6d8c\" data-id=\"f6c6d8c\" data-element_type=\"column\">\n\t\t\t<div class=\"elementor-widget-wrap elementor-element-populated\">\n\t\t\t\t\t\t<div class=\"elementor-element elementor-element-a71341a elementor-widget-divider--view-line elementor-widget elementor-widget-divider\" data-id=\"a71341a\" data-element_type=\"widget\" data-widget_type=\"divider.default\">\n\t\t\t\t<div class=\"elementor-widget-container\">\n\t\t\t\t\t\t\t<div class=\"elementor-divider\">\n\t\t\t<span class=\"elementor-divider-separator\">\n\t\t\t\t\t\t<\/span>\n\t\t<\/div>\n\t\t\t\t\t\t<\/div>\n\t\t\t\t<\/div>\n\t\t\t\t\t<\/div>\n\t\t<\/div>\n\t\t\t\t\t<\/div>\n\t\t<\/section>\n\t\t\t\t<section class=\"elementor-section elementor-inner-section elementor-element elementor-element-df6e791 elementor-section-boxed elementor-section-height-default elementor-section-height-default\" data-id=\"df6e791\" data-element_type=\"section\">\n\t\t\t\t\t\t<div class=\"elementor-container elementor-column-gap-default\">\n\t\t\t\t\t<div class=\"elementor-column elementor-col-50 elementor-inner-column elementor-element elementor-element-e6080f3\" data-id=\"e6080f3\" data-element_type=\"column\">\n\t\t\t<div class=\"elementor-widget-wrap elementor-element-populated\">\n\t\t\t\t\t\t<div class=\"elementor-element elementor-element-a7cffd3 elementor-widget elementor-widget-heading\" data-id=\"a7cffd3\" data-element_type=\"widget\" data-widget_type=\"heading.default\">\n\t\t\t\t<div class=\"elementor-widget-container\">\n\t\t\t\t\t<h4 class=\"elementor-heading-title elementor-size-default\">Tome 42<\/h4>\t\t\t\t<\/div>\n\t\t\t\t<\/div>\n\t\t\t\t<div class=\"elementor-element elementor-element-f5a9a56 elementor-widget elementor-widget-heading\" data-id=\"f5a9a56\" data-element_type=\"widget\" data-widget_type=\"heading.default\">\n\t\t\t\t<div class=\"elementor-widget-container\">\n\t\t\t\t\t<p class=\"elementor-heading-title elementor-size-default\">Die Rechnungsb\u00fccher der Stadt Luxemburg. Neuntes Heft 1480-1483, hrg. v. Claudine Moulin und Michel Pauly, Luxemburg 2016. \n\n<br><br><br>\n<b>Preis: 19.00\u20ac<\/b>\n<br><br>\nISBN 978-2-919979-31-8\n<br><br>\n<b>Vorzugspreis von 15.00\u20ac bei Abo auf der ganzen Reihe<\/b>\n<\/p>\t\t\t\t<\/div>\n\t\t\t\t<\/div>\n\t\t\t\t\t<\/div>\n\t\t<\/div>\n\t\t\t\t<div class=\"elementor-column elementor-col-50 elementor-inner-column elementor-element elementor-element-cffef33\" data-id=\"cffef33\" data-element_type=\"column\">\n\t\t\t<div class=\"elementor-widget-wrap elementor-element-populated\">\n\t\t\t\t\t\t<div class=\"elementor-element elementor-element-389f7bb elementor-widget elementor-widget-image\" data-id=\"389f7bb\" data-element_type=\"widget\" data-widget_type=\"image.default\">\n\t\t\t\t<div class=\"elementor-widget-container\">\n\t\t\t\t\t\t\t\t\t\t\t\t\t\t\t<img loading=\"lazy\" decoding=\"async\" width=\"264\" height=\"300\" src=\"https:\/\/www.cludem.lu\/wp-content\/uploads\/2022\/12\/Kontenbuch_9-264x300.jpg\" class=\"attachment-medium size-medium wp-image-1787\" alt=\"\" srcset=\"https:\/\/www.cludem.lu\/wp-content\/uploads\/2022\/12\/Kontenbuch_9-264x300.jpg 264w, https:\/\/www.cludem.lu\/wp-content\/uploads\/2022\/12\/Kontenbuch_9-11x12.jpg 11w, https:\/\/www.cludem.lu\/wp-content\/uploads\/2022\/12\/Kontenbuch_9.jpg 591w\" sizes=\"(max-width: 264px) 100vw, 264px\" \/>\t\t\t\t\t\t\t\t\t\t\t\t\t\t\t<\/div>\n\t\t\t\t<\/div>\n\t\t\t\t\t<\/div>\n\t\t<\/div>\n\t\t\t\t\t<\/div>\n\t\t<\/section>\n\t\t\t\t<section class=\"elementor-section elementor-inner-section elementor-element elementor-element-5d36935 elementor-section-boxed elementor-section-height-default elementor-section-height-default\" data-id=\"5d36935\" data-element_type=\"section\">\n\t\t\t\t\t\t<div class=\"elementor-container elementor-column-gap-default\">\n\t\t\t\t\t<div class=\"elementor-column elementor-col-100 elementor-inner-column elementor-element elementor-element-0e65cd8\" data-id=\"0e65cd8\" data-element_type=\"column\">\n\t\t\t<div class=\"elementor-widget-wrap elementor-element-populated\">\n\t\t\t\t\t\t<div class=\"elementor-element elementor-element-2764aee elementor-widget-divider--view-line elementor-widget elementor-widget-divider\" data-id=\"2764aee\" data-element_type=\"widget\" data-widget_type=\"divider.default\">\n\t\t\t\t<div class=\"elementor-widget-container\">\n\t\t\t\t\t\t\t<div class=\"elementor-divider\">\n\t\t\t<span class=\"elementor-divider-separator\">\n\t\t\t\t\t\t<\/span>\n\t\t<\/div>\n\t\t\t\t\t\t<\/div>\n\t\t\t\t<\/div>\n\t\t\t\t\t<\/div>\n\t\t<\/div>\n\t\t\t\t\t<\/div>\n\t\t<\/section>\n\t\t\t\t<section class=\"elementor-section elementor-inner-section elementor-element elementor-element-783e17d elementor-section-boxed elementor-section-height-default elementor-section-height-default\" data-id=\"783e17d\" data-element_type=\"section\">\n\t\t\t\t\t\t<div class=\"elementor-container elementor-column-gap-default\">\n\t\t\t\t\t<div class=\"elementor-column elementor-col-50 elementor-inner-column elementor-element elementor-element-3875514\" data-id=\"3875514\" data-element_type=\"column\">\n\t\t\t<div class=\"elementor-widget-wrap elementor-element-populated\">\n\t\t\t\t\t\t<div class=\"elementor-element elementor-element-6b3f345 elementor-widget elementor-widget-heading\" data-id=\"6b3f345\" data-element_type=\"widget\" data-widget_type=\"heading.default\">\n\t\t\t\t<div class=\"elementor-widget-container\">\n\t\t\t\t\t<h4 class=\"elementor-heading-title elementor-size-default\">Tome 43<\/h4>\t\t\t\t<\/div>\n\t\t\t\t<\/div>\n\t\t\t\t<div class=\"elementor-element elementor-element-cae43b3 elementor-widget elementor-widget-heading\" data-id=\"cae43b3\" data-element_type=\"widget\" data-widget_type=\"heading.default\">\n\t\t\t\t<div class=\"elementor-widget-container\">\n\t\t\t\t\t<p class=\"elementor-heading-title elementor-size-default\">La for\u00eat en Lotharingie m\u00e9di\u00e9vale \/ Der Wald im mittelalterlichen Lotharingien. Actes des 18es Journ\u00e9es Lotharingiennes, 30-31 octobre 2014 , \u00e9d. par Michel Pauly et H\u00e9rold Pettiau, Luxembourg 2016. \n\n\n\n\n\n<br><br><br>\n<b>Prix : 35.00\u20ac<\/b>\n<br><br>\nISBN 978-2-919979-32-5\n<br><br>\n\n\n<\/p>\t\t\t\t<\/div>\n\t\t\t\t<\/div>\n\t\t\t\t<div class=\"elementor-element elementor-element-fc1a47d elementor-widget elementor-widget-heading\" data-id=\"fc1a47d\" data-element_type=\"widget\" data-widget_type=\"heading.default\">\n\t\t\t\t<div class=\"elementor-widget-container\">\n\t\t\t\t\t<p class=\"elementor-heading-title elementor-size-default\">La for\u00eat en Lotharingie m\u00e9di\u00e9vale \/ Der Wald im mittelalterlichen Lotharingien. Actes des 18es Journ\u00e9es Lotharingiennes, 30-31 octobre 2014 , \u00e9d. par Michel Pauly et H\u00e9rold Pettiau, Luxembourg 2016. \n\n\n\n\n\n<br><br><br>\n<b>Prix : 35.00\u20ac<\/b>\n<br><br>\nISBN 978-2-919979-32-5\n<br><br>\n\n\n<\/p>\t\t\t\t<\/div>\n\t\t\t\t<\/div>\n\t\t\t\t\t<\/div>\n\t\t<\/div>\n\t\t\t\t<div class=\"elementor-column elementor-col-50 elementor-inner-column elementor-element elementor-element-2356930\" data-id=\"2356930\" data-element_type=\"column\">\n\t\t\t<div class=\"elementor-widget-wrap elementor-element-populated\">\n\t\t\t\t\t\t<div class=\"elementor-element elementor-element-cfe2159 elementor-widget elementor-widget-image\" data-id=\"cfe2159\" data-element_type=\"widget\" data-widget_type=\"image.default\">\n\t\t\t\t<div class=\"elementor-widget-container\">\n\t\t\t\t\t\t\t\t\t\t\t\t\t\t\t<img loading=\"lazy\" decoding=\"async\" width=\"1667\" height=\"2560\" src=\"https:\/\/www.cludem.lu\/wp-content\/uploads\/2022\/10\/43-scaled.jpg\" class=\"attachment-full size-full wp-image-1456\" alt=\"\" srcset=\"https:\/\/www.cludem.lu\/wp-content\/uploads\/2022\/10\/43-scaled.jpg 1667w, https:\/\/www.cludem.lu\/wp-content\/uploads\/2022\/10\/43-195x300.jpg 195w, https:\/\/www.cludem.lu\/wp-content\/uploads\/2022\/10\/43-667x1024.jpg 667w, https:\/\/www.cludem.lu\/wp-content\/uploads\/2022\/10\/43-768x1179.jpg 768w, https:\/\/www.cludem.lu\/wp-content\/uploads\/2022\/10\/43-1000x1536.jpg 1000w, https:\/\/www.cludem.lu\/wp-content\/uploads\/2022\/10\/43-1334x2048.jpg 1334w, https:\/\/www.cludem.lu\/wp-content\/uploads\/2022\/10\/43-8x12.jpg 8w\" sizes=\"(max-width: 1667px) 100vw, 1667px\" \/>\t\t\t\t\t\t\t\t\t\t\t\t\t\t\t<\/div>\n\t\t\t\t<\/div>\n\t\t\t\t\t<\/div>\n\t\t<\/div>\n\t\t\t\t\t<\/div>\n\t\t<\/section>\n\t\t\t\t<section class=\"elementor-section elementor-inner-section elementor-element elementor-element-a50aae7 elementor-section-boxed elementor-section-height-default elementor-section-height-default\" data-id=\"a50aae7\" data-element_type=\"section\">\n\t\t\t\t\t\t<div class=\"elementor-container elementor-column-gap-default\">\n\t\t\t\t\t<div class=\"elementor-column elementor-col-100 elementor-inner-column elementor-element elementor-element-00889aa\" data-id=\"00889aa\" data-element_type=\"column\">\n\t\t\t<div class=\"elementor-widget-wrap elementor-element-populated\">\n\t\t\t\t\t\t<div class=\"elementor-element elementor-element-8a50065 elementor-widget-divider--view-line elementor-widget elementor-widget-divider\" data-id=\"8a50065\" data-element_type=\"widget\" data-widget_type=\"divider.default\">\n\t\t\t\t<div class=\"elementor-widget-container\">\n\t\t\t\t\t\t\t<div class=\"elementor-divider\">\n\t\t\t<span class=\"elementor-divider-separator\">\n\t\t\t\t\t\t<\/span>\n\t\t<\/div>\n\t\t\t\t\t\t<\/div>\n\t\t\t\t<\/div>\n\t\t\t\t\t<\/div>\n\t\t<\/div>\n\t\t\t\t\t<\/div>\n\t\t<\/section>\n\t\t\t\t<section class=\"elementor-section elementor-inner-section elementor-element elementor-element-44b8f74 elementor-section-boxed elementor-section-height-default elementor-section-height-default\" data-id=\"44b8f74\" data-element_type=\"section\">\n\t\t\t\t\t\t<div class=\"elementor-container elementor-column-gap-default\">\n\t\t\t\t\t<div class=\"elementor-column elementor-col-50 elementor-inner-column elementor-element elementor-element-52efdda\" data-id=\"52efdda\" data-element_type=\"column\">\n\t\t\t<div class=\"elementor-widget-wrap elementor-element-populated\">\n\t\t\t\t\t\t<div class=\"elementor-element elementor-element-176f900 elementor-widget elementor-widget-heading\" data-id=\"176f900\" data-element_type=\"widget\" data-widget_type=\"heading.default\">\n\t\t\t\t<div class=\"elementor-widget-container\">\n\t\t\t\t\t<h4 class=\"elementor-heading-title elementor-size-default\">Tome 44<\/h4>\t\t\t\t<\/div>\n\t\t\t\t<\/div>\n\t\t\t\t<div class=\"elementor-element elementor-element-07e7528 elementor-widget elementor-widget-heading\" data-id=\"07e7528\" data-element_type=\"widget\" data-widget_type=\"heading.default\">\n\t\t\t\t<div class=\"elementor-widget-container\">\n\t\t\t\t\t<p class=\"elementor-heading-title elementor-size-default\">Die Rechnungsb\u00fccher der Stadt Luxemburg. Zehntes Heft 1483-1491, hrg. v. Claudine Moulin und Michel Pauly, Luxemburg 2018. \n\n\n<br><br><br>\n<b>Preis: 19.00\u20ac<\/b>\n<br><br>\nISBN 978-2-919979-33-2\n<br><br>\n<b>Vorzugspreis von 15.00\u20ac bei Abo auf der ganzen Reihe<\/b>\n<\/p>\t\t\t\t<\/div>\n\t\t\t\t<\/div>\n\t\t\t\t\t<\/div>\n\t\t<\/div>\n\t\t\t\t<div class=\"elementor-column elementor-col-50 elementor-inner-column elementor-element elementor-element-24f05c6\" data-id=\"24f05c6\" data-element_type=\"column\">\n\t\t\t<div class=\"elementor-widget-wrap elementor-element-populated\">\n\t\t\t\t\t\t<div class=\"elementor-element elementor-element-7fde3c8 elementor-widget elementor-widget-image\" data-id=\"7fde3c8\" data-element_type=\"widget\" data-widget_type=\"image.default\">\n\t\t\t\t<div class=\"elementor-widget-container\">\n\t\t\t\t\t\t\t\t\t\t\t\t\t\t\t<img loading=\"lazy\" decoding=\"async\" width=\"500\" height=\"569\" src=\"https:\/\/www.cludem.lu\/wp-content\/uploads\/2022\/10\/44-1.jpg\" class=\"attachment-full size-full wp-image-1457\" alt=\"\" srcset=\"https:\/\/www.cludem.lu\/wp-content\/uploads\/2022\/10\/44-1.jpg 500w, https:\/\/www.cludem.lu\/wp-content\/uploads\/2022\/10\/44-1-264x300.jpg 264w, https:\/\/www.cludem.lu\/wp-content\/uploads\/2022\/10\/44-1-11x12.jpg 11w\" sizes=\"(max-width: 500px) 100vw, 500px\" \/>\t\t\t\t\t\t\t\t\t\t\t\t\t\t\t<\/div>\n\t\t\t\t<\/div>\n\t\t\t\t\t<\/div>\n\t\t<\/div>\n\t\t\t\t\t<\/div>\n\t\t<\/section>\n\t\t\t\t<section class=\"elementor-section elementor-inner-section elementor-element elementor-element-7ad8c59 elementor-section-boxed elementor-section-height-default elementor-section-height-default\" data-id=\"7ad8c59\" data-element_type=\"section\">\n\t\t\t\t\t\t<div class=\"elementor-container elementor-column-gap-default\">\n\t\t\t\t\t<div class=\"elementor-column elementor-col-100 elementor-inner-column elementor-element elementor-element-6499abf\" data-id=\"6499abf\" data-element_type=\"column\">\n\t\t\t<div class=\"elementor-widget-wrap elementor-element-populated\">\n\t\t\t\t\t\t<div class=\"elementor-element elementor-element-68334b2 elementor-widget-divider--view-line elementor-widget elementor-widget-divider\" data-id=\"68334b2\" data-element_type=\"widget\" data-widget_type=\"divider.default\">\n\t\t\t\t<div class=\"elementor-widget-container\">\n\t\t\t\t\t\t\t<div class=\"elementor-divider\">\n\t\t\t<span class=\"elementor-divider-separator\">\n\t\t\t\t\t\t<\/span>\n\t\t<\/div>\n\t\t\t\t\t\t<\/div>\n\t\t\t\t<\/div>\n\t\t\t\t\t<\/div>\n\t\t<\/div>\n\t\t\t\t\t<\/div>\n\t\t<\/section>\n\t\t\t\t<section class=\"elementor-section elementor-inner-section elementor-element elementor-element-8b684e3 elementor-section-boxed elementor-section-height-default elementor-section-height-default\" data-id=\"8b684e3\" data-element_type=\"section\">\n\t\t\t\t\t\t<div class=\"elementor-container elementor-column-gap-default\">\n\t\t\t\t\t<div class=\"elementor-column elementor-col-50 elementor-inner-column elementor-element elementor-element-7662a8a\" data-id=\"7662a8a\" data-element_type=\"column\">\n\t\t\t<div class=\"elementor-widget-wrap elementor-element-populated\">\n\t\t\t\t\t\t<div class=\"elementor-element elementor-element-c624846 elementor-widget elementor-widget-heading\" data-id=\"c624846\" data-element_type=\"widget\" data-widget_type=\"heading.default\">\n\t\t\t\t<div class=\"elementor-widget-container\">\n\t\t\t\t\t<h4 class=\"elementor-heading-title elementor-size-default\">Band 46<\/h4>\t\t\t\t<\/div>\n\t\t\t\t<\/div>\n\t\t\t\t<div class=\"elementor-element elementor-element-c6c913a elementor-widget elementor-widget-heading\" data-id=\"c6c913a\" data-element_type=\"widget\" data-widget_type=\"heading.default\">\n\t\t\t\t<div class=\"elementor-widget-container\">\n\t\t\t\t\t<p class=\"elementor-heading-title elementor-size-default\">Die Rechnungsb\u00fccher der Stadt Luxemburg. Elftes Heft 1491-1497, hrg. v. Claudine Moulin und Michel Pauly, Luxemburg 2023. \n\n\n<br><br><br>\n<b>Preis: 19.00\u20ac<\/b>\n<br><br>\nISBN 978-2-919979-35-6\n<br><br>\n<b>Vorzugspreis von 15.00\u20ac bei Abo auf der ganzen Reihe<\/b>\n<\/p>\t\t\t\t<\/div>\n\t\t\t\t<\/div>\n\t\t\t\t\t<\/div>\n\t\t<\/div>\n\t\t\t\t<div class=\"elementor-column elementor-col-50 elementor-inner-column elementor-element elementor-element-98ee8e8\" data-id=\"98ee8e8\" data-element_type=\"column\">\n\t\t\t<div class=\"elementor-widget-wrap elementor-element-populated\">\n\t\t\t\t\t\t<div class=\"elementor-element elementor-element-bd78f31 elementor-widget elementor-widget-image\" data-id=\"bd78f31\" data-element_type=\"widget\" data-widget_type=\"image.default\">\n\t\t\t\t<div class=\"elementor-widget-container\">\n\t\t\t\t\t\t\t\t\t\t\t\t\t\t\t<img loading=\"lazy\" decoding=\"async\" width=\"400\" height=\"459\" src=\"https:\/\/www.cludem.lu\/wp-content\/uploads\/2023\/01\/Cover_BAND_11_Web_2.jpg\" class=\"attachment-full size-full wp-image-1884\" alt=\"\" srcset=\"https:\/\/www.cludem.lu\/wp-content\/uploads\/2023\/01\/Cover_BAND_11_Web_2.jpg 400w, https:\/\/www.cludem.lu\/wp-content\/uploads\/2023\/01\/Cover_BAND_11_Web_2-261x300.jpg 261w, https:\/\/www.cludem.lu\/wp-content\/uploads\/2023\/01\/Cover_BAND_11_Web_2-10x12.jpg 10w\" sizes=\"(max-width: 400px) 100vw, 400px\" \/>\t\t\t\t\t\t\t\t\t\t\t\t\t\t\t<\/div>\n\t\t\t\t<\/div>\n\t\t\t\t\t<\/div>\n\t\t<\/div>\n\t\t\t\t\t<\/div>\n\t\t<\/section>\n\t\t\t\t<section class=\"elementor-section elementor-inner-section elementor-element elementor-element-f13b2b4 elementor-section-boxed elementor-section-height-default elementor-section-height-default\" data-id=\"f13b2b4\" data-element_type=\"section\">\n\t\t\t\t\t\t<div class=\"elementor-container elementor-column-gap-default\">\n\t\t\t\t\t<div class=\"elementor-column elementor-col-100 elementor-inner-column elementor-element elementor-element-3b8aae3\" data-id=\"3b8aae3\" data-element_type=\"column\">\n\t\t\t<div class=\"elementor-widget-wrap elementor-element-populated\">\n\t\t\t\t\t\t<div class=\"elementor-element elementor-element-5a5ef7b elementor-widget-divider--view-line elementor-widget elementor-widget-divider\" data-id=\"5a5ef7b\" data-element_type=\"widget\" data-widget_type=\"divider.default\">\n\t\t\t\t<div class=\"elementor-widget-container\">\n\t\t\t\t\t\t\t<div class=\"elementor-divider\">\n\t\t\t<span class=\"elementor-divider-separator\">\n\t\t\t\t\t\t<\/span>\n\t\t<\/div>\n\t\t\t\t\t\t<\/div>\n\t\t\t\t<\/div>\n\t\t\t\t\t<\/div>\n\t\t<\/div>\n\t\t\t\t\t<\/div>\n\t\t<\/section>\n\t\t\t\t<section class=\"elementor-section elementor-inner-section elementor-element elementor-element-d4584eb elementor-section-boxed elementor-section-height-default elementor-section-height-default\" data-id=\"d4584eb\" data-element_type=\"section\">\n\t\t\t\t\t\t<div class=\"elementor-container elementor-column-gap-default\">\n\t\t\t\t\t<div class=\"elementor-column elementor-col-50 elementor-inner-column elementor-element elementor-element-0fc758e\" data-id=\"0fc758e\" data-element_type=\"column\">\n\t\t\t<div class=\"elementor-widget-wrap elementor-element-populated\">\n\t\t\t\t\t\t<div class=\"elementor-element elementor-element-02a9ea2 elementor-widget elementor-widget-heading\" data-id=\"02a9ea2\" data-element_type=\"widget\" data-widget_type=\"heading.default\">\n\t\t\t\t<div class=\"elementor-widget-container\">\n\t\t\t\t\t<h4 class=\"elementor-heading-title elementor-size-default\">Tome 47<\/h4>\t\t\t\t<\/div>\n\t\t\t\t<\/div>\n\t\t\t\t<div class=\"elementor-element elementor-element-7e0eb89 elementor-widget elementor-widget-heading\" data-id=\"7e0eb89\" data-element_type=\"widget\" data-widget_type=\"heading.default\">\n\t\t\t\t<div class=\"elementor-widget-container\">\n\t\t\t\t\t<p class=\"elementor-heading-title elementor-size-default\">Johannes Abdullahi, Der Kaisersohn und das Geld. Freigebigkeit und Prachtentfaltung K\u00f6nig Johanns von B\u00f6hmen (1296-1346), Luxemburg 2019.\n\n\n\n\n\n\n<br><br><br>\n<b>Prix : 39.00\u20ac<\/b>\n<br><br>\nISBN 978-2-919979-34-9 \n<br><br>\n\n\n<\/p>\t\t\t\t<\/div>\n\t\t\t\t<\/div>\n\t\t\t\t\t<\/div>\n\t\t<\/div>\n\t\t\t\t<div class=\"elementor-column elementor-col-50 elementor-inner-column elementor-element elementor-element-837cfff\" data-id=\"837cfff\" data-element_type=\"column\">\n\t\t\t<div class=\"elementor-widget-wrap elementor-element-populated\">\n\t\t\t\t\t\t<div class=\"elementor-element elementor-element-1f80757 elementor-widget elementor-widget-image\" data-id=\"1f80757\" data-element_type=\"widget\" data-widget_type=\"image.default\">\n\t\t\t\t<div class=\"elementor-widget-container\">\n\t\t\t\t\t\t\t\t\t\t\t\t\t\t\t<img loading=\"lazy\" decoding=\"async\" width=\"189\" height=\"300\" src=\"https:\/\/www.cludem.lu\/wp-content\/uploads\/2022\/11\/Abdulahi_Cover-189x300.jpg\" class=\"attachment-medium size-medium wp-image-1719\" alt=\"\" srcset=\"https:\/\/www.cludem.lu\/wp-content\/uploads\/2022\/11\/Abdulahi_Cover-189x300.jpg 189w, https:\/\/www.cludem.lu\/wp-content\/uploads\/2022\/11\/Abdulahi_Cover-644x1024.jpg 644w, https:\/\/www.cludem.lu\/wp-content\/uploads\/2022\/11\/Abdulahi_Cover-768x1221.jpg 768w, https:\/\/www.cludem.lu\/wp-content\/uploads\/2022\/11\/Abdulahi_Cover-967x1536.jpg 967w, https:\/\/www.cludem.lu\/wp-content\/uploads\/2022\/11\/Abdulahi_Cover-1289x2048.jpg 1289w, https:\/\/www.cludem.lu\/wp-content\/uploads\/2022\/11\/Abdulahi_Cover-8x12.jpg 8w, https:\/\/www.cludem.lu\/wp-content\/uploads\/2022\/11\/Abdulahi_Cover-scaled.jpg 1611w\" sizes=\"(max-width: 189px) 100vw, 189px\" \/>\t\t\t\t\t\t\t\t\t\t\t\t\t\t\t<\/div>\n\t\t\t\t<\/div>\n\t\t\t\t\t<\/div>\n\t\t<\/div>\n\t\t\t\t\t<\/div>\n\t\t<\/section>\n\t\t\t\t<section class=\"elementor-section elementor-inner-section elementor-element elementor-element-1806c1d elementor-section-boxed elementor-section-height-default elementor-section-height-default\" data-id=\"1806c1d\" data-element_type=\"section\">\n\t\t\t\t\t\t<div class=\"elementor-container elementor-column-gap-default\">\n\t\t\t\t\t<div class=\"elementor-column elementor-col-100 elementor-inner-column elementor-element elementor-element-6bdbf5b\" data-id=\"6bdbf5b\" data-element_type=\"column\">\n\t\t\t<div class=\"elementor-widget-wrap elementor-element-populated\">\n\t\t\t\t\t\t<div class=\"elementor-element elementor-element-c964897 elementor-widget-divider--view-line elementor-widget elementor-widget-divider\" data-id=\"c964897\" data-element_type=\"widget\" data-widget_type=\"divider.default\">\n\t\t\t\t<div class=\"elementor-widget-container\">\n\t\t\t\t\t\t\t<div class=\"elementor-divider\">\n\t\t\t<span class=\"elementor-divider-separator\">\n\t\t\t\t\t\t<\/span>\n\t\t<\/div>\n\t\t\t\t\t\t<\/div>\n\t\t\t\t<\/div>\n\t\t\t\t\t<\/div>\n\t\t<\/div>\n\t\t\t\t\t<\/div>\n\t\t<\/section>\n\t\t\t\t<section class=\"elementor-section elementor-inner-section elementor-element elementor-element-c257a8c elementor-section-boxed elementor-section-height-default elementor-section-height-default\" data-id=\"c257a8c\" data-element_type=\"section\">\n\t\t\t\t\t\t<div class=\"elementor-container elementor-column-gap-default\">\n\t\t\t\t\t<div class=\"elementor-column elementor-col-50 elementor-inner-column elementor-element elementor-element-c9c3dd5\" data-id=\"c9c3dd5\" data-element_type=\"column\">\n\t\t\t<div class=\"elementor-widget-wrap elementor-element-populated\">\n\t\t\t\t\t\t<div class=\"elementor-element elementor-element-a7a6e35 elementor-widget elementor-widget-heading\" data-id=\"a7a6e35\" data-element_type=\"widget\" data-widget_type=\"heading.default\">\n\t\t\t\t<div class=\"elementor-widget-container\">\n\t\t\t\t\t<h4 class=\"elementor-heading-title elementor-size-default\">Band 48<\/h4>\t\t\t\t<\/div>\n\t\t\t\t<\/div>\n\t\t\t\t<div class=\"elementor-element elementor-element-e8b594e elementor-widget elementor-widget-heading\" data-id=\"e8b594e\" data-element_type=\"widget\" data-widget_type=\"heading.default\">\n\t\t\t\t<div class=\"elementor-widget-container\">\n\t\t\t\t\t<p class=\"elementor-heading-title elementor-size-default\">Die Rechnungsb\u00fccher der Stadt Luxemburg. Zw\u00f6lftes Heft 1497-1500, hrg. v. Claudine Moulin und Michel Pauly, Luxemburg 2023. \n\n\n<br><br><br>\n<b>Preis: 19.00\u20ac<\/b>\n<br><br>\nISBN 978-2-919979-36-3\n<br><br>\n<b>Vorzugspreis von 15.00\u20ac bei Abo auf der ganzen Reihe<\/b>\n<\/p>\t\t\t\t<\/div>\n\t\t\t\t<\/div>\n\t\t\t\t\t<\/div>\n\t\t<\/div>\n\t\t\t\t<div class=\"elementor-column elementor-col-50 elementor-inner-column elementor-element elementor-element-bafcf84\" data-id=\"bafcf84\" data-element_type=\"column\">\n\t\t\t<div class=\"elementor-widget-wrap elementor-element-populated\">\n\t\t\t\t\t\t<div class=\"elementor-element elementor-element-62c1e0a elementor-widget elementor-widget-image\" data-id=\"62c1e0a\" data-element_type=\"widget\" data-widget_type=\"image.default\">\n\t\t\t\t<div class=\"elementor-widget-container\">\n\t\t\t\t\t\t\t\t\t\t\t\t\t\t\t<img loading=\"lazy\" decoding=\"async\" width=\"2237\" height=\"2560\" src=\"https:\/\/www.cludem.lu\/wp-content\/uploads\/2023\/02\/Cover-Bd-12-scaled.jpg\" class=\"attachment-full size-full wp-image-1940\" alt=\"\" srcset=\"https:\/\/www.cludem.lu\/wp-content\/uploads\/2023\/02\/Cover-Bd-12-scaled.jpg 2237w, https:\/\/www.cludem.lu\/wp-content\/uploads\/2023\/02\/Cover-Bd-12-262x300.jpg 262w, https:\/\/www.cludem.lu\/wp-content\/uploads\/2023\/02\/Cover-Bd-12-895x1024.jpg 895w, https:\/\/www.cludem.lu\/wp-content\/uploads\/2023\/02\/Cover-Bd-12-768x879.jpg 768w, https:\/\/www.cludem.lu\/wp-content\/uploads\/2023\/02\/Cover-Bd-12-1342x1536.jpg 1342w, https:\/\/www.cludem.lu\/wp-content\/uploads\/2023\/02\/Cover-Bd-12-1790x2048.jpg 1790w, https:\/\/www.cludem.lu\/wp-content\/uploads\/2023\/02\/Cover-Bd-12-10x12.jpg 10w\" sizes=\"(max-width: 2237px) 100vw, 2237px\" \/>\t\t\t\t\t\t\t\t\t\t\t\t\t\t\t<\/div>\n\t\t\t\t<\/div>\n\t\t\t\t\t<\/div>\n\t\t<\/div>\n\t\t\t\t\t<\/div>\n\t\t<\/section>\n\t\t\t\t<section class=\"elementor-section elementor-inner-section elementor-element elementor-element-8df4f83 elementor-section-boxed elementor-section-height-default elementor-section-height-default\" data-id=\"8df4f83\" data-element_type=\"section\">\n\t\t\t\t\t\t<div class=\"elementor-container elementor-column-gap-default\">\n\t\t\t\t\t<div class=\"elementor-column elementor-col-100 elementor-inner-column elementor-element elementor-element-d558bbc\" data-id=\"d558bbc\" data-element_type=\"column\">\n\t\t\t<div class=\"elementor-widget-wrap elementor-element-populated\">\n\t\t\t\t\t\t<div class=\"elementor-element elementor-element-38ab8c0 elementor-widget-divider--view-line elementor-widget elementor-widget-divider\" data-id=\"38ab8c0\" data-element_type=\"widget\" data-widget_type=\"divider.default\">\n\t\t\t\t<div class=\"elementor-widget-container\">\n\t\t\t\t\t\t\t<div class=\"elementor-divider\">\n\t\t\t<span class=\"elementor-divider-separator\">\n\t\t\t\t\t\t<\/span>\n\t\t<\/div>\n\t\t\t\t\t\t<\/div>\n\t\t\t\t<\/div>\n\t\t\t\t\t<\/div>\n\t\t<\/div>\n\t\t\t\t\t<\/div>\n\t\t<\/section>\n\t\t\t\t<section class=\"elementor-section elementor-inner-section elementor-element elementor-element-14992d2 elementor-section-boxed elementor-section-height-default elementor-section-height-default\" data-id=\"14992d2\" data-element_type=\"section\">\n\t\t\t\t\t\t<div class=\"elementor-container elementor-column-gap-default\">\n\t\t\t\t\t<div class=\"elementor-column elementor-col-50 elementor-inner-column elementor-element elementor-element-8db29a5\" data-id=\"8db29a5\" data-element_type=\"column\">\n\t\t\t<div class=\"elementor-widget-wrap elementor-element-populated\">\n\t\t\t\t\t\t<div class=\"elementor-element elementor-element-47ad1bb elementor-widget elementor-widget-heading\" data-id=\"47ad1bb\" data-element_type=\"widget\" data-widget_type=\"heading.default\">\n\t\t\t\t<div class=\"elementor-widget-container\">\n\t\t\t\t\t<h4 class=\"elementor-heading-title elementor-size-default\">Band 52<\/h4>\t\t\t\t<\/div>\n\t\t\t\t<\/div>\n\t\t\t\t<div class=\"elementor-element elementor-element-801e1e9 elementor-widget elementor-widget-heading\" data-id=\"801e1e9\" data-element_type=\"widget\" data-widget_type=\"heading.default\">\n\t\t\t\t<div class=\"elementor-widget-container\">\n\t\t\t\t\t<p class=\"elementor-heading-title elementor-size-default\">H\u00e9rold Pettiau, Timothy Salemme (\u00e9ds.), Urkunden- und Quellenbuch zur Geschichte der altluxemburgischen Territorien, t. XI\/3, Die Urkunden Johanns, K\u00f6nig von B\u00f6hmen und Graf von Luxemburg\/Les chartes de Jean, roi de Boh\u00eame et comte de Luxembourg (1310-1346). Archives G\u00e9n\u00e9rales du Royaume, Bruxelles ; Archives de l\u2019Etat \u00e0 Arlon (avec Saint-Hubert), \u00e0 Li\u00e8ge, Mons, Namur et Gand ; Archives d\u00e9partementales du Nord, Lille, Luxembourg 2021.\n\n\n\n\n\n<br><br><br>\n<b>Preis: 25.00\u20ac<\/b>\n<br><br>\nISBN 978-2-919979-40-0\n<br><br>\n\n\n<\/p>\t\t\t\t<\/div>\n\t\t\t\t<\/div>\n\t\t\t\t\t<\/div>\n\t\t<\/div>\n\t\t\t\t<div class=\"elementor-column elementor-col-50 elementor-inner-column elementor-element elementor-element-5949cb3\" data-id=\"5949cb3\" data-element_type=\"column\">\n\t\t\t<div class=\"elementor-widget-wrap elementor-element-populated\">\n\t\t\t\t\t\t<div class=\"elementor-element elementor-element-653f73e elementor-widget elementor-widget-image\" data-id=\"653f73e\" data-element_type=\"widget\" data-widget_type=\"image.default\">\n\t\t\t\t<div class=\"elementor-widget-container\">\n\t\t\t\t\t\t\t\t\t\t\t\t\t\t\t<img loading=\"lazy\" decoding=\"async\" width=\"906\" height=\"1410\" src=\"https:\/\/www.cludem.lu\/wp-content\/uploads\/2022\/10\/52_page-0001.jpg\" class=\"attachment-full size-full wp-image-1458\" alt=\"\" srcset=\"https:\/\/www.cludem.lu\/wp-content\/uploads\/2022\/10\/52_page-0001.jpg 906w, https:\/\/www.cludem.lu\/wp-content\/uploads\/2022\/10\/52_page-0001-193x300.jpg 193w, https:\/\/www.cludem.lu\/wp-content\/uploads\/2022\/10\/52_page-0001-658x1024.jpg 658w, https:\/\/www.cludem.lu\/wp-content\/uploads\/2022\/10\/52_page-0001-768x1195.jpg 768w, https:\/\/www.cludem.lu\/wp-content\/uploads\/2022\/10\/52_page-0001-8x12.jpg 8w\" sizes=\"(max-width: 906px) 100vw, 906px\" \/>\t\t\t\t\t\t\t\t\t\t\t\t\t\t\t<\/div>\n\t\t\t\t<\/div>\n\t\t\t\t\t<\/div>\n\t\t<\/div>\n\t\t\t\t\t<\/div>\n\t\t<\/section>\n\t\t\t\t<div class=\"elementor-element elementor-element-b779a7e elementor-widget-divider--view-line elementor-widget elementor-widget-divider\" data-id=\"b779a7e\" data-element_type=\"widget\" data-widget_type=\"divider.default\">\n\t\t\t\t<div class=\"elementor-widget-container\">\n\t\t\t\t\t\t\t<div class=\"elementor-divider\">\n\t\t\t<span class=\"elementor-divider-separator\">\n\t\t\t\t\t\t<\/span>\n\t\t<\/div>\n\t\t\t\t\t\t<\/div>\n\t\t\t\t<\/div>\n\t\t\t\t<section class=\"elementor-section elementor-inner-section elementor-element elementor-element-4e94637 elementor-section-boxed elementor-section-height-default elementor-section-height-default\" data-id=\"4e94637\" data-element_type=\"section\">\n\t\t\t\t\t\t<div class=\"elementor-container elementor-column-gap-default\">\n\t\t\t\t\t<div class=\"elementor-column elementor-col-50 elementor-inner-column elementor-element elementor-element-00ba469\" data-id=\"00ba469\" data-element_type=\"column\">\n\t\t\t<div class=\"elementor-widget-wrap elementor-element-populated\">\n\t\t\t\t\t\t<div class=\"elementor-element elementor-element-39b1eea elementor-widget elementor-widget-heading\" data-id=\"39b1eea\" data-element_type=\"widget\" data-widget_type=\"heading.default\">\n\t\t\t\t<div class=\"elementor-widget-container\">\n\t\t\t\t\t<h4 class=\"elementor-heading-title elementor-size-default\">Tome 53<\/h4>\t\t\t\t<\/div>\n\t\t\t\t<\/div>\n\t\t\t\t<div class=\"elementor-element elementor-element-67f8597 elementor-widget elementor-widget-heading\" data-id=\"67f8597\" data-element_type=\"widget\" data-widget_type=\"heading.default\">\n\t\t\t\t<div class=\"elementor-widget-container\">\n\t\t\t\t\t<p class=\"elementor-heading-title elementor-size-default\">Michel Pauly, H\u00e9rold Pettiau, Martin Uhrmacher (\u00e9ds.), Les ressources naturelles\nen Lotharingie m\u00e9di\u00e9vale : regards crois\u00e9s sur leur exploitation  \/ Die nat\u00fcrlichen Ressourcen im mittelalterlichen Lotharingien: ihre Nutzung im Spiegel unterschiedlicher Forschungsans\u00e4tze. Actes des 21es Journ\u00e9es Lotharingiennes,  Semestre d\u2019\u00e9t\u00e9 2021, Universit\u00e9 du Luxembourg, Luxembourg 2023.\n\n\n\n\n\n<br><br><br>\n<b>Prix : 35.00\u20ac<\/b>\n<br><br>\nISBN 978-2-919979-41-7\n<br><br>\n\n\n<\/p>\t\t\t\t<\/div>\n\t\t\t\t<\/div>\n\t\t\t\t\t<\/div>\n\t\t<\/div>\n\t\t\t\t<div class=\"elementor-column elementor-col-50 elementor-inner-column elementor-element elementor-element-41b21f2\" data-id=\"41b21f2\" data-element_type=\"column\">\n\t\t\t<div class=\"elementor-widget-wrap elementor-element-populated\">\n\t\t\t\t\t\t<div class=\"elementor-element elementor-element-1b5a5ba elementor-widget elementor-widget-image\" data-id=\"1b5a5ba\" data-element_type=\"widget\" data-widget_type=\"image.default\">\n\t\t\t\t<div class=\"elementor-widget-container\">\n\t\t\t\t\t\t\t\t\t\t\t\t\t\t\t<img loading=\"lazy\" decoding=\"async\" width=\"500\" height=\"773\" src=\"https:\/\/www.cludem.lu\/wp-content\/uploads\/2023\/05\/JL_Ressources_web.jpg\" class=\"attachment-full size-full wp-image-2103\" alt=\"\" srcset=\"https:\/\/www.cludem.lu\/wp-content\/uploads\/2023\/05\/JL_Ressources_web.jpg 500w, https:\/\/www.cludem.lu\/wp-content\/uploads\/2023\/05\/JL_Ressources_web-194x300.jpg 194w, https:\/\/www.cludem.lu\/wp-content\/uploads\/2023\/05\/JL_Ressources_web-8x12.jpg 8w\" sizes=\"(max-width: 500px) 100vw, 500px\" \/>\t\t\t\t\t\t\t\t\t\t\t\t\t\t\t<\/div>\n\t\t\t\t<\/div>\n\t\t\t\t\t<\/div>\n\t\t<\/div>\n\t\t\t\t\t<\/div>\n\t\t<\/section>\n\t\t\t\t<div class=\"elementor-element elementor-element-d0c86cc elementor-widget-divider--view-line elementor-widget elementor-widget-divider\" data-id=\"d0c86cc\" data-element_type=\"widget\" data-widget_type=\"divider.default\">\n\t\t\t\t<div class=\"elementor-widget-container\">\n\t\t\t\t\t\t\t<div class=\"elementor-divider\">\n\t\t\t<span class=\"elementor-divider-separator\">\n\t\t\t\t\t\t<\/span>\n\t\t<\/div>\n\t\t\t\t\t\t<\/div>\n\t\t\t\t<\/div>\n\t\t\t\t<section class=\"elementor-section elementor-inner-section elementor-element elementor-element-ba8af80 elementor-section-boxed elementor-section-height-default elementor-section-height-default\" data-id=\"ba8af80\" data-element_type=\"section\">\n\t\t\t\t\t\t<div class=\"elementor-container elementor-column-gap-default\">\n\t\t\t\t\t<div class=\"elementor-column elementor-col-50 elementor-inner-column elementor-element elementor-element-b4c0f54\" data-id=\"b4c0f54\" data-element_type=\"column\">\n\t\t\t<div class=\"elementor-widget-wrap elementor-element-populated\">\n\t\t\t\t\t\t<div class=\"elementor-element elementor-element-fad064d elementor-widget elementor-widget-heading\" data-id=\"fad064d\" data-element_type=\"widget\" data-widget_type=\"heading.default\">\n\t\t\t\t<div class=\"elementor-widget-container\">\n\t\t\t\t\t<h4 class=\"elementor-heading-title elementor-size-default\">Tome 54<\/h4>\t\t\t\t<\/div>\n\t\t\t\t<\/div>\n\t\t\t\t<div class=\"elementor-element elementor-element-9f82e67 elementor-widget elementor-widget-heading\" data-id=\"9f82e67\" data-element_type=\"widget\" data-widget_type=\"heading.default\">\n\t\t\t\t<div class=\"elementor-widget-container\">\n\t\t\t\t\t<p class=\"elementor-heading-title elementor-size-default\">Die Urkundenregesten Johanns von Luxemburg als K\u00f6nig von B\u00f6hmen \/ Les regestes des chartes de Jean de Luxembourg en tant que roi de Boh\u00eame (1310\u20131346), hg. von \/ \u00e9d. par Anna Jago\u0161. (Publications du CLUDEM; 54), Luxemburg 2025, 488 S. \n\n\n\n\n<br><br><br>\n<b>Prix : 35.00\u20ac<\/b>\n<br><br>\nISBN 978-2-919979-42-4\n<br><br>\n\n\n<\/p>\t\t\t\t<\/div>\n\t\t\t\t<\/div>\n\t\t\t\t\t<\/div>\n\t\t<\/div>\n\t\t\t\t<div class=\"elementor-column elementor-col-50 elementor-inner-column elementor-element elementor-element-f9e2956\" data-id=\"f9e2956\" data-element_type=\"column\">\n\t\t\t<div class=\"elementor-widget-wrap elementor-element-populated\">\n\t\t\t\t\t\t<div class=\"elementor-element elementor-element-226af7f elementor-widget elementor-widget-image\" data-id=\"226af7f\" data-element_type=\"widget\" data-widget_type=\"image.default\">\n\t\t\t\t<div class=\"elementor-widget-container\">\n\t\t\t\t\t\t\t\t\t\t\t\t\t\t\t\t<a href=\"https:\/\/www.cludem.lu\/wp-content\/uploads\/2026\/04\/Cover-Jagos.jpeg\" data-elementor-open-lightbox=\"yes\" data-elementor-lightbox-title=\"Jagos\" data-e-action-hash=\"#elementor-action%3Aaction%3Dlightbox%26settings%3DeyJpZCI6MjQ0MiwidXJsIjoiaHR0cHM6XC9cL3d3dy5jbHVkZW0ubHVcL3dwLWNvbnRlbnRcL3VwbG9hZHNcLzIwMjZcLzA0XC9Db3Zlci1KYWdvcy5qcGVnIn0%3D\">\n\t\t\t\t\t\t\t<img loading=\"lazy\" decoding=\"async\" width=\"1073\" height=\"1536\" src=\"https:\/\/www.cludem.lu\/wp-content\/uploads\/2026\/04\/Cover-Jagos-1073x1536.jpeg\" class=\"attachment-1536x1536 size-1536x1536 wp-image-2442\" alt=\"\" srcset=\"https:\/\/www.cludem.lu\/wp-content\/uploads\/2026\/04\/Cover-Jagos-1073x1536.jpeg 1073w, https:\/\/www.cludem.lu\/wp-content\/uploads\/2026\/04\/Cover-Jagos-209x300.jpeg 209w, https:\/\/www.cludem.lu\/wp-content\/uploads\/2026\/04\/Cover-Jagos-715x1024.jpeg 715w, https:\/\/www.cludem.lu\/wp-content\/uploads\/2026\/04\/Cover-Jagos-768x1100.jpeg 768w, https:\/\/www.cludem.lu\/wp-content\/uploads\/2026\/04\/Cover-Jagos-1430x2048.jpeg 1430w, https:\/\/www.cludem.lu\/wp-content\/uploads\/2026\/04\/Cover-Jagos-8x12.jpeg 8w, https:\/\/www.cludem.lu\/wp-content\/uploads\/2026\/04\/Cover-Jagos.jpeg 1634w\" sizes=\"(max-width: 1073px) 100vw, 1073px\" \/>\t\t\t\t\t\t\t\t<\/a>\n\t\t\t\t\t\t\t\t\t\t\t\t\t\t\t<\/div>\n\t\t\t\t<\/div>\n\t\t\t\t\t<\/div>\n\t\t<\/div>\n\t\t\t\t\t<\/div>\n\t\t<\/section>\n\t\t\t\t<div class=\"elementor-element elementor-element-95e2a32 elementor-widget-divider--view-line elementor-widget elementor-widget-divider\" data-id=\"95e2a32\" data-element_type=\"widget\" data-widget_type=\"divider.default\">\n\t\t\t\t<div class=\"elementor-widget-container\">\n\t\t\t\t\t\t\t<div class=\"elementor-divider\">\n\t\t\t<span class=\"elementor-divider-separator\">\n\t\t\t\t\t\t<\/span>\n\t\t<\/div>\n\t\t\t\t\t\t<\/div>\n\t\t\t\t<\/div>\n\t\t\t\t<section class=\"elementor-section elementor-inner-section elementor-element elementor-element-b7e8087 elementor-section-boxed elementor-section-height-default elementor-section-height-default\" data-id=\"b7e8087\" data-element_type=\"section\">\n\t\t\t\t\t\t<div class=\"elementor-container elementor-column-gap-default\">\n\t\t\t\t\t<div class=\"elementor-column elementor-col-50 elementor-inner-column elementor-element elementor-element-2bdf1d7\" data-id=\"2bdf1d7\" data-element_type=\"column\">\n\t\t\t<div class=\"elementor-widget-wrap elementor-element-populated\">\n\t\t\t\t\t\t<div class=\"elementor-element elementor-element-3dc64ab elementor-widget elementor-widget-heading\" data-id=\"3dc64ab\" data-element_type=\"widget\" data-widget_type=\"heading.default\">\n\t\t\t\t<div class=\"elementor-widget-container\">\n\t\t\t\t\t<h4 class=\"elementor-heading-title elementor-size-default\">Tome 55<\/h4>\t\t\t\t<\/div>\n\t\t\t\t<\/div>\n\t\t\t\t<div class=\"elementor-element elementor-element-d6f1de0 elementor-widget elementor-widget-heading\" data-id=\"d6f1de0\" data-element_type=\"widget\" data-widget_type=\"heading.default\">\n\t\t\t\t<div class=\"elementor-widget-container\">\n\t\t\t\t\t<p class=\"elementor-heading-title elementor-size-default\">Theo Schley, Die B\u00fcrger und ihr K\u00f6nig. Die Prager B\u00fcrger im Dienst K\u00f6nig Johanns des Blinden (1310-1346). (Publications du CLUDEM; 55), Luxemburg 2025, 620 S., 10 Abb. \n\n\n\n<br><br><br>\n<b>Prix : 49.00\u20ac<\/b>\n<br><br>\nISBN 978-2-919979-43-1\n<br><br>\n\n\n<\/p>\t\t\t\t<\/div>\n\t\t\t\t<\/div>\n\t\t\t\t\t<\/div>\n\t\t<\/div>\n\t\t\t\t<div class=\"elementor-column elementor-col-50 elementor-inner-column elementor-element elementor-element-6a777d4\" data-id=\"6a777d4\" data-element_type=\"column\">\n\t\t\t<div class=\"elementor-widget-wrap elementor-element-populated\">\n\t\t\t\t\t\t<div class=\"elementor-element elementor-element-977e2f9 elementor-widget elementor-widget-image\" data-id=\"977e2f9\" data-element_type=\"widget\" data-widget_type=\"image.default\">\n\t\t\t\t<div class=\"elementor-widget-container\">\n\t\t\t\t\t\t\t\t\t\t\t\t\t\t\t\t<a href=\"https:\/\/www.cludem.lu\/wp-content\/uploads\/2026\/04\/Cover-Schley.jpg\" data-elementor-open-lightbox=\"yes\" data-elementor-lightbox-title=\"Schley\" data-e-action-hash=\"#elementor-action%3Aaction%3Dlightbox%26settings%3DeyJpZCI6MjQ0MSwidXJsIjoiaHR0cHM6XC9cL3d3dy5jbHVkZW0ubHVcL3dwLWNvbnRlbnRcL3VwbG9hZHNcLzIwMjZcLzA0XC9Db3Zlci1TY2hsZXkuanBnIn0%3D\">\n\t\t\t\t\t\t\t<img loading=\"lazy\" decoding=\"async\" width=\"1012\" height=\"1536\" src=\"https:\/\/www.cludem.lu\/wp-content\/uploads\/2026\/04\/Cover-Schley-1012x1536.jpg\" class=\"attachment-1536x1536 size-1536x1536 wp-image-2441\" alt=\"\" srcset=\"https:\/\/www.cludem.lu\/wp-content\/uploads\/2026\/04\/Cover-Schley-1012x1536.jpg 1012w, https:\/\/www.cludem.lu\/wp-content\/uploads\/2026\/04\/Cover-Schley-198x300.jpg 198w, https:\/\/www.cludem.lu\/wp-content\/uploads\/2026\/04\/Cover-Schley-675x1024.jpg 675w, https:\/\/www.cludem.lu\/wp-content\/uploads\/2026\/04\/Cover-Schley-768x1166.jpg 768w, https:\/\/www.cludem.lu\/wp-content\/uploads\/2026\/04\/Cover-Schley-1349x2048.jpg 1349w, https:\/\/www.cludem.lu\/wp-content\/uploads\/2026\/04\/Cover-Schley-8x12.jpg 8w, https:\/\/www.cludem.lu\/wp-content\/uploads\/2026\/04\/Cover-Schley.jpg 1556w\" sizes=\"(max-width: 1012px) 100vw, 1012px\" \/>\t\t\t\t\t\t\t\t<\/a>\n\t\t\t\t\t\t\t\t\t\t\t\t\t\t\t<\/div>\n\t\t\t\t<\/div>\n\t\t\t\t\t<\/div>\n\t\t<\/div>\n\t\t\t\t\t<\/div>\n\t\t<\/section>\n\t\t\t\t\t<\/div>\n\t\t<\/div>\n\t\t\t\t\t<\/div>\n\t\t<\/section>\n\t\t\t\t<\/div>","protected":false},"excerpt":{"rendered":"<p>Publications du CLUDEM Tome 1 Schueberfouer 1340-1940. Untersuchungen zu Markt, Gewerbe und Stadt in Mittelalter und Neuzeit, hrg. v. Michel Pauly, Luxemburg 1990, 152 S. \u00e9puis\u00e9 ISBN 2-87963-106-8 Tome 2 [&hellip;]<\/p>","protected":false},"author":1,"featured_media":0,"parent":0,"menu_order":0,"comment_status":"closed","ping_status":"closed","template":"","meta":{"site-sidebar-layout":"no-sidebar","site-content-layout":"page-builder","ast-site-content-layout":"default","site-content-style":"default","site-sidebar-style":"default","ast-global-header-display":"","ast-banner-title-visibility":"","ast-main-header-display":"","ast-hfb-above-header-display":"","ast-hfb-below-header-display":"","ast-hfb-mobile-header-display":"","site-post-title":"disabled","ast-breadcrumbs-content":"","ast-featured-img":"disabled","footer-sml-layout":"","theme-transparent-header-meta":"","adv-header-id-meta":"","stick-header-meta":"","header-above-stick-meta":"","header-main-stick-meta":"","header-below-stick-meta":"","astra-migrate-meta-layouts":"default","ast-page-background-enabled":"default","ast-page-background-meta":{"desktop":{"background-color":"","background-image":"","background-repeat":"repeat","background-position":"center center","background-size":"auto","background-attachment":"scroll","background-type":"","background-media":"","overlay-type":"","overlay-color":"","overlay-opacity":"","overlay-gradient":""},"tablet":{"background-color":"","background-image":"","background-repeat":"repeat","background-position":"center center","background-size":"auto","background-attachment":"scroll","background-type":"","background-media":"","overlay-type":"","overlay-color":"","overlay-opacity":"","overlay-gradient":""},"mobile":{"background-color":"","background-image":"","background-repeat":"repeat","background-position":"center center","background-size":"auto","background-attachment":"scroll","background-type":"","background-media":"","overlay-type":"","overlay-color":"","overlay-opacity":"","overlay-gradient":""}},"ast-content-background-meta":{"desktop":{"background-color":"var(--ast-global-color-5)","background-image":"","background-repeat":"repeat","background-position":"center center","background-size":"auto","background-attachment":"scroll","background-type":"","background-media":"","overlay-type":"","overlay-color":"","overlay-opacity":"","overlay-gradient":""},"tablet":{"background-color":"var(--ast-global-color-5)","background-image":"","background-repeat":"repeat","background-position":"center center","background-size":"auto","background-attachment":"scroll","background-type":"","background-media":"","overlay-type":"","overlay-color":"","overlay-opacity":"","overlay-gradient":""},"mobile":{"background-color":"var(--ast-global-color-5)","background-image":"","background-repeat":"repeat","background-position":"center center","background-size":"auto","background-attachment":"scroll","background-type":"","background-media":"","overlay-type":"","overlay-color":"","overlay-opacity":"","overlay-gradient":""}},"footnotes":""},"class_list":["post-1279","page","type-page","status-publish","hentry"],"_links":{"self":[{"href":"https:\/\/www.cludem.lu\/de\/wp-json\/wp\/v2\/pages\/1279","targetHints":{"allow":["GET"]}}],"collection":[{"href":"https:\/\/www.cludem.lu\/de\/wp-json\/wp\/v2\/pages"}],"about":[{"href":"https:\/\/www.cludem.lu\/de\/wp-json\/wp\/v2\/types\/page"}],"author":[{"embeddable":true,"href":"https:\/\/www.cludem.lu\/de\/wp-json\/wp\/v2\/users\/1"}],"replies":[{"embeddable":true,"href":"https:\/\/www.cludem.lu\/de\/wp-json\/wp\/v2\/comments?post=1279"}],"version-history":[{"count":218,"href":"https:\/\/www.cludem.lu\/de\/wp-json\/wp\/v2\/pages\/1279\/revisions"}],"predecessor-version":[{"id":2451,"href":"https:\/\/www.cludem.lu\/de\/wp-json\/wp\/v2\/pages\/1279\/revisions\/2451"}],"wp:attachment":[{"href":"https:\/\/www.cludem.lu\/de\/wp-json\/wp\/v2\/media?parent=1279"}],"curies":[{"name":"wp","href":"https:\/\/api.w.org\/{rel}","templated":true}]}}